{"id":219,"date":"2021-07-15T07:56:12","date_gmt":"2021-07-15T07:56:12","guid":{"rendered":"https:\/\/nackenheim-im-nationalsozialismus.de\/?page_id=219"},"modified":"2022-09-13T18:57:07","modified_gmt":"2022-09-13T18:57:07","slug":"propaganda","status":"publish","type":"page","link":"https:\/\/nackenheim-im-nationalsozialismus.de\/?page_id=219","title":{"rendered":"Propaganda &#038; Terror"},"content":{"rendered":"\n<p class=\"has-text-align-center has-accent-color has-text-color\"><strong><strong>Ein Beitrag von Lehrer:innen des Gymnasiums Nackenheim<\/strong><\/strong><\/p>\n\n\n\n<h3 class=\"wp-block-heading\" id=\"i-ns-propaganda\"><strong>I. NS-Propaganda<\/strong><\/h3>\n\n\n\n<p class=\"has-drop-cap\">Propaganda entfaltete in vielf\u00e4ltigen Formen ihre Wirksamkeit. Von Kinofilmen \u00fcber Feste, Gro\u00dfkundgebungen oder Einladungen zum Eintopfessen &#8211; die Ansprache der &#8222;Volksgemeinschaft&#8220; erfolgte unter \u00fcber die Zeitung sowie \u00f6ffentliche Aush\u00e4nge. Aus der &#8222;Oppenheimer Landskrone&#8220; wird ersichtlich, dass f\u00fcr Nackenheimer:innen Kinobesuche in den &#8222;Niersteiner Rheinlichtspielen&#8220;, in den &#8222;Oppenheimer Lichtspielen&#8220; oder in Mainz m\u00f6glich war &#8211; h\u00e4ufig wurden dort NS-Propagandafilme gezeigt, die gezielt ideologische und politische Vorstellungen transportieren sollten. Auch organisierte die NSDAP f\u00fcr die Nackenheimer:innen Filmabende im \u00f6rtlichen Saalbau &#8222;Zum Schiff&#8220;, so etwa 1936. F\u00fcr Mitglieder der NSDAP war dabei eine Teilnahme Pflicht, aber auch allen anderen Nackenheimer:innen stand sie offen.  <\/p>\n\n\n<div class=\"wp-block-image\">\n<figure class=\"aligncenter size-large\"><img loading=\"lazy\" decoding=\"async\" width=\"1024\" height=\"769\" src=\"https:\/\/nackenheim-im-nationalsozialismus.de\/wp-content\/uploads\/2021\/07\/U-199-20-3-LA-Speyer_4-1024x769.jpg\" alt=\"\" class=\"wp-image-350\" srcset=\"https:\/\/nackenheim-im-nationalsozialismus.de\/wp-content\/uploads\/2021\/07\/U-199-20-3-LA-Speyer_4-1024x769.jpg 1024w, https:\/\/nackenheim-im-nationalsozialismus.de\/wp-content\/uploads\/2021\/07\/U-199-20-3-LA-Speyer_4-300x225.jpg 300w, https:\/\/nackenheim-im-nationalsozialismus.de\/wp-content\/uploads\/2021\/07\/U-199-20-3-LA-Speyer_4-768x577.jpg 768w, https:\/\/nackenheim-im-nationalsozialismus.de\/wp-content\/uploads\/2021\/07\/U-199-20-3-LA-Speyer_4-1536x1153.jpg 1536w, https:\/\/nackenheim-im-nationalsozialismus.de\/wp-content\/uploads\/2021\/07\/U-199-20-3-LA-Speyer_4-2048x1538.jpg 2048w, https:\/\/nackenheim-im-nationalsozialismus.de\/wp-content\/uploads\/2021\/07\/U-199-20-3-LA-Speyer_4-1200x901.jpg 1200w, https:\/\/nackenheim-im-nationalsozialismus.de\/wp-content\/uploads\/2021\/07\/U-199-20-3-LA-Speyer_4-1980x1487.jpg 1980w\" sizes=\"(max-width: 1024px) 100vw, 1024px\" \/><figcaption><strong>Quelle:<\/strong> LA Sp., Best. U199, 20<\/figcaption><\/figure><\/div>\n\n\n<p class=\"has-drop-cap\">Die Kreisleitung der NSDAP Mainz warb f\u00fcr ihre Gro\u00dfkundgebungen \u00fcber die Zeitungen gezielt auch in den Vororten sowie den einzelnen Landgemeinden, unter anderem auch in Nackenheim. Nicht un\u00fcblich war es, Festumz\u00fcge detailgenau anzuk\u00fcndigen, um einerseits die Einbindung der ortsans\u00e4ssigen Vereine und NS-Organisationen zu demonstrieren, andererseits aber auch, um m\u00f6glichst viele B\u00fcrger:innen zur Teilnahme zu motivieren und somit \u00d6ffentlichkeit zu schaffen.<\/p>\n\n\n<div class=\"wp-block-visual-portfolio alignfull\">\n<div class=\"vp-portfolio vp-uid-9e2fb4f7 vp-id-259TgK\"\n\tdata-vp-layout=\"masonry\" data-vp-content-source=\"images\" data-vp-items-style=\"fade\" data-vp-items-click-action=\"popup_gallery\" data-vp-items-gap=\"11\" data-vp-items-gap-vertical=\"\" data-vp-pagination=\"load-more\" data-vp-next-page-url=\"\" data-vp-masonry-columns=\"3\" >\n\t<div class=\"vp-portfolio__preloader-wrap\">\n\t\t<div class=\"vp-portfolio__preloader\">\n\t\t\t<img decoding=\"async\" loading=\"eager\" src=\"https:\/\/nackenheim-im-nationalsozialismus.de\/wp-content\/plugins\/visual-portfolio\/assets\/images\/logo-dark.svg\" alt=\"Visual Portfolio, Posts &amp; Image Gallery for WordPress\" width=\"20\" height=\"20\" data-skip-lazy>\n\t\t<\/div>\n\t<\/div>\n\t\t<div class=\"vp-portfolio__items-wrap\">\n\t\t\t\n<div class=\"vp-portfolio__items vp-portfolio__items-style-fade vp-portfolio__items-show-overlay-hover\">\n\n\t\t<div\t\tclass=\"vp-portfolio__item-wrap vp-portfolio__item-uid-e3b80e96\" data-vp-filter=\"\" \t\t>\n\t\t\t<template class=\"vp-portfolio__item-popup\" data-vp-popup-img=\"https:\/\/nackenheim-im-nationalsozialismus.de\/wp-content\/uploads\/2022\/01\/Bildschirmfoto-2022-01-02-um-02.12.59.png\" data-vp-popup-img-srcset=\"https:\/\/nackenheim-im-nationalsozialismus.de\/wp-content\/uploads\/2022\/01\/Bildschirmfoto-2022-01-02-um-02.12.59.png 764w, https:\/\/nackenheim-im-nationalsozialismus.de\/wp-content\/uploads\/2022\/01\/Bildschirmfoto-2022-01-02-um-02.12.59-130x300.png 130w, https:\/\/nackenheim-im-nationalsozialismus.de\/wp-content\/uploads\/2022\/01\/Bildschirmfoto-2022-01-02-um-02.12.59-444x1024.png 444w, https:\/\/nackenheim-im-nationalsozialismus.de\/wp-content\/uploads\/2022\/01\/Bildschirmfoto-2022-01-02-um-02.12.59-666x1536.png 666w, https:\/\/nackenheim-im-nationalsozialismus.de\/wp-content\/uploads\/2022\/01\/Bildschirmfoto-2022-01-02-um-02.12.59-500x1153.png 500w\" data-vp-popup-img-size=\"764x1762\" data-vp-popup-md-img=\"https:\/\/nackenheim-im-nationalsozialismus.de\/wp-content\/uploads\/2022\/01\/Bildschirmfoto-2022-01-02-um-02.12.59.png\" data-vp-popup-md-img-size=\"764x1762\" data-vp-popup-sm-img=\"https:\/\/nackenheim-im-nationalsozialismus.de\/wp-content\/uploads\/2022\/01\/Bildschirmfoto-2022-01-02-um-02.12.59-500x1153.png\" data-vp-popup-sm-img-size=\"500x1153\">\n\t\t\t<h3 class=\"vp-portfolio__item-popup-title\">Oppenheimer Landskrone, 15. Juli 1933<\/h3>\n\t\t<\/template>\n\t\t\t\t\t\t<figure class=\"vp-portfolio__item\">\n\t\t\t\t\n<div class=\"vp-portfolio__item-img-wrap\">\n\t<div class=\"vp-portfolio__item-img\">\n\t\t\t<a\n\t\thref=\"https:\/\/nackenheim-im-nationalsozialismus.de\/wp-content\/uploads\/2022\/01\/Bildschirmfoto-2022-01-02-um-02.12.59.png\"\n\t\t\t>\n\t\n\t\t<noscript><img loading=\"lazy\" decoding=\"async\" width=\"764\" height=\"1762\" data-skip-lazy src=\"https:\/\/nackenheim-im-nationalsozialismus.de\/wp-content\/uploads\/2022\/01\/Bildschirmfoto-2022-01-02-um-02.12.59.png\" class=\"wp-image-1997\" alt=\"\" srcset=\"https:\/\/nackenheim-im-nationalsozialismus.de\/wp-content\/uploads\/2022\/01\/Bildschirmfoto-2022-01-02-um-02.12.59.png 764w, https:\/\/nackenheim-im-nationalsozialismus.de\/wp-content\/uploads\/2022\/01\/Bildschirmfoto-2022-01-02-um-02.12.59-130x300.png 130w, https:\/\/nackenheim-im-nationalsozialismus.de\/wp-content\/uploads\/2022\/01\/Bildschirmfoto-2022-01-02-um-02.12.59-444x1024.png 444w, https:\/\/nackenheim-im-nationalsozialismus.de\/wp-content\/uploads\/2022\/01\/Bildschirmfoto-2022-01-02-um-02.12.59-666x1536.png 666w, https:\/\/nackenheim-im-nationalsozialismus.de\/wp-content\/uploads\/2022\/01\/Bildschirmfoto-2022-01-02-um-02.12.59-500x1153.png 500w\" sizes=\"(max-width: 764px) 100vw, 764px\" \/><\/noscript><img fetchpriority=\"high\" decoding=\"async\" width=\"764\" height=\"1762\" src=\"https:\/\/nackenheim-im-nationalsozialismus.de\/wp-content\/uploads\/2022\/01\/Bildschirmfoto-2022-01-02-um-02.12.59.png\" class=\"wp-image-1997 vp-lazyload\" alt srcset=\"data:image\/svg+xml;base64,PHN2ZyB3aWR0aD0iNzY0IiBoZWlnaHQ9IjE3NjIiIHZpZXdCb3g9IjAgMCA3NjQgMTc2MiIgZmlsbD0ibm9uZSIgeG1sbnM9Imh0dHA6Ly93d3cudzMub3JnLzIwMDAvc3ZnIj48L3N2Zz4=\" data-src=\"https:\/\/nackenheim-im-nationalsozialismus.de\/wp-content\/uploads\/2022\/01\/Bildschirmfoto-2022-01-02-um-02.12.59.png\" data-srcset=\"https:\/\/nackenheim-im-nationalsozialismus.de\/wp-content\/uploads\/2022\/01\/Bildschirmfoto-2022-01-02-um-02.12.59.png 764w, https:\/\/nackenheim-im-nationalsozialismus.de\/wp-content\/uploads\/2022\/01\/Bildschirmfoto-2022-01-02-um-02.12.59-130x300.png 130w, https:\/\/nackenheim-im-nationalsozialismus.de\/wp-content\/uploads\/2022\/01\/Bildschirmfoto-2022-01-02-um-02.12.59-444x1024.png 444w, https:\/\/nackenheim-im-nationalsozialismus.de\/wp-content\/uploads\/2022\/01\/Bildschirmfoto-2022-01-02-um-02.12.59-666x1536.png 666w, https:\/\/nackenheim-im-nationalsozialismus.de\/wp-content\/uploads\/2022\/01\/Bildschirmfoto-2022-01-02-um-02.12.59-500x1153.png 500w\" data-sizes=\"auto\" loading=\"eager\">\n\t\t<\/a>\t<\/div>\n<\/div>\n\t<figcaption class=\"vp-portfolio__item-overlay vp-portfolio__item-overlay-text-align-center\">\n\t\t<div class=\"vp-portfolio__item-meta-wrap vp-portfolio__custom-scrollbar\">\n\t\t\t\t<a\n\t\thref=\"https:\/\/nackenheim-im-nationalsozialismus.de\/wp-content\/uploads\/2022\/01\/Bildschirmfoto-2022-01-02-um-02.12.59.png\"\n\t\ttabindex=\"-1\" class=\"vp-portfolio__item-meta\" \t>\n\t\n<h2 class=\"vp-portfolio__item-meta-title\">\n\tOppenheimer Landskrone, 15. Juli 1933<\/h2>\n<\/a>\t\t<\/div>\n\t<\/figcaption>\n\t\t\t<\/figure>\n\t\t\t\t\t<\/div>\n\t\t\n\t\t<div\t\tclass=\"vp-portfolio__item-wrap vp-portfolio__item-uid-a9df17b0\" data-vp-filter=\"\" \t\t>\n\t\t\t<template class=\"vp-portfolio__item-popup\" data-vp-popup-img=\"https:\/\/nackenheim-im-nationalsozialismus.de\/wp-content\/uploads\/2022\/01\/Bildschirmfoto-2022-01-02-um-02.13.49.png\" data-vp-popup-img-srcset=\"https:\/\/nackenheim-im-nationalsozialismus.de\/wp-content\/uploads\/2022\/01\/Bildschirmfoto-2022-01-02-um-02.13.49.png 939w, https:\/\/nackenheim-im-nationalsozialismus.de\/wp-content\/uploads\/2022\/01\/Bildschirmfoto-2022-01-02-um-02.13.49-159x300.png 159w, https:\/\/nackenheim-im-nationalsozialismus.de\/wp-content\/uploads\/2022\/01\/Bildschirmfoto-2022-01-02-um-02.13.49-544x1024.png 544w, https:\/\/nackenheim-im-nationalsozialismus.de\/wp-content\/uploads\/2022\/01\/Bildschirmfoto-2022-01-02-um-02.13.49-768x1446.png 768w, https:\/\/nackenheim-im-nationalsozialismus.de\/wp-content\/uploads\/2022\/01\/Bildschirmfoto-2022-01-02-um-02.13.49-816x1536.png 816w, https:\/\/nackenheim-im-nationalsozialismus.de\/wp-content\/uploads\/2022\/01\/Bildschirmfoto-2022-01-02-um-02.13.49-500x941.png 500w, https:\/\/nackenheim-im-nationalsozialismus.de\/wp-content\/uploads\/2022\/01\/Bildschirmfoto-2022-01-02-um-02.13.49-800x1506.png 800w\" data-vp-popup-img-size=\"939x1768\" data-vp-popup-md-img=\"https:\/\/nackenheim-im-nationalsozialismus.de\/wp-content\/uploads\/2022\/01\/Bildschirmfoto-2022-01-02-um-02.13.49-800x1506.png\" data-vp-popup-md-img-size=\"800x1506\" data-vp-popup-sm-img=\"https:\/\/nackenheim-im-nationalsozialismus.de\/wp-content\/uploads\/2022\/01\/Bildschirmfoto-2022-01-02-um-02.13.49-500x941.png\" data-vp-popup-sm-img-size=\"500x941\">\n\t\t\t<h3 class=\"vp-portfolio__item-popup-title\">Oppenheimer Landskrone, 22. Juni 1933<\/h3>\n\t\t<\/template>\n\t\t\t\t\t\t<figure class=\"vp-portfolio__item\">\n\t\t\t\t\n<div class=\"vp-portfolio__item-img-wrap\">\n\t<div class=\"vp-portfolio__item-img\">\n\t\t\t<a\n\t\thref=\"https:\/\/nackenheim-im-nationalsozialismus.de\/wp-content\/uploads\/2022\/01\/Bildschirmfoto-2022-01-02-um-02.13.49.png\"\n\t\t\t>\n\t\n\t\t<noscript><img loading=\"lazy\" decoding=\"async\" width=\"939\" height=\"1768\" data-skip-lazy src=\"https:\/\/nackenheim-im-nationalsozialismus.de\/wp-content\/uploads\/2022\/01\/Bildschirmfoto-2022-01-02-um-02.13.49.png\" class=\"wp-image-1996\" alt=\"\" srcset=\"https:\/\/nackenheim-im-nationalsozialismus.de\/wp-content\/uploads\/2022\/01\/Bildschirmfoto-2022-01-02-um-02.13.49.png 939w, https:\/\/nackenheim-im-nationalsozialismus.de\/wp-content\/uploads\/2022\/01\/Bildschirmfoto-2022-01-02-um-02.13.49-159x300.png 159w, https:\/\/nackenheim-im-nationalsozialismus.de\/wp-content\/uploads\/2022\/01\/Bildschirmfoto-2022-01-02-um-02.13.49-544x1024.png 544w, https:\/\/nackenheim-im-nationalsozialismus.de\/wp-content\/uploads\/2022\/01\/Bildschirmfoto-2022-01-02-um-02.13.49-768x1446.png 768w, https:\/\/nackenheim-im-nationalsozialismus.de\/wp-content\/uploads\/2022\/01\/Bildschirmfoto-2022-01-02-um-02.13.49-816x1536.png 816w, https:\/\/nackenheim-im-nationalsozialismus.de\/wp-content\/uploads\/2022\/01\/Bildschirmfoto-2022-01-02-um-02.13.49-500x941.png 500w, https:\/\/nackenheim-im-nationalsozialismus.de\/wp-content\/uploads\/2022\/01\/Bildschirmfoto-2022-01-02-um-02.13.49-800x1506.png 800w\" sizes=\"(max-width: 939px) 100vw, 939px\" \/><\/noscript><img decoding=\"async\" width=\"939\" height=\"1768\" src=\"https:\/\/nackenheim-im-nationalsozialismus.de\/wp-content\/uploads\/2022\/01\/Bildschirmfoto-2022-01-02-um-02.13.49.png\" class=\"wp-image-1996 vp-lazyload\" alt srcset=\"data:image\/svg+xml;base64,PHN2ZyB3aWR0aD0iOTM5IiBoZWlnaHQ9IjE3NjgiIHZpZXdCb3g9IjAgMCA5MzkgMTc2OCIgZmlsbD0ibm9uZSIgeG1sbnM9Imh0dHA6Ly93d3cudzMub3JnLzIwMDAvc3ZnIj48L3N2Zz4=\" data-src=\"https:\/\/nackenheim-im-nationalsozialismus.de\/wp-content\/uploads\/2022\/01\/Bildschirmfoto-2022-01-02-um-02.13.49.png\" data-srcset=\"https:\/\/nackenheim-im-nationalsozialismus.de\/wp-content\/uploads\/2022\/01\/Bildschirmfoto-2022-01-02-um-02.13.49.png 939w, https:\/\/nackenheim-im-nationalsozialismus.de\/wp-content\/uploads\/2022\/01\/Bildschirmfoto-2022-01-02-um-02.13.49-159x300.png 159w, https:\/\/nackenheim-im-nationalsozialismus.de\/wp-content\/uploads\/2022\/01\/Bildschirmfoto-2022-01-02-um-02.13.49-544x1024.png 544w, https:\/\/nackenheim-im-nationalsozialismus.de\/wp-content\/uploads\/2022\/01\/Bildschirmfoto-2022-01-02-um-02.13.49-768x1446.png 768w, https:\/\/nackenheim-im-nationalsozialismus.de\/wp-content\/uploads\/2022\/01\/Bildschirmfoto-2022-01-02-um-02.13.49-816x1536.png 816w, https:\/\/nackenheim-im-nationalsozialismus.de\/wp-content\/uploads\/2022\/01\/Bildschirmfoto-2022-01-02-um-02.13.49-500x941.png 500w, https:\/\/nackenheim-im-nationalsozialismus.de\/wp-content\/uploads\/2022\/01\/Bildschirmfoto-2022-01-02-um-02.13.49-800x1506.png 800w\" data-sizes=\"auto\" loading=\"eager\">\n\t\t<\/a>\t<\/div>\n<\/div>\n\t<figcaption class=\"vp-portfolio__item-overlay vp-portfolio__item-overlay-text-align-center\">\n\t\t<div class=\"vp-portfolio__item-meta-wrap vp-portfolio__custom-scrollbar\">\n\t\t\t\t<a\n\t\thref=\"https:\/\/nackenheim-im-nationalsozialismus.de\/wp-content\/uploads\/2022\/01\/Bildschirmfoto-2022-01-02-um-02.13.49.png\"\n\t\ttabindex=\"-1\" class=\"vp-portfolio__item-meta\" \t>\n\t\n<h2 class=\"vp-portfolio__item-meta-title\">\n\tOppenheimer Landskrone, 22. Juni 1933<\/h2>\n<\/a>\t\t<\/div>\n\t<\/figcaption>\n\t\t\t<\/figure>\n\t\t\t\t\t<\/div>\n\t\t\n\t\t<div\t\tclass=\"vp-portfolio__item-wrap vp-portfolio__item-uid-77763cda\" data-vp-filter=\"\" \t\t>\n\t\t\t<template class=\"vp-portfolio__item-popup\" data-vp-popup-img=\"https:\/\/nackenheim-im-nationalsozialismus.de\/wp-content\/uploads\/2022\/01\/Bildschirmfoto-2022-01-02-um-02.14.04.png\" data-vp-popup-img-srcset=\"https:\/\/nackenheim-im-nationalsozialismus.de\/wp-content\/uploads\/2022\/01\/Bildschirmfoto-2022-01-02-um-02.14.04.png 970w, https:\/\/nackenheim-im-nationalsozialismus.de\/wp-content\/uploads\/2022\/01\/Bildschirmfoto-2022-01-02-um-02.14.04-169x300.png 169w, https:\/\/nackenheim-im-nationalsozialismus.de\/wp-content\/uploads\/2022\/01\/Bildschirmfoto-2022-01-02-um-02.14.04-575x1024.png 575w, https:\/\/nackenheim-im-nationalsozialismus.de\/wp-content\/uploads\/2022\/01\/Bildschirmfoto-2022-01-02-um-02.14.04-768x1367.png 768w, https:\/\/nackenheim-im-nationalsozialismus.de\/wp-content\/uploads\/2022\/01\/Bildschirmfoto-2022-01-02-um-02.14.04-863x1536.png 863w, https:\/\/nackenheim-im-nationalsozialismus.de\/wp-content\/uploads\/2022\/01\/Bildschirmfoto-2022-01-02-um-02.14.04-500x890.png 500w, https:\/\/nackenheim-im-nationalsozialismus.de\/wp-content\/uploads\/2022\/01\/Bildschirmfoto-2022-01-02-um-02.14.04-800x1424.png 800w\" data-vp-popup-img-size=\"970x1727\" data-vp-popup-md-img=\"https:\/\/nackenheim-im-nationalsozialismus.de\/wp-content\/uploads\/2022\/01\/Bildschirmfoto-2022-01-02-um-02.14.04-800x1424.png\" data-vp-popup-md-img-size=\"800x1424\" data-vp-popup-sm-img=\"https:\/\/nackenheim-im-nationalsozialismus.de\/wp-content\/uploads\/2022\/01\/Bildschirmfoto-2022-01-02-um-02.14.04-500x890.png\" data-vp-popup-sm-img-size=\"500x890\">\n\t\t\t<h3 class=\"vp-portfolio__item-popup-title\">Oppenheimer Landskrone, 23. Juni 1933<\/h3>\n\t\t<\/template>\n\t\t\t\t\t\t<figure class=\"vp-portfolio__item\">\n\t\t\t\t\n<div class=\"vp-portfolio__item-img-wrap\">\n\t<div class=\"vp-portfolio__item-img\">\n\t\t\t<a\n\t\thref=\"https:\/\/nackenheim-im-nationalsozialismus.de\/wp-content\/uploads\/2022\/01\/Bildschirmfoto-2022-01-02-um-02.14.04.png\"\n\t\t\t>\n\t\n\t\t<noscript><img loading=\"lazy\" decoding=\"async\" width=\"970\" height=\"1727\" data-skip-lazy src=\"https:\/\/nackenheim-im-nationalsozialismus.de\/wp-content\/uploads\/2022\/01\/Bildschirmfoto-2022-01-02-um-02.14.04.png\" class=\"wp-image-1995\" alt=\"\" srcset=\"https:\/\/nackenheim-im-nationalsozialismus.de\/wp-content\/uploads\/2022\/01\/Bildschirmfoto-2022-01-02-um-02.14.04.png 970w, https:\/\/nackenheim-im-nationalsozialismus.de\/wp-content\/uploads\/2022\/01\/Bildschirmfoto-2022-01-02-um-02.14.04-169x300.png 169w, https:\/\/nackenheim-im-nationalsozialismus.de\/wp-content\/uploads\/2022\/01\/Bildschirmfoto-2022-01-02-um-02.14.04-575x1024.png 575w, https:\/\/nackenheim-im-nationalsozialismus.de\/wp-content\/uploads\/2022\/01\/Bildschirmfoto-2022-01-02-um-02.14.04-768x1367.png 768w, https:\/\/nackenheim-im-nationalsozialismus.de\/wp-content\/uploads\/2022\/01\/Bildschirmfoto-2022-01-02-um-02.14.04-863x1536.png 863w, https:\/\/nackenheim-im-nationalsozialismus.de\/wp-content\/uploads\/2022\/01\/Bildschirmfoto-2022-01-02-um-02.14.04-500x890.png 500w, https:\/\/nackenheim-im-nationalsozialismus.de\/wp-content\/uploads\/2022\/01\/Bildschirmfoto-2022-01-02-um-02.14.04-800x1424.png 800w\" sizes=\"(max-width: 970px) 100vw, 970px\" \/><\/noscript><img decoding=\"async\" width=\"970\" height=\"1727\" src=\"https:\/\/nackenheim-im-nationalsozialismus.de\/wp-content\/uploads\/2022\/01\/Bildschirmfoto-2022-01-02-um-02.14.04.png\" class=\"wp-image-1995 vp-lazyload\" alt srcset=\"data:image\/svg+xml;base64,PHN2ZyB3aWR0aD0iOTcwIiBoZWlnaHQ9IjE3MjciIHZpZXdCb3g9IjAgMCA5NzAgMTcyNyIgZmlsbD0ibm9uZSIgeG1sbnM9Imh0dHA6Ly93d3cudzMub3JnLzIwMDAvc3ZnIj48L3N2Zz4=\" data-src=\"https:\/\/nackenheim-im-nationalsozialismus.de\/wp-content\/uploads\/2022\/01\/Bildschirmfoto-2022-01-02-um-02.14.04.png\" data-srcset=\"https:\/\/nackenheim-im-nationalsozialismus.de\/wp-content\/uploads\/2022\/01\/Bildschirmfoto-2022-01-02-um-02.14.04.png 970w, https:\/\/nackenheim-im-nationalsozialismus.de\/wp-content\/uploads\/2022\/01\/Bildschirmfoto-2022-01-02-um-02.14.04-169x300.png 169w, https:\/\/nackenheim-im-nationalsozialismus.de\/wp-content\/uploads\/2022\/01\/Bildschirmfoto-2022-01-02-um-02.14.04-575x1024.png 575w, https:\/\/nackenheim-im-nationalsozialismus.de\/wp-content\/uploads\/2022\/01\/Bildschirmfoto-2022-01-02-um-02.14.04-768x1367.png 768w, https:\/\/nackenheim-im-nationalsozialismus.de\/wp-content\/uploads\/2022\/01\/Bildschirmfoto-2022-01-02-um-02.14.04-863x1536.png 863w, https:\/\/nackenheim-im-nationalsozialismus.de\/wp-content\/uploads\/2022\/01\/Bildschirmfoto-2022-01-02-um-02.14.04-500x890.png 500w, https:\/\/nackenheim-im-nationalsozialismus.de\/wp-content\/uploads\/2022\/01\/Bildschirmfoto-2022-01-02-um-02.14.04-800x1424.png 800w\" data-sizes=\"auto\" loading=\"eager\">\n\t\t<\/a>\t<\/div>\n<\/div>\n\t<figcaption class=\"vp-portfolio__item-overlay vp-portfolio__item-overlay-text-align-center\">\n\t\t<div class=\"vp-portfolio__item-meta-wrap vp-portfolio__custom-scrollbar\">\n\t\t\t\t<a\n\t\thref=\"https:\/\/nackenheim-im-nationalsozialismus.de\/wp-content\/uploads\/2022\/01\/Bildschirmfoto-2022-01-02-um-02.14.04.png\"\n\t\ttabindex=\"-1\" class=\"vp-portfolio__item-meta\" \t>\n\t\n<h2 class=\"vp-portfolio__item-meta-title\">\n\tOppenheimer Landskrone, 23. Juni 1933<\/h2>\n<\/a>\t\t<\/div>\n\t<\/figcaption>\n\t\t\t<\/figure>\n\t\t\t\t\t<\/div>\n\t\t\n\t\t<div\t\tclass=\"vp-portfolio__item-wrap vp-portfolio__item-uid-3d1125fc\" data-vp-filter=\"\" \t\t>\n\t\t\t<template class=\"vp-portfolio__item-popup\" data-vp-popup-img=\"https:\/\/nackenheim-im-nationalsozialismus.de\/wp-content\/uploads\/2022\/01\/29.04.1933-Tag-der-Arbeit-landskeone_1.jpg\" data-vp-popup-img-srcset=\"https:\/\/nackenheim-im-nationalsozialismus.de\/wp-content\/uploads\/2022\/01\/29.04.1933-Tag-der-Arbeit-landskeone_1.jpg 1664w, https:\/\/nackenheim-im-nationalsozialismus.de\/wp-content\/uploads\/2022\/01\/29.04.1933-Tag-der-Arbeit-landskeone_1-300x190.jpg 300w, https:\/\/nackenheim-im-nationalsozialismus.de\/wp-content\/uploads\/2022\/01\/29.04.1933-Tag-der-Arbeit-landskeone_1-1024x650.jpg 1024w, https:\/\/nackenheim-im-nationalsozialismus.de\/wp-content\/uploads\/2022\/01\/29.04.1933-Tag-der-Arbeit-landskeone_1-768x487.jpg 768w, https:\/\/nackenheim-im-nationalsozialismus.de\/wp-content\/uploads\/2022\/01\/29.04.1933-Tag-der-Arbeit-landskeone_1-1536x975.jpg 1536w, https:\/\/nackenheim-im-nationalsozialismus.de\/wp-content\/uploads\/2022\/01\/29.04.1933-Tag-der-Arbeit-landskeone_1-500x317.jpg 500w, https:\/\/nackenheim-im-nationalsozialismus.de\/wp-content\/uploads\/2022\/01\/29.04.1933-Tag-der-Arbeit-landskeone_1-800x508.jpg 800w, https:\/\/nackenheim-im-nationalsozialismus.de\/wp-content\/uploads\/2022\/01\/29.04.1933-Tag-der-Arbeit-landskeone_1-1280x812.jpg 1280w, https:\/\/nackenheim-im-nationalsozialismus.de\/wp-content\/uploads\/2022\/01\/29.04.1933-Tag-der-Arbeit-landskeone_1-1200x762.jpg 1200w\" data-vp-popup-img-size=\"1664x1056\" data-vp-popup-md-img=\"https:\/\/nackenheim-im-nationalsozialismus.de\/wp-content\/uploads\/2022\/01\/29.04.1933-Tag-der-Arbeit-landskeone_1-800x508.jpg\" data-vp-popup-md-img-size=\"800x508\" data-vp-popup-sm-img=\"https:\/\/nackenheim-im-nationalsozialismus.de\/wp-content\/uploads\/2022\/01\/29.04.1933-Tag-der-Arbeit-landskeone_1-500x317.jpg\" data-vp-popup-sm-img-size=\"500x317\">\n\t\t\t<h3 class=\"vp-portfolio__item-popup-title\">Oppenheimer Landskrone, 29. April 1933<\/h3>\n\t\t<\/template>\n\t\t\t\t\t\t<figure class=\"vp-portfolio__item\">\n\t\t\t\t\n<div class=\"vp-portfolio__item-img-wrap\">\n\t<div class=\"vp-portfolio__item-img\">\n\t\t\t<a\n\t\thref=\"https:\/\/nackenheim-im-nationalsozialismus.de\/wp-content\/uploads\/2022\/01\/29.04.1933-Tag-der-Arbeit-landskeone_1.jpg\"\n\t\t\t>\n\t\n\t\t<noscript><img loading=\"lazy\" decoding=\"async\" width=\"1664\" height=\"1056\" data-skip-lazy src=\"https:\/\/nackenheim-im-nationalsozialismus.de\/wp-content\/uploads\/2022\/01\/29.04.1933-Tag-der-Arbeit-landskeone_1.jpg\" class=\"wp-image-1994\" alt=\"\" srcset=\"https:\/\/nackenheim-im-nationalsozialismus.de\/wp-content\/uploads\/2022\/01\/29.04.1933-Tag-der-Arbeit-landskeone_1.jpg 1664w, https:\/\/nackenheim-im-nationalsozialismus.de\/wp-content\/uploads\/2022\/01\/29.04.1933-Tag-der-Arbeit-landskeone_1-300x190.jpg 300w, https:\/\/nackenheim-im-nationalsozialismus.de\/wp-content\/uploads\/2022\/01\/29.04.1933-Tag-der-Arbeit-landskeone_1-1024x650.jpg 1024w, https:\/\/nackenheim-im-nationalsozialismus.de\/wp-content\/uploads\/2022\/01\/29.04.1933-Tag-der-Arbeit-landskeone_1-768x487.jpg 768w, https:\/\/nackenheim-im-nationalsozialismus.de\/wp-content\/uploads\/2022\/01\/29.04.1933-Tag-der-Arbeit-landskeone_1-1536x975.jpg 1536w, https:\/\/nackenheim-im-nationalsozialismus.de\/wp-content\/uploads\/2022\/01\/29.04.1933-Tag-der-Arbeit-landskeone_1-500x317.jpg 500w, https:\/\/nackenheim-im-nationalsozialismus.de\/wp-content\/uploads\/2022\/01\/29.04.1933-Tag-der-Arbeit-landskeone_1-800x508.jpg 800w, https:\/\/nackenheim-im-nationalsozialismus.de\/wp-content\/uploads\/2022\/01\/29.04.1933-Tag-der-Arbeit-landskeone_1-1280x812.jpg 1280w, https:\/\/nackenheim-im-nationalsozialismus.de\/wp-content\/uploads\/2022\/01\/29.04.1933-Tag-der-Arbeit-landskeone_1-1200x762.jpg 1200w\" sizes=\"(max-width: 1664px) 100vw, 1664px\" \/><\/noscript><img decoding=\"async\" width=\"1664\" height=\"1056\" src=\"https:\/\/nackenheim-im-nationalsozialismus.de\/wp-content\/uploads\/2022\/01\/29.04.1933-Tag-der-Arbeit-landskeone_1.jpg\" class=\"wp-image-1994 vp-lazyload\" alt srcset=\"data:image\/svg+xml;base64,PHN2ZyB3aWR0aD0iMTY2NCIgaGVpZ2h0PSIxMDU2IiB2aWV3Qm94PSIwIDAgMTY2NCAxMDU2IiBmaWxsPSJub25lIiB4bWxucz0iaHR0cDovL3d3dy53My5vcmcvMjAwMC9zdmciPjwvc3ZnPg==\" data-src=\"https:\/\/nackenheim-im-nationalsozialismus.de\/wp-content\/uploads\/2022\/01\/29.04.1933-Tag-der-Arbeit-landskeone_1.jpg\" data-srcset=\"https:\/\/nackenheim-im-nationalsozialismus.de\/wp-content\/uploads\/2022\/01\/29.04.1933-Tag-der-Arbeit-landskeone_1.jpg 1664w, https:\/\/nackenheim-im-nationalsozialismus.de\/wp-content\/uploads\/2022\/01\/29.04.1933-Tag-der-Arbeit-landskeone_1-300x190.jpg 300w, https:\/\/nackenheim-im-nationalsozialismus.de\/wp-content\/uploads\/2022\/01\/29.04.1933-Tag-der-Arbeit-landskeone_1-1024x650.jpg 1024w, https:\/\/nackenheim-im-nationalsozialismus.de\/wp-content\/uploads\/2022\/01\/29.04.1933-Tag-der-Arbeit-landskeone_1-768x487.jpg 768w, https:\/\/nackenheim-im-nationalsozialismus.de\/wp-content\/uploads\/2022\/01\/29.04.1933-Tag-der-Arbeit-landskeone_1-1536x975.jpg 1536w, https:\/\/nackenheim-im-nationalsozialismus.de\/wp-content\/uploads\/2022\/01\/29.04.1933-Tag-der-Arbeit-landskeone_1-500x317.jpg 500w, https:\/\/nackenheim-im-nationalsozialismus.de\/wp-content\/uploads\/2022\/01\/29.04.1933-Tag-der-Arbeit-landskeone_1-800x508.jpg 800w, https:\/\/nackenheim-im-nationalsozialismus.de\/wp-content\/uploads\/2022\/01\/29.04.1933-Tag-der-Arbeit-landskeone_1-1280x812.jpg 1280w, https:\/\/nackenheim-im-nationalsozialismus.de\/wp-content\/uploads\/2022\/01\/29.04.1933-Tag-der-Arbeit-landskeone_1-1200x762.jpg 1200w\" data-sizes=\"auto\" loading=\"eager\">\n\t\t<\/a>\t<\/div>\n<\/div>\n\t<figcaption class=\"vp-portfolio__item-overlay vp-portfolio__item-overlay-text-align-center\">\n\t\t<div class=\"vp-portfolio__item-meta-wrap vp-portfolio__custom-scrollbar\">\n\t\t\t\t<a\n\t\thref=\"https:\/\/nackenheim-im-nationalsozialismus.de\/wp-content\/uploads\/2022\/01\/29.04.1933-Tag-der-Arbeit-landskeone_1.jpg\"\n\t\ttabindex=\"-1\" class=\"vp-portfolio__item-meta\" \t>\n\t\n<h2 class=\"vp-portfolio__item-meta-title\">\n\tOppenheimer Landskrone, 29. April 1933<\/h2>\n<\/a>\t\t<\/div>\n\t<\/figcaption>\n\t\t\t<\/figure>\n\t\t\t\t\t<\/div>\n\t\t\n\t\t<div\t\tclass=\"vp-portfolio__item-wrap vp-portfolio__item-uid-11556c4f\" data-vp-filter=\"\" \t\t>\n\t\t\t<template class=\"vp-portfolio__item-popup\" data-vp-popup-img=\"https:\/\/nackenheim-im-nationalsozialismus.de\/wp-content\/uploads\/2022\/01\/15.03.1933-landskrone-propaganda_1.jpg\" data-vp-popup-img-srcset=\"https:\/\/nackenheim-im-nationalsozialismus.de\/wp-content\/uploads\/2022\/01\/15.03.1933-landskrone-propaganda_1.jpg 1728w, https:\/\/nackenheim-im-nationalsozialismus.de\/wp-content\/uploads\/2022\/01\/15.03.1933-landskrone-propaganda_1-300x239.jpg 300w, https:\/\/nackenheim-im-nationalsozialismus.de\/wp-content\/uploads\/2022\/01\/15.03.1933-landskrone-propaganda_1-1024x815.jpg 1024w, https:\/\/nackenheim-im-nationalsozialismus.de\/wp-content\/uploads\/2022\/01\/15.03.1933-landskrone-propaganda_1-768x612.jpg 768w, https:\/\/nackenheim-im-nationalsozialismus.de\/wp-content\/uploads\/2022\/01\/15.03.1933-landskrone-propaganda_1-1536x1223.jpg 1536w, https:\/\/nackenheim-im-nationalsozialismus.de\/wp-content\/uploads\/2022\/01\/15.03.1933-landskrone-propaganda_1-500x398.jpg 500w, https:\/\/nackenheim-im-nationalsozialismus.de\/wp-content\/uploads\/2022\/01\/15.03.1933-landskrone-propaganda_1-800x637.jpg 800w, https:\/\/nackenheim-im-nationalsozialismus.de\/wp-content\/uploads\/2022\/01\/15.03.1933-landskrone-propaganda_1-1280x1019.jpg 1280w, https:\/\/nackenheim-im-nationalsozialismus.de\/wp-content\/uploads\/2022\/01\/15.03.1933-landskrone-propaganda_1-1200x956.jpg 1200w\" data-vp-popup-img-size=\"1728x1376\" data-vp-popup-md-img=\"https:\/\/nackenheim-im-nationalsozialismus.de\/wp-content\/uploads\/2022\/01\/15.03.1933-landskrone-propaganda_1-800x637.jpg\" data-vp-popup-md-img-size=\"800x637\" data-vp-popup-sm-img=\"https:\/\/nackenheim-im-nationalsozialismus.de\/wp-content\/uploads\/2022\/01\/15.03.1933-landskrone-propaganda_1-500x398.jpg\" data-vp-popup-sm-img-size=\"500x398\">\n\t\t\t<h3 class=\"vp-portfolio__item-popup-title\">Oppenheimer Landskrone, 15. M\u00e4rz 1933<\/h3>\n\t\t<\/template>\n\t\t\t\t\t\t<figure class=\"vp-portfolio__item\">\n\t\t\t\t\n<div class=\"vp-portfolio__item-img-wrap\">\n\t<div class=\"vp-portfolio__item-img\">\n\t\t\t<a\n\t\thref=\"https:\/\/nackenheim-im-nationalsozialismus.de\/wp-content\/uploads\/2022\/01\/15.03.1933-landskrone-propaganda_1.jpg\"\n\t\t\t>\n\t\n\t\t<noscript><img loading=\"lazy\" decoding=\"async\" width=\"1728\" height=\"1376\" data-skip-lazy src=\"https:\/\/nackenheim-im-nationalsozialismus.de\/wp-content\/uploads\/2022\/01\/15.03.1933-landskrone-propaganda_1.jpg\" class=\"wp-image-1993\" alt=\"\" srcset=\"https:\/\/nackenheim-im-nationalsozialismus.de\/wp-content\/uploads\/2022\/01\/15.03.1933-landskrone-propaganda_1.jpg 1728w, https:\/\/nackenheim-im-nationalsozialismus.de\/wp-content\/uploads\/2022\/01\/15.03.1933-landskrone-propaganda_1-300x239.jpg 300w, https:\/\/nackenheim-im-nationalsozialismus.de\/wp-content\/uploads\/2022\/01\/15.03.1933-landskrone-propaganda_1-1024x815.jpg 1024w, https:\/\/nackenheim-im-nationalsozialismus.de\/wp-content\/uploads\/2022\/01\/15.03.1933-landskrone-propaganda_1-768x612.jpg 768w, https:\/\/nackenheim-im-nationalsozialismus.de\/wp-content\/uploads\/2022\/01\/15.03.1933-landskrone-propaganda_1-1536x1223.jpg 1536w, https:\/\/nackenheim-im-nationalsozialismus.de\/wp-content\/uploads\/2022\/01\/15.03.1933-landskrone-propaganda_1-500x398.jpg 500w, https:\/\/nackenheim-im-nationalsozialismus.de\/wp-content\/uploads\/2022\/01\/15.03.1933-landskrone-propaganda_1-800x637.jpg 800w, https:\/\/nackenheim-im-nationalsozialismus.de\/wp-content\/uploads\/2022\/01\/15.03.1933-landskrone-propaganda_1-1280x1019.jpg 1280w, https:\/\/nackenheim-im-nationalsozialismus.de\/wp-content\/uploads\/2022\/01\/15.03.1933-landskrone-propaganda_1-1200x956.jpg 1200w\" sizes=\"(max-width: 1728px) 100vw, 1728px\" \/><\/noscript><img decoding=\"async\" width=\"1728\" height=\"1376\" src=\"https:\/\/nackenheim-im-nationalsozialismus.de\/wp-content\/uploads\/2022\/01\/15.03.1933-landskrone-propaganda_1.jpg\" class=\"wp-image-1993 vp-lazyload\" alt srcset=\"data:image\/svg+xml;base64,PHN2ZyB3aWR0aD0iMTcyOCIgaGVpZ2h0PSIxMzc2IiB2aWV3Qm94PSIwIDAgMTcyOCAxMzc2IiBmaWxsPSJub25lIiB4bWxucz0iaHR0cDovL3d3dy53My5vcmcvMjAwMC9zdmciPjwvc3ZnPg==\" data-src=\"https:\/\/nackenheim-im-nationalsozialismus.de\/wp-content\/uploads\/2022\/01\/15.03.1933-landskrone-propaganda_1.jpg\" data-srcset=\"https:\/\/nackenheim-im-nationalsozialismus.de\/wp-content\/uploads\/2022\/01\/15.03.1933-landskrone-propaganda_1.jpg 1728w, https:\/\/nackenheim-im-nationalsozialismus.de\/wp-content\/uploads\/2022\/01\/15.03.1933-landskrone-propaganda_1-300x239.jpg 300w, https:\/\/nackenheim-im-nationalsozialismus.de\/wp-content\/uploads\/2022\/01\/15.03.1933-landskrone-propaganda_1-1024x815.jpg 1024w, https:\/\/nackenheim-im-nationalsozialismus.de\/wp-content\/uploads\/2022\/01\/15.03.1933-landskrone-propaganda_1-768x612.jpg 768w, https:\/\/nackenheim-im-nationalsozialismus.de\/wp-content\/uploads\/2022\/01\/15.03.1933-landskrone-propaganda_1-1536x1223.jpg 1536w, https:\/\/nackenheim-im-nationalsozialismus.de\/wp-content\/uploads\/2022\/01\/15.03.1933-landskrone-propaganda_1-500x398.jpg 500w, https:\/\/nackenheim-im-nationalsozialismus.de\/wp-content\/uploads\/2022\/01\/15.03.1933-landskrone-propaganda_1-800x637.jpg 800w, https:\/\/nackenheim-im-nationalsozialismus.de\/wp-content\/uploads\/2022\/01\/15.03.1933-landskrone-propaganda_1-1280x1019.jpg 1280w, https:\/\/nackenheim-im-nationalsozialismus.de\/wp-content\/uploads\/2022\/01\/15.03.1933-landskrone-propaganda_1-1200x956.jpg 1200w\" data-sizes=\"auto\" loading=\"eager\">\n\t\t<\/a>\t<\/div>\n<\/div>\n\t<figcaption class=\"vp-portfolio__item-overlay vp-portfolio__item-overlay-text-align-center\">\n\t\t<div class=\"vp-portfolio__item-meta-wrap vp-portfolio__custom-scrollbar\">\n\t\t\t\t<a\n\t\thref=\"https:\/\/nackenheim-im-nationalsozialismus.de\/wp-content\/uploads\/2022\/01\/15.03.1933-landskrone-propaganda_1.jpg\"\n\t\ttabindex=\"-1\" class=\"vp-portfolio__item-meta\" \t>\n\t\n<h2 class=\"vp-portfolio__item-meta-title\">\n\tOppenheimer Landskrone, 15. M\u00e4rz 1933<\/h2>\n<\/a>\t\t<\/div>\n\t<\/figcaption>\n\t\t\t<\/figure>\n\t\t\t\t\t<\/div>\n\t\t\n\t\t<div\t\tclass=\"vp-portfolio__item-wrap vp-portfolio__item-uid-c23b24d3\" data-vp-filter=\"\" \t\t>\n\t\t\t<template class=\"vp-portfolio__item-popup\" data-vp-popup-img=\"https:\/\/nackenheim-im-nationalsozialismus.de\/wp-content\/uploads\/2022\/01\/08.04.1933-landskrone-filmpropagands_1.jpg\" data-vp-popup-img-srcset=\"https:\/\/nackenheim-im-nationalsozialismus.de\/wp-content\/uploads\/2022\/01\/08.04.1933-landskrone-filmpropagands_1.jpg 1760w, https:\/\/nackenheim-im-nationalsozialismus.de\/wp-content\/uploads\/2022\/01\/08.04.1933-landskrone-filmpropagands_1-300x262.jpg 300w, https:\/\/nackenheim-im-nationalsozialismus.de\/wp-content\/uploads\/2022\/01\/08.04.1933-landskrone-filmpropagands_1-1024x894.jpg 1024w, https:\/\/nackenheim-im-nationalsozialismus.de\/wp-content\/uploads\/2022\/01\/08.04.1933-landskrone-filmpropagands_1-768x670.jpg 768w, https:\/\/nackenheim-im-nationalsozialismus.de\/wp-content\/uploads\/2022\/01\/08.04.1933-landskrone-filmpropagands_1-1536x1341.jpg 1536w, https:\/\/nackenheim-im-nationalsozialismus.de\/wp-content\/uploads\/2022\/01\/08.04.1933-landskrone-filmpropagands_1-500x436.jpg 500w, https:\/\/nackenheim-im-nationalsozialismus.de\/wp-content\/uploads\/2022\/01\/08.04.1933-landskrone-filmpropagands_1-800x698.jpg 800w, https:\/\/nackenheim-im-nationalsozialismus.de\/wp-content\/uploads\/2022\/01\/08.04.1933-landskrone-filmpropagands_1-1280x1117.jpg 1280w, https:\/\/nackenheim-im-nationalsozialismus.de\/wp-content\/uploads\/2022\/01\/08.04.1933-landskrone-filmpropagands_1-1200x1047.jpg 1200w\" data-vp-popup-img-size=\"1760x1536\" data-vp-popup-md-img=\"https:\/\/nackenheim-im-nationalsozialismus.de\/wp-content\/uploads\/2022\/01\/08.04.1933-landskrone-filmpropagands_1-800x698.jpg\" data-vp-popup-md-img-size=\"800x698\" data-vp-popup-sm-img=\"https:\/\/nackenheim-im-nationalsozialismus.de\/wp-content\/uploads\/2022\/01\/08.04.1933-landskrone-filmpropagands_1-500x436.jpg\" data-vp-popup-sm-img-size=\"500x436\">\n\t\t\t<h3 class=\"vp-portfolio__item-popup-title\">Oppenheimer Landskrone, 08. April 1933<\/h3>\n\t\t<\/template>\n\t\t\t\t\t\t<figure class=\"vp-portfolio__item\">\n\t\t\t\t\n<div class=\"vp-portfolio__item-img-wrap\">\n\t<div class=\"vp-portfolio__item-img\">\n\t\t\t<a\n\t\thref=\"https:\/\/nackenheim-im-nationalsozialismus.de\/wp-content\/uploads\/2022\/01\/08.04.1933-landskrone-filmpropagands_1.jpg\"\n\t\t\t>\n\t\n\t\t<noscript><img loading=\"lazy\" decoding=\"async\" width=\"1760\" height=\"1536\" data-skip-lazy src=\"https:\/\/nackenheim-im-nationalsozialismus.de\/wp-content\/uploads\/2022\/01\/08.04.1933-landskrone-filmpropagands_1.jpg\" class=\"wp-image-1991\" alt=\"\" srcset=\"https:\/\/nackenheim-im-nationalsozialismus.de\/wp-content\/uploads\/2022\/01\/08.04.1933-landskrone-filmpropagands_1.jpg 1760w, https:\/\/nackenheim-im-nationalsozialismus.de\/wp-content\/uploads\/2022\/01\/08.04.1933-landskrone-filmpropagands_1-300x262.jpg 300w, https:\/\/nackenheim-im-nationalsozialismus.de\/wp-content\/uploads\/2022\/01\/08.04.1933-landskrone-filmpropagands_1-1024x894.jpg 1024w, https:\/\/nackenheim-im-nationalsozialismus.de\/wp-content\/uploads\/2022\/01\/08.04.1933-landskrone-filmpropagands_1-768x670.jpg 768w, https:\/\/nackenheim-im-nationalsozialismus.de\/wp-content\/uploads\/2022\/01\/08.04.1933-landskrone-filmpropagands_1-1536x1341.jpg 1536w, https:\/\/nackenheim-im-nationalsozialismus.de\/wp-content\/uploads\/2022\/01\/08.04.1933-landskrone-filmpropagands_1-500x436.jpg 500w, https:\/\/nackenheim-im-nationalsozialismus.de\/wp-content\/uploads\/2022\/01\/08.04.1933-landskrone-filmpropagands_1-800x698.jpg 800w, https:\/\/nackenheim-im-nationalsozialismus.de\/wp-content\/uploads\/2022\/01\/08.04.1933-landskrone-filmpropagands_1-1280x1117.jpg 1280w, https:\/\/nackenheim-im-nationalsozialismus.de\/wp-content\/uploads\/2022\/01\/08.04.1933-landskrone-filmpropagands_1-1200x1047.jpg 1200w\" sizes=\"(max-width: 1760px) 100vw, 1760px\" \/><\/noscript><img decoding=\"async\" width=\"1760\" height=\"1536\" src=\"https:\/\/nackenheim-im-nationalsozialismus.de\/wp-content\/uploads\/2022\/01\/08.04.1933-landskrone-filmpropagands_1.jpg\" class=\"wp-image-1991 vp-lazyload\" alt srcset=\"data:image\/svg+xml;base64,PHN2ZyB3aWR0aD0iMTc2MCIgaGVpZ2h0PSIxNTM2IiB2aWV3Qm94PSIwIDAgMTc2MCAxNTM2IiBmaWxsPSJub25lIiB4bWxucz0iaHR0cDovL3d3dy53My5vcmcvMjAwMC9zdmciPjwvc3ZnPg==\" data-src=\"https:\/\/nackenheim-im-nationalsozialismus.de\/wp-content\/uploads\/2022\/01\/08.04.1933-landskrone-filmpropagands_1.jpg\" data-srcset=\"https:\/\/nackenheim-im-nationalsozialismus.de\/wp-content\/uploads\/2022\/01\/08.04.1933-landskrone-filmpropagands_1.jpg 1760w, https:\/\/nackenheim-im-nationalsozialismus.de\/wp-content\/uploads\/2022\/01\/08.04.1933-landskrone-filmpropagands_1-300x262.jpg 300w, https:\/\/nackenheim-im-nationalsozialismus.de\/wp-content\/uploads\/2022\/01\/08.04.1933-landskrone-filmpropagands_1-1024x894.jpg 1024w, https:\/\/nackenheim-im-nationalsozialismus.de\/wp-content\/uploads\/2022\/01\/08.04.1933-landskrone-filmpropagands_1-768x670.jpg 768w, https:\/\/nackenheim-im-nationalsozialismus.de\/wp-content\/uploads\/2022\/01\/08.04.1933-landskrone-filmpropagands_1-1536x1341.jpg 1536w, https:\/\/nackenheim-im-nationalsozialismus.de\/wp-content\/uploads\/2022\/01\/08.04.1933-landskrone-filmpropagands_1-500x436.jpg 500w, https:\/\/nackenheim-im-nationalsozialismus.de\/wp-content\/uploads\/2022\/01\/08.04.1933-landskrone-filmpropagands_1-800x698.jpg 800w, https:\/\/nackenheim-im-nationalsozialismus.de\/wp-content\/uploads\/2022\/01\/08.04.1933-landskrone-filmpropagands_1-1280x1117.jpg 1280w, https:\/\/nackenheim-im-nationalsozialismus.de\/wp-content\/uploads\/2022\/01\/08.04.1933-landskrone-filmpropagands_1-1200x1047.jpg 1200w\" data-sizes=\"auto\" loading=\"eager\">\n\t\t<\/a>\t<\/div>\n<\/div>\n\t<figcaption class=\"vp-portfolio__item-overlay vp-portfolio__item-overlay-text-align-center\">\n\t\t<div class=\"vp-portfolio__item-meta-wrap vp-portfolio__custom-scrollbar\">\n\t\t\t\t<a\n\t\thref=\"https:\/\/nackenheim-im-nationalsozialismus.de\/wp-content\/uploads\/2022\/01\/08.04.1933-landskrone-filmpropagands_1.jpg\"\n\t\ttabindex=\"-1\" class=\"vp-portfolio__item-meta\" \t>\n\t\n<h2 class=\"vp-portfolio__item-meta-title\">\n\tOppenheimer Landskrone, 08. April 1933<\/h2>\n<\/a>\t\t<\/div>\n\t<\/figcaption>\n\t\t\t<\/figure>\n\t\t\t\t\t<\/div>\n\t\t\n\t\t<div\t\tclass=\"vp-portfolio__item-wrap vp-portfolio__item-uid-f29c6e95\" data-vp-filter=\"\" \t\t>\n\t\t\t<template class=\"vp-portfolio__item-popup\" data-vp-popup-img=\"https:\/\/nackenheim-im-nationalsozialismus.de\/wp-content\/uploads\/2022\/01\/01.12.1938.png\" data-vp-popup-img-srcset=\"https:\/\/nackenheim-im-nationalsozialismus.de\/wp-content\/uploads\/2022\/01\/01.12.1938.png 1199w, https:\/\/nackenheim-im-nationalsozialismus.de\/wp-content\/uploads\/2022\/01\/01.12.1938-210x300.png 210w, https:\/\/nackenheim-im-nationalsozialismus.de\/wp-content\/uploads\/2022\/01\/01.12.1938-715x1024.png 715w, https:\/\/nackenheim-im-nationalsozialismus.de\/wp-content\/uploads\/2022\/01\/01.12.1938-768x1099.png 768w, https:\/\/nackenheim-im-nationalsozialismus.de\/wp-content\/uploads\/2022\/01\/01.12.1938-1073x1536.png 1073w, https:\/\/nackenheim-im-nationalsozialismus.de\/wp-content\/uploads\/2022\/01\/01.12.1938-500x716.png 500w, https:\/\/nackenheim-im-nationalsozialismus.de\/wp-content\/uploads\/2022\/01\/01.12.1938-800x1145.png 800w\" data-vp-popup-img-size=\"1199x1716\" data-vp-popup-md-img=\"https:\/\/nackenheim-im-nationalsozialismus.de\/wp-content\/uploads\/2022\/01\/01.12.1938-800x1145.png\" data-vp-popup-md-img-size=\"800x1145\" data-vp-popup-sm-img=\"https:\/\/nackenheim-im-nationalsozialismus.de\/wp-content\/uploads\/2022\/01\/01.12.1938-500x716.png\" data-vp-popup-sm-img-size=\"500x716\">\n\t\t\t<h3 class=\"vp-portfolio__item-popup-title\">Oppenheimer Landskrone, 01. Dezember 1938<\/h3>\n\t\t<\/template>\n\t\t\t\t\t\t<figure class=\"vp-portfolio__item\">\n\t\t\t\t\n<div class=\"vp-portfolio__item-img-wrap\">\n\t<div class=\"vp-portfolio__item-img\">\n\t\t\t<a\n\t\thref=\"https:\/\/nackenheim-im-nationalsozialismus.de\/wp-content\/uploads\/2022\/01\/01.12.1938.png\"\n\t\t\t>\n\t\n\t\t<noscript><img loading=\"lazy\" decoding=\"async\" width=\"1199\" height=\"1716\" data-skip-lazy src=\"https:\/\/nackenheim-im-nationalsozialismus.de\/wp-content\/uploads\/2022\/01\/01.12.1938.png\" class=\"wp-image-1990\" alt=\"\" srcset=\"https:\/\/nackenheim-im-nationalsozialismus.de\/wp-content\/uploads\/2022\/01\/01.12.1938.png 1199w, https:\/\/nackenheim-im-nationalsozialismus.de\/wp-content\/uploads\/2022\/01\/01.12.1938-210x300.png 210w, https:\/\/nackenheim-im-nationalsozialismus.de\/wp-content\/uploads\/2022\/01\/01.12.1938-715x1024.png 715w, https:\/\/nackenheim-im-nationalsozialismus.de\/wp-content\/uploads\/2022\/01\/01.12.1938-768x1099.png 768w, https:\/\/nackenheim-im-nationalsozialismus.de\/wp-content\/uploads\/2022\/01\/01.12.1938-1073x1536.png 1073w, https:\/\/nackenheim-im-nationalsozialismus.de\/wp-content\/uploads\/2022\/01\/01.12.1938-500x716.png 500w, https:\/\/nackenheim-im-nationalsozialismus.de\/wp-content\/uploads\/2022\/01\/01.12.1938-800x1145.png 800w\" sizes=\"(max-width: 1199px) 100vw, 1199px\" \/><\/noscript><img decoding=\"async\" width=\"1199\" height=\"1716\" src=\"https:\/\/nackenheim-im-nationalsozialismus.de\/wp-content\/uploads\/2022\/01\/01.12.1938.png\" class=\"wp-image-1990 vp-lazyload\" alt srcset=\"data:image\/svg+xml;base64,PHN2ZyB3aWR0aD0iMTE5OSIgaGVpZ2h0PSIxNzE2IiB2aWV3Qm94PSIwIDAgMTE5OSAxNzE2IiBmaWxsPSJub25lIiB4bWxucz0iaHR0cDovL3d3dy53My5vcmcvMjAwMC9zdmciPjwvc3ZnPg==\" data-src=\"https:\/\/nackenheim-im-nationalsozialismus.de\/wp-content\/uploads\/2022\/01\/01.12.1938.png\" data-srcset=\"https:\/\/nackenheim-im-nationalsozialismus.de\/wp-content\/uploads\/2022\/01\/01.12.1938.png 1199w, https:\/\/nackenheim-im-nationalsozialismus.de\/wp-content\/uploads\/2022\/01\/01.12.1938-210x300.png 210w, https:\/\/nackenheim-im-nationalsozialismus.de\/wp-content\/uploads\/2022\/01\/01.12.1938-715x1024.png 715w, https:\/\/nackenheim-im-nationalsozialismus.de\/wp-content\/uploads\/2022\/01\/01.12.1938-768x1099.png 768w, https:\/\/nackenheim-im-nationalsozialismus.de\/wp-content\/uploads\/2022\/01\/01.12.1938-1073x1536.png 1073w, https:\/\/nackenheim-im-nationalsozialismus.de\/wp-content\/uploads\/2022\/01\/01.12.1938-500x716.png 500w, https:\/\/nackenheim-im-nationalsozialismus.de\/wp-content\/uploads\/2022\/01\/01.12.1938-800x1145.png 800w\" data-sizes=\"auto\" loading=\"eager\">\n\t\t<\/a>\t<\/div>\n<\/div>\n\t<figcaption class=\"vp-portfolio__item-overlay vp-portfolio__item-overlay-text-align-center\">\n\t\t<div class=\"vp-portfolio__item-meta-wrap vp-portfolio__custom-scrollbar\">\n\t\t\t\t<a\n\t\thref=\"https:\/\/nackenheim-im-nationalsozialismus.de\/wp-content\/uploads\/2022\/01\/01.12.1938.png\"\n\t\ttabindex=\"-1\" class=\"vp-portfolio__item-meta\" \t>\n\t\n<h2 class=\"vp-portfolio__item-meta-title\">\n\tOppenheimer Landskrone, 01. Dezember 1938<\/h2>\n<\/a>\t\t<\/div>\n\t<\/figcaption>\n\t\t\t<\/figure>\n\t\t\t\t\t<\/div>\n\t\t\n\t\t<div\t\tclass=\"vp-portfolio__item-wrap vp-portfolio__item-uid-73309c82\" data-vp-filter=\"\" \t\t>\n\t\t\t<template class=\"vp-portfolio__item-popup\" data-vp-popup-img=\"https:\/\/nackenheim-im-nationalsozialismus.de\/wp-content\/uploads\/2022\/01\/Landskrone-31.08.1933-propaganda-arbeitslose_1.jpg\" data-vp-popup-img-srcset=\"https:\/\/nackenheim-im-nationalsozialismus.de\/wp-content\/uploads\/2022\/01\/Landskrone-31.08.1933-propaganda-arbeitslose_1.jpg 1568w, https:\/\/nackenheim-im-nationalsozialismus.de\/wp-content\/uploads\/2022\/01\/Landskrone-31.08.1933-propaganda-arbeitslose_1-300x276.jpg 300w, https:\/\/nackenheim-im-nationalsozialismus.de\/wp-content\/uploads\/2022\/01\/Landskrone-31.08.1933-propaganda-arbeitslose_1-1024x940.jpg 1024w, https:\/\/nackenheim-im-nationalsozialismus.de\/wp-content\/uploads\/2022\/01\/Landskrone-31.08.1933-propaganda-arbeitslose_1-768x705.jpg 768w, https:\/\/nackenheim-im-nationalsozialismus.de\/wp-content\/uploads\/2022\/01\/Landskrone-31.08.1933-propaganda-arbeitslose_1-1536x1411.jpg 1536w, https:\/\/nackenheim-im-nationalsozialismus.de\/wp-content\/uploads\/2022\/01\/Landskrone-31.08.1933-propaganda-arbeitslose_1-500x459.jpg 500w, https:\/\/nackenheim-im-nationalsozialismus.de\/wp-content\/uploads\/2022\/01\/Landskrone-31.08.1933-propaganda-arbeitslose_1-800x735.jpg 800w, https:\/\/nackenheim-im-nationalsozialismus.de\/wp-content\/uploads\/2022\/01\/Landskrone-31.08.1933-propaganda-arbeitslose_1-1280x1176.jpg 1280w, https:\/\/nackenheim-im-nationalsozialismus.de\/wp-content\/uploads\/2022\/01\/Landskrone-31.08.1933-propaganda-arbeitslose_1-1200x1102.jpg 1200w\" data-vp-popup-img-size=\"1568x1440\" data-vp-popup-md-img=\"https:\/\/nackenheim-im-nationalsozialismus.de\/wp-content\/uploads\/2022\/01\/Landskrone-31.08.1933-propaganda-arbeitslose_1-800x735.jpg\" data-vp-popup-md-img-size=\"800x735\" data-vp-popup-sm-img=\"https:\/\/nackenheim-im-nationalsozialismus.de\/wp-content\/uploads\/2022\/01\/Landskrone-31.08.1933-propaganda-arbeitslose_1-500x459.jpg\" data-vp-popup-sm-img-size=\"500x459\">\n\t\t\t<h3 class=\"vp-portfolio__item-popup-title\">Oppenheimer Landskrone, 31. August 1933<\/h3>\n\t\t<\/template>\n\t\t\t\t\t\t<figure class=\"vp-portfolio__item\">\n\t\t\t\t\n<div class=\"vp-portfolio__item-img-wrap\">\n\t<div class=\"vp-portfolio__item-img\">\n\t\t\t<a\n\t\thref=\"https:\/\/nackenheim-im-nationalsozialismus.de\/wp-content\/uploads\/2022\/01\/Landskrone-31.08.1933-propaganda-arbeitslose_1.jpg\"\n\t\t\t>\n\t\n\t\t<noscript><img loading=\"lazy\" decoding=\"async\" width=\"1568\" height=\"1440\" data-skip-lazy src=\"https:\/\/nackenheim-im-nationalsozialismus.de\/wp-content\/uploads\/2022\/01\/Landskrone-31.08.1933-propaganda-arbeitslose_1.jpg\" class=\"wp-image-2005\" alt=\"\" srcset=\"https:\/\/nackenheim-im-nationalsozialismus.de\/wp-content\/uploads\/2022\/01\/Landskrone-31.08.1933-propaganda-arbeitslose_1.jpg 1568w, https:\/\/nackenheim-im-nationalsozialismus.de\/wp-content\/uploads\/2022\/01\/Landskrone-31.08.1933-propaganda-arbeitslose_1-300x276.jpg 300w, https:\/\/nackenheim-im-nationalsozialismus.de\/wp-content\/uploads\/2022\/01\/Landskrone-31.08.1933-propaganda-arbeitslose_1-1024x940.jpg 1024w, https:\/\/nackenheim-im-nationalsozialismus.de\/wp-content\/uploads\/2022\/01\/Landskrone-31.08.1933-propaganda-arbeitslose_1-768x705.jpg 768w, https:\/\/nackenheim-im-nationalsozialismus.de\/wp-content\/uploads\/2022\/01\/Landskrone-31.08.1933-propaganda-arbeitslose_1-1536x1411.jpg 1536w, https:\/\/nackenheim-im-nationalsozialismus.de\/wp-content\/uploads\/2022\/01\/Landskrone-31.08.1933-propaganda-arbeitslose_1-500x459.jpg 500w, https:\/\/nackenheim-im-nationalsozialismus.de\/wp-content\/uploads\/2022\/01\/Landskrone-31.08.1933-propaganda-arbeitslose_1-800x735.jpg 800w, https:\/\/nackenheim-im-nationalsozialismus.de\/wp-content\/uploads\/2022\/01\/Landskrone-31.08.1933-propaganda-arbeitslose_1-1280x1176.jpg 1280w, https:\/\/nackenheim-im-nationalsozialismus.de\/wp-content\/uploads\/2022\/01\/Landskrone-31.08.1933-propaganda-arbeitslose_1-1200x1102.jpg 1200w\" sizes=\"(max-width: 1568px) 100vw, 1568px\" \/><\/noscript><img decoding=\"async\" width=\"1568\" height=\"1440\" src=\"https:\/\/nackenheim-im-nationalsozialismus.de\/wp-content\/uploads\/2022\/01\/Landskrone-31.08.1933-propaganda-arbeitslose_1.jpg\" class=\"wp-image-2005 vp-lazyload\" alt srcset=\"data:image\/svg+xml;base64,PHN2ZyB3aWR0aD0iMTU2OCIgaGVpZ2h0PSIxNDQwIiB2aWV3Qm94PSIwIDAgMTU2OCAxNDQwIiBmaWxsPSJub25lIiB4bWxucz0iaHR0cDovL3d3dy53My5vcmcvMjAwMC9zdmciPjwvc3ZnPg==\" data-src=\"https:\/\/nackenheim-im-nationalsozialismus.de\/wp-content\/uploads\/2022\/01\/Landskrone-31.08.1933-propaganda-arbeitslose_1.jpg\" data-srcset=\"https:\/\/nackenheim-im-nationalsozialismus.de\/wp-content\/uploads\/2022\/01\/Landskrone-31.08.1933-propaganda-arbeitslose_1.jpg 1568w, https:\/\/nackenheim-im-nationalsozialismus.de\/wp-content\/uploads\/2022\/01\/Landskrone-31.08.1933-propaganda-arbeitslose_1-300x276.jpg 300w, https:\/\/nackenheim-im-nationalsozialismus.de\/wp-content\/uploads\/2022\/01\/Landskrone-31.08.1933-propaganda-arbeitslose_1-1024x940.jpg 1024w, https:\/\/nackenheim-im-nationalsozialismus.de\/wp-content\/uploads\/2022\/01\/Landskrone-31.08.1933-propaganda-arbeitslose_1-768x705.jpg 768w, https:\/\/nackenheim-im-nationalsozialismus.de\/wp-content\/uploads\/2022\/01\/Landskrone-31.08.1933-propaganda-arbeitslose_1-1536x1411.jpg 1536w, https:\/\/nackenheim-im-nationalsozialismus.de\/wp-content\/uploads\/2022\/01\/Landskrone-31.08.1933-propaganda-arbeitslose_1-500x459.jpg 500w, https:\/\/nackenheim-im-nationalsozialismus.de\/wp-content\/uploads\/2022\/01\/Landskrone-31.08.1933-propaganda-arbeitslose_1-800x735.jpg 800w, https:\/\/nackenheim-im-nationalsozialismus.de\/wp-content\/uploads\/2022\/01\/Landskrone-31.08.1933-propaganda-arbeitslose_1-1280x1176.jpg 1280w, https:\/\/nackenheim-im-nationalsozialismus.de\/wp-content\/uploads\/2022\/01\/Landskrone-31.08.1933-propaganda-arbeitslose_1-1200x1102.jpg 1200w\" data-sizes=\"auto\" loading=\"eager\">\n\t\t<\/a>\t<\/div>\n<\/div>\n\t<figcaption class=\"vp-portfolio__item-overlay vp-portfolio__item-overlay-text-align-center\">\n\t\t<div class=\"vp-portfolio__item-meta-wrap vp-portfolio__custom-scrollbar\">\n\t\t\t\t<a\n\t\thref=\"https:\/\/nackenheim-im-nationalsozialismus.de\/wp-content\/uploads\/2022\/01\/Landskrone-31.08.1933-propaganda-arbeitslose_1.jpg\"\n\t\ttabindex=\"-1\" class=\"vp-portfolio__item-meta\" \t>\n\t\n<h2 class=\"vp-portfolio__item-meta-title\">\n\tOppenheimer Landskrone, 31. August 1933<\/h2>\n<\/a>\t\t<\/div>\n\t<\/figcaption>\n\t\t\t<\/figure>\n\t\t\t\t\t<\/div>\n\t\t\n<\/div>\n\t\t<\/div>\n\t\t\n<\/div>\n<\/div>\n\n\n<p class=\"has-drop-cap\">Das gemeinsame &#8222;Eintopfessen&#8220; wurde ebenfalls \u00fcber die Zeitung sowie \u00f6ffentliche Einladungen an NSDAP-Mitglieder, Vereine und Verb\u00e4nde beworben. Aus der Einladung zum &#8222;Eintopfessen&#8220; vom 8. Dezember 1938 wird deutlich, dass die Nackenheimer:innen sich zun\u00e4chst auf dem Platz vor dem Rathaus, damals &#8222;Adolf-Hitler-Platz&#8220;, versammelten und dann unter Marschmusik in den Saalbau &#8222;Zum Schiff&#8220; weiterzogen. Umrahmt wurde die Veranstaltung vom Gesangsverein, den Entenbr\u00fcdern und der Feuerwehrkapelle.<\/p>\n\n\n\n<figure class=\"wp-block-gallery aligncenter has-nested-images columns-default is-cropped wp-block-gallery-1 is-layout-flex wp-block-gallery-is-layout-flex\">\n<figure class=\"wp-block-image size-large\"><img loading=\"lazy\" decoding=\"async\" width=\"801\" height=\"1024\" data-id=\"2018\" src=\"https:\/\/nackenheim-im-nationalsozialismus.de\/wp-content\/uploads\/2022\/01\/11.11.1938-propaganda_1-1-801x1024.jpg\" alt=\"\" class=\"wp-image-2018\" srcset=\"https:\/\/nackenheim-im-nationalsozialismus.de\/wp-content\/uploads\/2022\/01\/11.11.1938-propaganda_1-1-801x1024.jpg 801w, https:\/\/nackenheim-im-nationalsozialismus.de\/wp-content\/uploads\/2022\/01\/11.11.1938-propaganda_1-1-235x300.jpg 235w, https:\/\/nackenheim-im-nationalsozialismus.de\/wp-content\/uploads\/2022\/01\/11.11.1938-propaganda_1-1-768x981.jpg 768w, https:\/\/nackenheim-im-nationalsozialismus.de\/wp-content\/uploads\/2022\/01\/11.11.1938-propaganda_1-1-1202x1536.jpg 1202w, https:\/\/nackenheim-im-nationalsozialismus.de\/wp-content\/uploads\/2022\/01\/11.11.1938-propaganda_1-1-1603x2048.jpg 1603w, https:\/\/nackenheim-im-nationalsozialismus.de\/wp-content\/uploads\/2022\/01\/11.11.1938-propaganda_1-1-500x639.jpg 500w, https:\/\/nackenheim-im-nationalsozialismus.de\/wp-content\/uploads\/2022\/01\/11.11.1938-propaganda_1-1-800x1022.jpg 800w, https:\/\/nackenheim-im-nationalsozialismus.de\/wp-content\/uploads\/2022\/01\/11.11.1938-propaganda_1-1-1280x1636.jpg 1280w, https:\/\/nackenheim-im-nationalsozialismus.de\/wp-content\/uploads\/2022\/01\/11.11.1938-propaganda_1-1-1200x1533.jpg 1200w, https:\/\/nackenheim-im-nationalsozialismus.de\/wp-content\/uploads\/2022\/01\/11.11.1938-propaganda_1-1.jpg 1728w\" sizes=\"(max-width: 801px) 100vw, 801px\" \/><\/figure>\n\n\n\n<figure class=\"wp-block-image size-large\"><img loading=\"lazy\" decoding=\"async\" width=\"768\" height=\"1024\" data-id=\"2019\" src=\"https:\/\/nackenheim-im-nationalsozialismus.de\/wp-content\/uploads\/2022\/01\/Einladung-Eintopfessen_U19920_1-768x1024.jpg\" alt=\"\" class=\"wp-image-2019\" srcset=\"https:\/\/nackenheim-im-nationalsozialismus.de\/wp-content\/uploads\/2022\/01\/Einladung-Eintopfessen_U19920_1-768x1024.jpg 768w, https:\/\/nackenheim-im-nationalsozialismus.de\/wp-content\/uploads\/2022\/01\/Einladung-Eintopfessen_U19920_1-225x300.jpg 225w, https:\/\/nackenheim-im-nationalsozialismus.de\/wp-content\/uploads\/2022\/01\/Einladung-Eintopfessen_U19920_1-1152x1536.jpg 1152w, https:\/\/nackenheim-im-nationalsozialismus.de\/wp-content\/uploads\/2022\/01\/Einladung-Eintopfessen_U19920_1-1536x2048.jpg 1536w, https:\/\/nackenheim-im-nationalsozialismus.de\/wp-content\/uploads\/2022\/01\/Einladung-Eintopfessen_U19920_1-500x667.jpg 500w, https:\/\/nackenheim-im-nationalsozialismus.de\/wp-content\/uploads\/2022\/01\/Einladung-Eintopfessen_U19920_1-800x1067.jpg 800w, https:\/\/nackenheim-im-nationalsozialismus.de\/wp-content\/uploads\/2022\/01\/Einladung-Eintopfessen_U19920_1-1280x1707.jpg 1280w, https:\/\/nackenheim-im-nationalsozialismus.de\/wp-content\/uploads\/2022\/01\/Einladung-Eintopfessen_U19920_1-1200x1600.jpg 1200w, https:\/\/nackenheim-im-nationalsozialismus.de\/wp-content\/uploads\/2022\/01\/Einladung-Eintopfessen_U19920_1.jpg 1920w\" sizes=\"(max-width: 768px) 100vw, 768px\" \/><\/figure>\n<figcaption class=\"blocks-gallery-caption\"><strong>Quellen:<\/strong> Anzeige der &#8222;Oppenheimer Landskrone&#8220; vom 11. November 1938; Einladung: LA Sp., Best. U199,20.<\/figcaption><\/figure>\n\n\n\n<div class=\"wp-block-group alignfull\"><div class=\"wp-block-group__inner-container is-layout-flow wp-block-group-is-layout-flow\">\n<p class=\"has-drop-cap\">Um Nackenheim als Tourismus- und Weinort attraktiver zu machen, f\u00f6rderte die NSDAP die \u00f6rtliche Festkultur gezielt. Neben der Etablierung des Winzerfestes im Jahr 1938 und anderen Veranstaltungen der NS-Organisation &#8222;Kraft durch Freude&#8220; er\u00f6ffnete die Gemeinde Nackenheim in den 1930er Jahren offensichtlich auch ein Strandbad. <\/p>\n\n\n\n<p class=\"has-drop-cap\">Die \u00f6ffentlichen Feste und Veranstaltungen gingen immer auch mit dem Ausschluss bestimmter Menschen der Ortsgemeinden einher, so wird in einem Zeitungsartikel der &#8222;Oppenheimer Landskrone&#8220; etwa \u00fcber antisemitische Motivw\u00e4gen beim Winzerfest 1938 in Nackenheim berichtet (siehe <a rel=\"noreferrer noopener\" href=\"https:\/\/nackenheim-im-nationalsozialismus.de\/?page_id=251\" data-type=\"page\" data-id=\"251\" target=\"_blank\">Wein<\/a>), die \u00f6ffentliche Einladung zum Weinlesefest in Nackenheim richtete sich ausschlie\u00dflich an &#8222;Volksgenossinnen und Genossen&#8220;. <\/p>\n\n\n\n<p class=\"has-secondary-color has-text-color\"><strong>Umfangreiche Informationen zur Verkn\u00fcpfung von Wein, Festen und Propaganda finden sich auch auf den Themenseiten zum <a rel=\"noreferrer noopener\" href=\"https:\/\/nackenheim-im-nationalsozialismus.de\/?page_id=251\" data-type=\"page\" data-id=\"251\" target=\"_blank\">Wein<\/a> und zur <a rel=\"noreferrer noopener\" href=\"https:\/\/nackenheim-im-nationalsozialismus.de\/?page_id=253\" data-type=\"page\" data-id=\"253\" target=\"_blank\">Fastnacht<\/a>.<\/strong><\/p>\n<\/div><\/div>\n\n\n<div class=\"wp-block-image\">\n<figure class=\"aligncenter size-large\"><img loading=\"lazy\" decoding=\"async\" width=\"532\" height=\"1024\" src=\"https:\/\/nackenheim-im-nationalsozialismus.de\/wp-content\/uploads\/2021\/07\/propaganda_u19918_1-532x1024.jpg\" alt=\"\" class=\"wp-image-692\" srcset=\"https:\/\/nackenheim-im-nationalsozialismus.de\/wp-content\/uploads\/2021\/07\/propaganda_u19918_1-532x1024.jpg 532w, https:\/\/nackenheim-im-nationalsozialismus.de\/wp-content\/uploads\/2021\/07\/propaganda_u19918_1-156x300.jpg 156w, https:\/\/nackenheim-im-nationalsozialismus.de\/wp-content\/uploads\/2021\/07\/propaganda_u19918_1-768x1478.jpg 768w, https:\/\/nackenheim-im-nationalsozialismus.de\/wp-content\/uploads\/2021\/07\/propaganda_u19918_1-798x1536.jpg 798w, https:\/\/nackenheim-im-nationalsozialismus.de\/wp-content\/uploads\/2021\/07\/propaganda_u19918_1-1064x2048.jpg 1064w, https:\/\/nackenheim-im-nationalsozialismus.de\/wp-content\/uploads\/2021\/07\/propaganda_u19918_1-500x963.jpg 500w, https:\/\/nackenheim-im-nationalsozialismus.de\/wp-content\/uploads\/2021\/07\/propaganda_u19918_1-800x1540.jpg 800w, https:\/\/nackenheim-im-nationalsozialismus.de\/wp-content\/uploads\/2021\/07\/propaganda_u19918_1-1200x2310.jpg 1200w, https:\/\/nackenheim-im-nationalsozialismus.de\/wp-content\/uploads\/2021\/07\/propaganda_u19918_1.jpg 1280w\" sizes=\"(max-width: 532px) 100vw, 532px\" \/><figcaption><strong>Quelle:<\/strong> LA Sp., Best. U199, 18<\/figcaption><\/figure><\/div>\n\n<div class=\"wp-block-image\">\n<figure class=\"aligncenter size-large is-resized\"><img loading=\"lazy\" decoding=\"async\" src=\"https:\/\/nackenheim-im-nationalsozialismus.de\/wp-content\/uploads\/2022\/01\/U-199-99-Werbetext-1938_1-Kopie-706x1024.jpg\" alt=\"\" class=\"wp-image-2006\" width=\"611\" height=\"886\" srcset=\"https:\/\/nackenheim-im-nationalsozialismus.de\/wp-content\/uploads\/2022\/01\/U-199-99-Werbetext-1938_1-Kopie-706x1024.jpg 706w, https:\/\/nackenheim-im-nationalsozialismus.de\/wp-content\/uploads\/2022\/01\/U-199-99-Werbetext-1938_1-Kopie-207x300.jpg 207w, https:\/\/nackenheim-im-nationalsozialismus.de\/wp-content\/uploads\/2022\/01\/U-199-99-Werbetext-1938_1-Kopie-768x1114.jpg 768w, https:\/\/nackenheim-im-nationalsozialismus.de\/wp-content\/uploads\/2022\/01\/U-199-99-Werbetext-1938_1-Kopie-1059x1536.jpg 1059w, https:\/\/nackenheim-im-nationalsozialismus.de\/wp-content\/uploads\/2022\/01\/U-199-99-Werbetext-1938_1-Kopie-500x725.jpg 500w, https:\/\/nackenheim-im-nationalsozialismus.de\/wp-content\/uploads\/2022\/01\/U-199-99-Werbetext-1938_1-Kopie-800x1160.jpg 800w, https:\/\/nackenheim-im-nationalsozialismus.de\/wp-content\/uploads\/2022\/01\/U-199-99-Werbetext-1938_1-Kopie-1200x1740.jpg 1200w, https:\/\/nackenheim-im-nationalsozialismus.de\/wp-content\/uploads\/2022\/01\/U-199-99-Werbetext-1938_1-Kopie.jpg 1244w\" sizes=\"(max-width: 611px) 100vw, 611px\" \/><figcaption><strong>Quelle<\/strong>: LA Sp., Best. U199, 99 (1938)<\/figcaption><\/figure><\/div>\n\n\n<h4 class=\"has-text-align-center wp-block-heading\" id=\"das-nackenheimer-rathaus-in-den-1930ern-und-in-den-1950ern\">Das Nackenheimer Rathaus in den 1930ern und in den 1950ern<\/h4>\n\n\n<div class=\"h5p-iframe-wrapper\"><iframe id=\"h5p-iframe-6\" class=\"h5p-iframe\" data-content-id=\"6\" style=\"height:1px\" src=\"about:blank\" frameBorder=\"0\" scrolling=\"no\" title=\"Das Nackenheimer Rathaus\"><\/iframe><\/div>\n\n\n\n<p class=\"has-drop-cap\">Auch das Rathaus wurde genutzt, um politische Anordnungen vor Ort zu transportieren. Im Vergleich der Bilder l\u00e4sst sich feststellen, das nicht nur die Beflaggung auf der zweiten Aufnahme &#8222;fehlt&#8220;, sondern auch der Schaukasten an der linken Geb\u00e4udeseite. <br><br>Werner Lang berichtet in einem Heft der Nackenheimer heimatkundlichen Schriftenreihe: &#8222;<em>1937 wurde das Rathaus renoviert und umgebaut. Das Portal wurde in die Mitte gesetzt und innen im Erdgescho\u00df ein holzget\u00e4felter Sitzungssaal geschaffen. Auch der Brunnen vor dem Rathaus wurde neu gefasst. <meta charset=\"utf-8\">Bei der Renovation wurde auf amtliche Verf\u00fcgung die Madonna aus der Nische des Rathauses entfernt. Ein Protestschreiben des Pfarrers an das Denkmalamt hatte keinen Erfolg. <meta charset=\"utf-8\">Die Figur wurde der Stifterin, Frau Luise Hinsberg, zur\u00fcckgegeben und im Pfarrhaus aufbewahrt. <meta charset=\"utf-8\">Am Sonntag, dem 6. Mai 1945, nach dem Ende des Nazi-Regimes, wurde die Rokoko Madonna nach feierlicher Weihestunde in der Kirche unter gro\u00dfer Beteiligung der Bev\u00f6lkerung wieder in die Rathausnische zur\u00fcckgebracht<\/em>&#8222;.<\/p>\n\n\n\n<p><strong>Quellen: <\/strong>Bild 1930er: Nackenheimer heimatkundliche Schriftenreihe (Werner Lang): <a rel=\"noreferrer noopener\" href=\"http:\/\/www.ortsmuseum-nackenheim.de\/NHS15.die.nackenheimer.schule.im.19.und.20.Jahrhundert.etc.pdf\" target=\"_blank\">&#8222;Die Nackenheimer Schule im 19. und 20. Jahrhundert. Das Nackenheimer Rathaus&#8220;<\/a> Heft 15, 1981, S. 20; Bild 1950er: LHA Koblenz, 710\/609.<\/p>\n\n\n\n<figure class=\"wp-block-image size-large\"><img loading=\"lazy\" decoding=\"async\" width=\"826\" height=\"1024\" src=\"https:\/\/nackenheim-im-nationalsozialismus.de\/wp-content\/uploads\/2021\/11\/IMG_3785-826x1024.jpg\" alt=\"\" class=\"wp-image-1615\" srcset=\"https:\/\/nackenheim-im-nationalsozialismus.de\/wp-content\/uploads\/2021\/11\/IMG_3785-826x1024.jpg 826w, https:\/\/nackenheim-im-nationalsozialismus.de\/wp-content\/uploads\/2021\/11\/IMG_3785-242x300.jpg 242w, https:\/\/nackenheim-im-nationalsozialismus.de\/wp-content\/uploads\/2021\/11\/IMG_3785-768x953.jpg 768w, https:\/\/nackenheim-im-nationalsozialismus.de\/wp-content\/uploads\/2021\/11\/IMG_3785-1238x1536.jpg 1238w, https:\/\/nackenheim-im-nationalsozialismus.de\/wp-content\/uploads\/2021\/11\/IMG_3785-1651x2048.jpg 1651w, https:\/\/nackenheim-im-nationalsozialismus.de\/wp-content\/uploads\/2021\/11\/IMG_3785-500x620.jpg 500w, https:\/\/nackenheim-im-nationalsozialismus.de\/wp-content\/uploads\/2021\/11\/IMG_3785-800x992.jpg 800w, https:\/\/nackenheim-im-nationalsozialismus.de\/wp-content\/uploads\/2021\/11\/IMG_3785-1280x1588.jpg 1280w, https:\/\/nackenheim-im-nationalsozialismus.de\/wp-content\/uploads\/2021\/11\/IMG_3785-1920x2381.jpg 1920w, https:\/\/nackenheim-im-nationalsozialismus.de\/wp-content\/uploads\/2021\/11\/IMG_3785-1200x1488.jpg 1200w, https:\/\/nackenheim-im-nationalsozialismus.de\/wp-content\/uploads\/2021\/11\/IMG_3785-1980x2456.jpg 1980w\" sizes=\"(max-width: 826px) 100vw, 826px\" \/><figcaption>Das Nackenheimer Rathaus im Jahr 2021 (Aufnahme: privat)<\/figcaption><\/figure>\n\n\n\n<h3 class=\"wp-block-heading\" id=\"ii-terror\">II. Terror<\/h3>\n\n\n\n<p class=\"has-drop-cap\">In der fr\u00fchen Phase der Etablierung der NS-Diktatur ging die NSDAP bewusst \u00f6ffentlich gegen politische Gegner:innen vor. So wurden die h\u00e4ufig gewaltsamen &#8222;Inschutzhaftnahmen&#8220; und Transporte in das KZ Osthofen namentlich in der Zeitung vermeldet und nicht selten von Drohungen an die \u00fcbrige Bev\u00f6lkerung umrahmt, bzw. durch fadenscheinige Vorw\u00e4nde pseudolegitimiert. Unter den H\u00e4ftlingen aus Nackenheim befanden sich neben KPD-Anh\u00e4ngern auch <a rel=\"noreferrer noopener\" href=\"https:\/\/nackenheim-im-nationalsozialismus.de\/?page_id=713\" data-type=\"page\" data-id=\"713\" target=\"_blank\">Heinrich Wolff<\/a>, der vermutlich aus antisemitischen Gr\u00fcnden in Osthofen interniert wurde.<\/p>\n\n\n\n<p><strong>Umfangreiche Informationen zur Verfolgung j\u00fcdischer Nackenheimer:innen finden sich auch auf der Themenseite zur <a href=\"https:\/\/nackenheim-im-nationalsozialismus.de\/?page_id=225\" data-type=\"page\" data-id=\"225\" target=\"_blank\" rel=\"noreferrer noopener\">Verfolgung<\/a><\/strong>.<\/p>\n\n\n<div class=\"wp-block-image\">\n<figure class=\"aligncenter size-large\"><img loading=\"lazy\" decoding=\"async\" width=\"1024\" height=\"720\" src=\"https:\/\/nackenheim-im-nationalsozialismus.de\/wp-content\/uploads\/2022\/01\/Bildschirmfoto-2022-01-03-um-00.20.24-1024x720.png\" alt=\"\" class=\"wp-image-2025\" srcset=\"https:\/\/nackenheim-im-nationalsozialismus.de\/wp-content\/uploads\/2022\/01\/Bildschirmfoto-2022-01-03-um-00.20.24-1024x720.png 1024w, https:\/\/nackenheim-im-nationalsozialismus.de\/wp-content\/uploads\/2022\/01\/Bildschirmfoto-2022-01-03-um-00.20.24-300x211.png 300w, https:\/\/nackenheim-im-nationalsozialismus.de\/wp-content\/uploads\/2022\/01\/Bildschirmfoto-2022-01-03-um-00.20.24-768x540.png 768w, https:\/\/nackenheim-im-nationalsozialismus.de\/wp-content\/uploads\/2022\/01\/Bildschirmfoto-2022-01-03-um-00.20.24-1536x1081.png 1536w, https:\/\/nackenheim-im-nationalsozialismus.de\/wp-content\/uploads\/2022\/01\/Bildschirmfoto-2022-01-03-um-00.20.24-500x352.png 500w, https:\/\/nackenheim-im-nationalsozialismus.de\/wp-content\/uploads\/2022\/01\/Bildschirmfoto-2022-01-03-um-00.20.24-800x563.png 800w, https:\/\/nackenheim-im-nationalsozialismus.de\/wp-content\/uploads\/2022\/01\/Bildschirmfoto-2022-01-03-um-00.20.24-1280x901.png 1280w, https:\/\/nackenheim-im-nationalsozialismus.de\/wp-content\/uploads\/2022\/01\/Bildschirmfoto-2022-01-03-um-00.20.24-1920x1351.png 1920w, https:\/\/nackenheim-im-nationalsozialismus.de\/wp-content\/uploads\/2022\/01\/Bildschirmfoto-2022-01-03-um-00.20.24-1200x844.png 1200w, https:\/\/nackenheim-im-nationalsozialismus.de\/wp-content\/uploads\/2022\/01\/Bildschirmfoto-2022-01-03-um-00.20.24.png 1933w\" sizes=\"(max-width: 1024px) 100vw, 1024px\" \/><figcaption><strong>Quelle<\/strong>: &#8222;Oppenheimer Landskrone&#8220;, 06. Juli 1933<\/figcaption><\/figure><\/div>\n\n<div class=\"wp-block-image\">\n<figure class=\"aligncenter size-large\"><img loading=\"lazy\" decoding=\"async\" width=\"1024\" height=\"590\" src=\"https:\/\/nackenheim-im-nationalsozialismus.de\/wp-content\/uploads\/2022\/01\/Landskrone-08.07.1933-terror-osthofen_1-1024x590.jpg\" alt=\"\" class=\"wp-image-2026\" srcset=\"https:\/\/nackenheim-im-nationalsozialismus.de\/wp-content\/uploads\/2022\/01\/Landskrone-08.07.1933-terror-osthofen_1-1024x590.jpg 1024w, https:\/\/nackenheim-im-nationalsozialismus.de\/wp-content\/uploads\/2022\/01\/Landskrone-08.07.1933-terror-osthofen_1-300x173.jpg 300w, https:\/\/nackenheim-im-nationalsozialismus.de\/wp-content\/uploads\/2022\/01\/Landskrone-08.07.1933-terror-osthofen_1-768x443.jpg 768w, https:\/\/nackenheim-im-nationalsozialismus.de\/wp-content\/uploads\/2022\/01\/Landskrone-08.07.1933-terror-osthofen_1-1536x885.jpg 1536w, https:\/\/nackenheim-im-nationalsozialismus.de\/wp-content\/uploads\/2022\/01\/Landskrone-08.07.1933-terror-osthofen_1-500x288.jpg 500w, https:\/\/nackenheim-im-nationalsozialismus.de\/wp-content\/uploads\/2022\/01\/Landskrone-08.07.1933-terror-osthofen_1-800x461.jpg 800w, https:\/\/nackenheim-im-nationalsozialismus.de\/wp-content\/uploads\/2022\/01\/Landskrone-08.07.1933-terror-osthofen_1-1280x738.jpg 1280w, https:\/\/nackenheim-im-nationalsozialismus.de\/wp-content\/uploads\/2022\/01\/Landskrone-08.07.1933-terror-osthofen_1-1200x692.jpg 1200w, https:\/\/nackenheim-im-nationalsozialismus.de\/wp-content\/uploads\/2022\/01\/Landskrone-08.07.1933-terror-osthofen_1.jpg 1888w\" sizes=\"(max-width: 1024px) 100vw, 1024px\" \/><figcaption><strong>Quelle<\/strong>: &#8222;Oppenheimer Landskrone&#8220;, 08. Juli 1933<\/figcaption><\/figure><\/div>\n\n\n<p>Der im obigen Zeitungsartikel genannte Karl Musseleck <em>senior<\/em> ist der Vater des in der weiter unten aufgef\u00fchrten Quelle zitierten Karl Musseleck, der auf Grund seiner politischen Orientierung denunziert wurde.<\/p>\n\n\n<div class=\"wp-block-image\">\n<figure class=\"aligncenter size-large\"><img loading=\"lazy\" decoding=\"async\" width=\"1024\" height=\"460\" src=\"https:\/\/nackenheim-im-nationalsozialismus.de\/wp-content\/uploads\/2022\/01\/Landskrone-08.09.1933-terror_1-1024x460.jpg\" alt=\"\" class=\"wp-image-2027\" srcset=\"https:\/\/nackenheim-im-nationalsozialismus.de\/wp-content\/uploads\/2022\/01\/Landskrone-08.09.1933-terror_1-1024x460.jpg 1024w, https:\/\/nackenheim-im-nationalsozialismus.de\/wp-content\/uploads\/2022\/01\/Landskrone-08.09.1933-terror_1-300x135.jpg 300w, https:\/\/nackenheim-im-nationalsozialismus.de\/wp-content\/uploads\/2022\/01\/Landskrone-08.09.1933-terror_1-768x345.jpg 768w, https:\/\/nackenheim-im-nationalsozialismus.de\/wp-content\/uploads\/2022\/01\/Landskrone-08.09.1933-terror_1-1536x690.jpg 1536w, https:\/\/nackenheim-im-nationalsozialismus.de\/wp-content\/uploads\/2022\/01\/Landskrone-08.09.1933-terror_1-500x224.jpg 500w, https:\/\/nackenheim-im-nationalsozialismus.de\/wp-content\/uploads\/2022\/01\/Landskrone-08.09.1933-terror_1-800x359.jpg 800w, https:\/\/nackenheim-im-nationalsozialismus.de\/wp-content\/uploads\/2022\/01\/Landskrone-08.09.1933-terror_1-1280x575.jpg 1280w, https:\/\/nackenheim-im-nationalsozialismus.de\/wp-content\/uploads\/2022\/01\/Landskrone-08.09.1933-terror_1-1200x539.jpg 1200w, https:\/\/nackenheim-im-nationalsozialismus.de\/wp-content\/uploads\/2022\/01\/Landskrone-08.09.1933-terror_1.jpg 1568w\" sizes=\"(max-width: 1024px) 100vw, 1024px\" \/><figcaption><strong>Quelle<\/strong>: &#8222;Oppenheimer Landskrone&#8220;, 08. September 1933<\/figcaption><\/figure><\/div>\n\n\n<blockquote class=\"wp-block-quote is-layout-flow wp-block-quote-is-layout-flow\"><p><em>Die festgestellte Tendenz zur gegenseitigen Duldung <\/em>[von Nationalsozialisten und ihren Gegnern]<em> darf allerdings nicht dar\u00fcber hinwegt\u00e4uschen, dass es in bestimmten F\u00e4llen auch zu Verfolgungen und einem strikten Durchgreifen der Nationalsozialisten kam. Vor allem zu Beginn ihrer Herrschaft gingen sie aktiv gegen politische Gegner vor, wenn auch die Rolle der Nackenheimer Kr\u00e4fte dabei unklar ist. Die Kommunisten Anton <\/em><i>R\u00f6singer<\/i><em> und Karl Musseleck wurden Ende 1933 wegen&nbsp;\u201epolitischer Umtriebe\u201c &nbsp;in Nierstein beziehungsweise Karlsruhe verhaftet&nbsp;und auch die<\/em> [angeblich]<em> &#8222;kriminellen kommunistischen Gruppierungen&#8220; des Dorfes wurden aufgel\u00f6st \u2013 eine Ma\u00dfnahme, die von den meisten Nackenheimern begr\u00fc\u00dft wurde.&nbsp;Der ehemalige SPD- Beigeordnete Paul Lenz wurde 1933 auf seiner Stelle bei der Krankenkasse entlassen und sah sich ebenso Ermittlungen wegen Unterschlagung gegen\u00fcber wie Altb\u00fcrgermeister Adam Sans VI., der im Gegensatz zu Lenz jedoch nicht verurteilt wurde und der Haft entging. W\u00e4hrend dieser Zeit der Festigung der nationalsozialistischen Herrschaft sa\u00dfen bis zu seiner Schlie\u00dfung im Juli 1934 wohl insgesamt sechs Nackenheimer zeitweilig im Konzentrationslager Osthofen ein.<\/em><\/p><cite>zit. n. Bick, Henri:&nbsp;<em>Die Gemeinde Nackenheim im \u201eDritten Reich\u201c<\/em>, unver\u00f6ffentlichte Bachelorarbeit, eingereicht am Historischen Seminar der JGU Mainz, 2014, S. 33-34.<\/cite><\/blockquote>\n\n\n\n<p class=\"has-drop-cap\">H\u00e4ufig waren es aber auch gerade Denunziationen und Berichte \u00fcber private Gespr\u00e4che innerhalb der Bev\u00f6lkerung, die zu den &#8222;Inschutzhaftnahmen&#8220; f\u00fchrten, wie es folgende Dokumente f\u00fcr Nackenheim belegen.<\/p>\n\n\n<div class=\"wp-block-image\">\n<figure class=\"aligncenter size-large\"><img loading=\"lazy\" decoding=\"async\" width=\"723\" height=\"1024\" src=\"https:\/\/nackenheim-im-nationalsozialismus.de\/wp-content\/uploads\/2022\/01\/Bildschirmfoto-2022-01-03-um-00.18.57-723x1024.png\" alt=\"\" class=\"wp-image-2028\" srcset=\"https:\/\/nackenheim-im-nationalsozialismus.de\/wp-content\/uploads\/2022\/01\/Bildschirmfoto-2022-01-03-um-00.18.57-723x1024.png 723w, https:\/\/nackenheim-im-nationalsozialismus.de\/wp-content\/uploads\/2022\/01\/Bildschirmfoto-2022-01-03-um-00.18.57-212x300.png 212w, https:\/\/nackenheim-im-nationalsozialismus.de\/wp-content\/uploads\/2022\/01\/Bildschirmfoto-2022-01-03-um-00.18.57-768x1088.png 768w, https:\/\/nackenheim-im-nationalsozialismus.de\/wp-content\/uploads\/2022\/01\/Bildschirmfoto-2022-01-03-um-00.18.57-1084x1536.png 1084w, https:\/\/nackenheim-im-nationalsozialismus.de\/wp-content\/uploads\/2022\/01\/Bildschirmfoto-2022-01-03-um-00.18.57-500x708.png 500w, https:\/\/nackenheim-im-nationalsozialismus.de\/wp-content\/uploads\/2022\/01\/Bildschirmfoto-2022-01-03-um-00.18.57-800x1133.png 800w, https:\/\/nackenheim-im-nationalsozialismus.de\/wp-content\/uploads\/2022\/01\/Bildschirmfoto-2022-01-03-um-00.18.57-1200x1700.png 1200w, https:\/\/nackenheim-im-nationalsozialismus.de\/wp-content\/uploads\/2022\/01\/Bildschirmfoto-2022-01-03-um-00.18.57.png 1217w\" sizes=\"(max-width: 723px) 100vw, 723px\" \/><figcaption><strong>Quelle:<\/strong> LA Sp. Best. J46, 259.<\/figcaption><\/figure><\/div>\n\n\n<figure class=\"wp-block-image size-full is-resized\"><img loading=\"lazy\" decoding=\"async\" src=\"https:\/\/nackenheim-im-nationalsozialismus.de\/wp-content\/uploads\/2022\/03\/IMG_4988.jpg\" alt=\"\" class=\"wp-image-2392\" width=\"610\" height=\"379\" srcset=\"https:\/\/nackenheim-im-nationalsozialismus.de\/wp-content\/uploads\/2022\/03\/IMG_4988.jpg 750w, https:\/\/nackenheim-im-nationalsozialismus.de\/wp-content\/uploads\/2022\/03\/IMG_4988-300x187.jpg 300w, https:\/\/nackenheim-im-nationalsozialismus.de\/wp-content\/uploads\/2022\/03\/IMG_4988-500x311.jpg 500w\" sizes=\"(max-width: 610px) 100vw, 610px\" \/><figcaption>Dieses Foto zeigt den in der obigen Quelle denunzierten Karl Musseleck (Dritter von rechts in der vorderen Reihe). Quelle: Familienbesitz der Familie Musseleck. <\/figcaption><\/figure>\n\n\n\n<p class=\"has-drop-cap\">Karl Musseleck (junior) wurde am 31. Dezember 1898 in D\u00fcsseldorf geboren und starb am 01. April 1938 bei Batea in Spanien. Seit 1928 war er Mitglied der KPD. Als Matrose soll er 1933 \u00fcber 2000 Exemplare der kommunistischen Zeitschrift &#8222;Die Rote Fahne&#8220; von Stra\u00dfburg nach Mannheim geschmuggelt haben. Nach seinem Tod vernichtete seine Witwe aus Angst vor der NS-Regierung nahezu alle Spuren, die an ihn und seine politische T\u00e4tigkeit erinnerten. Das obige Bild ist neben einem weitern Portr\u00e4tfoto daher die einzig erhaltene Fotografie von Karl Musseleck junior. In Bodenheim ist ein Grabstein Karl Musselecks erhalten (siehe Bild).<\/p>\n\n\n\n<figure class=\"wp-block-image size-large\"><a href=\"https:\/\/commons.wikimedia.org\/wiki\/File:Rote-Fahne-1918.jpg\" target=\"_blank\" rel=\"noopener\"><img loading=\"lazy\" decoding=\"async\" width=\"1024\" height=\"361\" src=\"https:\/\/nackenheim-im-nationalsozialismus.de\/wp-content\/uploads\/2022\/03\/Rote-Fahne-1918-1024x361.jpg\" alt=\"\" class=\"wp-image-2393\" srcset=\"https:\/\/nackenheim-im-nationalsozialismus.de\/wp-content\/uploads\/2022\/03\/Rote-Fahne-1918-1024x361.jpg 1024w, https:\/\/nackenheim-im-nationalsozialismus.de\/wp-content\/uploads\/2022\/03\/Rote-Fahne-1918-300x106.jpg 300w, https:\/\/nackenheim-im-nationalsozialismus.de\/wp-content\/uploads\/2022\/03\/Rote-Fahne-1918-768x271.jpg 768w, https:\/\/nackenheim-im-nationalsozialismus.de\/wp-content\/uploads\/2022\/03\/Rote-Fahne-1918-500x176.jpg 500w, https:\/\/nackenheim-im-nationalsozialismus.de\/wp-content\/uploads\/2022\/03\/Rote-Fahne-1918-800x282.jpg 800w, https:\/\/nackenheim-im-nationalsozialismus.de\/wp-content\/uploads\/2022\/03\/Rote-Fahne-1918.jpg 1070w\" sizes=\"(max-width: 1024px) 100vw, 1024px\" \/><\/a><figcaption>&#8222;Die Rote Fahne&#8220;, Zeitungskopf der Ausgabe des 23. Novembers 1918.<br><br>Quelle: Wikipedia (gemeinfrei); https:\/\/commons.wikimedia.org\/wiki\/File:Rote-Fahne-1918.jpg<\/figcaption><\/figure>\n\n\n\n<figure class=\"wp-block-image size-large\"><img loading=\"lazy\" decoding=\"async\" width=\"576\" height=\"1024\" src=\"https:\/\/nackenheim-im-nationalsozialismus.de\/wp-content\/uploads\/2022\/08\/Karl-Musseleck_20.05.2021-576x1024.jpg\" alt=\"\" class=\"wp-image-2419\" srcset=\"https:\/\/nackenheim-im-nationalsozialismus.de\/wp-content\/uploads\/2022\/08\/Karl-Musseleck_20.05.2021-576x1024.jpg 576w, https:\/\/nackenheim-im-nationalsozialismus.de\/wp-content\/uploads\/2022\/08\/Karl-Musseleck_20.05.2021-169x300.jpg 169w, https:\/\/nackenheim-im-nationalsozialismus.de\/wp-content\/uploads\/2022\/08\/Karl-Musseleck_20.05.2021-768x1365.jpg 768w, https:\/\/nackenheim-im-nationalsozialismus.de\/wp-content\/uploads\/2022\/08\/Karl-Musseleck_20.05.2021-864x1536.jpg 864w, https:\/\/nackenheim-im-nationalsozialismus.de\/wp-content\/uploads\/2022\/08\/Karl-Musseleck_20.05.2021-500x889.jpg 500w, https:\/\/nackenheim-im-nationalsozialismus.de\/wp-content\/uploads\/2022\/08\/Karl-Musseleck_20.05.2021-800x1422.jpg 800w, https:\/\/nackenheim-im-nationalsozialismus.de\/wp-content\/uploads\/2022\/08\/Karl-Musseleck_20.05.2021.jpg 1152w\" sizes=\"(max-width: 576px) 100vw, 576px\" \/><figcaption>Quelle: privat<\/figcaption><\/figure>\n\n\n<div class=\"wp-block-image\">\n<figure class=\"aligncenter size-large\"><img loading=\"lazy\" decoding=\"async\" width=\"747\" height=\"1024\" src=\"https:\/\/nackenheim-im-nationalsozialismus.de\/wp-content\/uploads\/2022\/01\/Bildschirmfoto-2022-01-03-um-00.17.08-747x1024.png\" alt=\"\" class=\"wp-image-2029\" srcset=\"https:\/\/nackenheim-im-nationalsozialismus.de\/wp-content\/uploads\/2022\/01\/Bildschirmfoto-2022-01-03-um-00.17.08-747x1024.png 747w, https:\/\/nackenheim-im-nationalsozialismus.de\/wp-content\/uploads\/2022\/01\/Bildschirmfoto-2022-01-03-um-00.17.08-219x300.png 219w, https:\/\/nackenheim-im-nationalsozialismus.de\/wp-content\/uploads\/2022\/01\/Bildschirmfoto-2022-01-03-um-00.17.08-768x1053.png 768w, https:\/\/nackenheim-im-nationalsozialismus.de\/wp-content\/uploads\/2022\/01\/Bildschirmfoto-2022-01-03-um-00.17.08-1121x1536.png 1121w, https:\/\/nackenheim-im-nationalsozialismus.de\/wp-content\/uploads\/2022\/01\/Bildschirmfoto-2022-01-03-um-00.17.08-500x685.png 500w, https:\/\/nackenheim-im-nationalsozialismus.de\/wp-content\/uploads\/2022\/01\/Bildschirmfoto-2022-01-03-um-00.17.08-800x1097.png 800w, https:\/\/nackenheim-im-nationalsozialismus.de\/wp-content\/uploads\/2022\/01\/Bildschirmfoto-2022-01-03-um-00.17.08-1200x1645.png 1200w, https:\/\/nackenheim-im-nationalsozialismus.de\/wp-content\/uploads\/2022\/01\/Bildschirmfoto-2022-01-03-um-00.17.08.png 1268w\" sizes=\"(max-width: 747px) 100vw, 747px\" \/><figcaption><strong>Quelle:<\/strong> LA Sp. Best. U199, 100.<\/figcaption><\/figure><\/div>\n\n\n<p class=\"has-drop-cap\">F\u00fcr Bodenheim ist belegt, dass es zu \u00f6ffentlichen und auch dem\u00fctigenden &#8222;Strafma\u00dfnahmen&#8220; unter Aufsicht der SA kam, wie folgendes Foto zeigt:<\/p>\n\n\n<div class=\"wp-block-image\">\n<figure class=\"aligncenter size-full is-resized\"><img loading=\"lazy\" decoding=\"async\" src=\"https:\/\/nackenheim-im-nationalsozialismus.de\/wp-content\/uploads\/2021\/07\/SA-wahrscheinlich-1933-1.jpg\" alt=\"\" class=\"wp-image-339\" width=\"400\" height=\"616\" srcset=\"https:\/\/nackenheim-im-nationalsozialismus.de\/wp-content\/uploads\/2021\/07\/SA-wahrscheinlich-1933-1.jpg 1600w, https:\/\/nackenheim-im-nationalsozialismus.de\/wp-content\/uploads\/2021\/07\/SA-wahrscheinlich-1933-1-195x300.jpg 195w, https:\/\/nackenheim-im-nationalsozialismus.de\/wp-content\/uploads\/2021\/07\/SA-wahrscheinlich-1933-1-665x1024.jpg 665w, https:\/\/nackenheim-im-nationalsozialismus.de\/wp-content\/uploads\/2021\/07\/SA-wahrscheinlich-1933-1-768x1183.jpg 768w, https:\/\/nackenheim-im-nationalsozialismus.de\/wp-content\/uploads\/2021\/07\/SA-wahrscheinlich-1933-1-997x1536.jpg 997w, https:\/\/nackenheim-im-nationalsozialismus.de\/wp-content\/uploads\/2021\/07\/SA-wahrscheinlich-1933-1-1330x2048.jpg 1330w, https:\/\/nackenheim-im-nationalsozialismus.de\/wp-content\/uploads\/2021\/07\/SA-wahrscheinlich-1933-1-1200x1848.jpg 1200w\" sizes=\"(max-width: 400px) 100vw, 400px\" \/><figcaption>Die Bodenheimer Willy Jerz und Lothar Mayer mussten 1933 unter Aufsicht der SA NS-feindliche &#8222;Schmierereien&#8220; an einer Mauer am Sch\u00f6nbornplatz in Bodenheim abwaschen.  (<strong>Foto:<\/strong> H. Kasper, Privatarchiv)<\/figcaption><\/figure><\/div>\n\n\n<h3 class=\"wp-block-heading\" id=\"ii-terror\">III. Das Konzentrationslager Osthofen als Ort des Terrors<\/h3>\n\n\n\n<p class=\"has-text-align-center has-accent-color has-text-color\">Ein Beitrag einer Sch\u00fclerin der MSS10<\/p>\n\n\n\n<p class=\"has-drop-cap\" id=\"ii-terror\">Seit einigen Jahren schon besuchen die Ethik- und Religionskurse der 10. Klasse des Gymnasiums Nackenheim j\u00e4hrlich die Gedenkst\u00e4tte Osthofen.<\/p>\n\n\n\n<p>Anfang M\u00e4rz 1933 wurde die stillgelegte Papierfabrik zu einem Konzentrationslager umfunktioniert. Das Konzentrationslager wurde durch die nationalsozialistische Propaganda als \u201eUmerziehungs- und Besserungsanstalt\u201c bezeichnet. Inhaftiert waren politisch Oppositionelle (Mitglieder der SPD, KPD und des Zentrums, Kommunisten, \u2026), aber auch Juden. Offiziell war das KZ Osthofen nicht spezifisch antisemitisch und offiziell soll es auch keine Todesf\u00e4lle in dieser Einrichtung gegeben haben.&nbsp;<\/p>\n\n\n\n<p>Das KZ Osthofen wurde bereits im Juli 1934 wieder aufgel\u00f6st. Das Geb\u00e4ude wurde anschlie\u00dfend im Oktober 1936 zwangsversteigert und als M\u00f6belfabrik (Hildebrand &amp; B\u00fchner G.m.b.H.) genutzt, weshalb heute keine Spuren spezifisch von den Inhaftierten zu finden sind.<\/p>\n\n\n\n<p>Seit 1978 ist an der Au\u00dfenmauer des Geb\u00e4udes eine Gedenktafel mit der Inschrift \u201eHIER WAR 1933-35 DAS HESSISCHE KZ LAGER OSTHOFEN.&nbsp;&nbsp;NIEMALS WIEDER!\u201c zu finden.<\/p>\n\n\n\n<p>Am 21. Dezember 2021 erhielten die Ethik- und Religionskurse der 10. Klasse des Gymnasiums Nackenheim eine F\u00fchrung durch die Gedenkst\u00e4tte Osthofen. Die Sch\u00fclerInnen wurden \u00fcber die Entstehung, Aufl\u00f6sung und Lage des Konzentrationslagers Osthofen, den Alltag der Inhaftierten und die Reaktionen der Anwohner informiert. Deshalb tr\u00e4gt auch die aktuelle Sonderausstellung den Namen \u201eEinige waren Nachbarn\u201c. In Vortr\u00e4gen und Rundg\u00e4ngen wurden der Sch\u00fclerschaft folgende Informationen unterbreitet:<\/p>\n\n\n\n<h4 class=\"wp-block-heading\">Alltag<\/h4>\n\n\n\n<p>Die Inhaftierten schliefen in einem gro\u00dfen Schlafsaal auf selbstgebauten Pritschen aus Holzresten. Aufgrund des nass- kalten Klimas wurden die meisten Inhaftierten schnell krank. Schwerwiegende Lungenerkrankungen waren nicht selten, wobei vom Lagerarzt keine Hilfe zu erwarten war. Um das Image der \u201eErziehungs- und Besserungsanstalt\u201c zu bewahren wurden Kranke entlassen, bevor sie im Lager selbst verstarben. Morgens hatten die Inhaftierten nur wenig Zeit, um zu essen und sich zu waschen, wobei man hier eigentlich wohl kaum von \u201ewaschen\u201c sprechen kann, da nur ein Haufen Sand bereitstand, um den gr\u00f6bsten Schmutz von K\u00f6rper zu reiben. \u00dcber den Tag hin verteilt erhielten die Inhaftierten sinnlose Aufgaben, wie beispielsweise den Sandhaufen ohne Werkzeuge in verschiedene Ecken des Hofes zu transportieren, nur um wieder am Ausgangspunkt anzukommen. Diese Aufgaben waren dazu da, um den Willen und den Geist zu brechen. Am \u201ebeliebtesten\u201c waren Aufgaben Au\u00dferhalb (z.B. in den Weinh\u00e4ngen), da die Inhaftierten dort nicht nur, wenn auch nur f\u00fcr kurze Zeit, aus dem Lager herauskamen, sondern auch weil sie mit etwas \u201eGl\u00fcck\u201c von den Anwohnern etwas zu Essen bekamen. Das Essen im KZ Osthofen bestand aus einer Mischung aus Suppe und Eintopf aus Lebensmitteln, welche aus der Umgebung \u00fcbrigblieben. In einem gro\u00dfen Topf kochte t\u00e4glich ein Insasse die Lebensmittelreste zusammen und streckte alles mit Wasser, sodass gerade \u201egenug\u201c f\u00fcr alle da war.<\/p>\n\n\n\n<p>Im Schlafsaal kamen teilweise bis zu 80 M\u00e4nner zusammen. Da, obwohl alle gegen den Nationalsozialismus waren, die verschiedenen Gruppierungen (v.a. Kommunisten und Sozialdemokraten) unterschiedliche Meinungen hatten, sorgten die W\u00e4rter immer wieder f\u00fcr Streitereien, um zu verhindern, dass sich alle Inhaftierten zusammenschlossen, da die W\u00e4rter in der Unterzahl und nicht vollst\u00e4ndig ausger\u00fcstet waren. Juden wurden von den W\u00e4rtern schlechter behandelt.<\/p>\n\n\n\n<h4 class=\"wp-block-heading\">AnwohnerInnen<\/h4>\n\n\n\n<p>&nbsp;Jeder wusste, dass mitten im Ort das Konzentrationslager stand. Jedoch stellten die Nationalsozialisten in ihrer Propaganda das KZ als eine Anstalt dar, in der den Menschen geholfen werden w\u00fcrde. So wurden viele Presseberichte ver\u00f6ffentlicht, in denen angepriesen wurde, wie gutes Essen selbst politische Gegner bekamen. Den Sch\u00fclerInnen des Gymnasiums Nackenheim wurde so ein Zeitungsfoto gezeigt, auf dem die Inhaftierten in guten Anz\u00fcgen vor einem guten Essen sa\u00dfen. Anschlie\u00dfend wurde erkl\u00e4rt, dass das Foto gestellt wurde.&nbsp;&nbsp;Die Inhaftierten hatten nur f\u00fcr das Pressefoto Seife zum Waschen bekommen und auch nur die noch am ges\u00fcndesten Insassen wurden f\u00fcr das Foto ausgew\u00e4hlt. Auch das Essen war eigentlich nur f\u00fcr die W\u00e4rter bestimmt und durfte von den Insassen nicht anger\u00fchrt werden. Diese Propaganda hielt die Anwohner davon ab, zu genau hinzusehen. Au\u00dferdem sorgten die sinnlosen Arbeiten der Inhaftierten dazu, dass sie nach kurzer Zeit (meist ein paar Wochen und nur selten Monate) \u201egebrochen\u201c entlassen wurden und aus Dem\u00fctigung oder Angst nicht \u00fcber ihre Zeit im Konzentrationslager sprachen. Dennoch reichten einige Anwohner Essen und Kleidung \u00fcber das Tor den Inhaftierten zu.<\/p>\n\n\n\n<h4 class=\"wp-block-heading\">Lage<\/h4>\n\n\n\n<p>Der im Alltagsexkurs beschriebene Alltag trifft nur auf Lager 1 (dem gro\u00dfen Schlafsaal) zu. Es gab auch noch das Lager 2. In diesen Lager 2 waren die Umst\u00e4nde (Hygiene, Nahrung, \u2026) deutlich fataler. Die Inhaftierten wurden in, dem in einer nahegelegenen Holzm\u00fchle liegenden, Lager 2 einzeln isoliert inhaftiert. Auch bekamen die Insassen dort auch kaum Nahrungsmittel, sodass Inhaftierte in Lager 2 noch st\u00e4rker und schneller abmagerten, als die Inhaftierten in Lager 1. Auch diente Lager 2 als Abschreckung und Warnung an die Inhaftierten aus Lager 1, um diese davon abzuhalten, sich zu wehren.<\/p>\n\n\n\n<p>Der \u201eLagerarzt\u201c des KZ Osthofen kann nicht wirklich als Arzt bezeichnet werden. Dieser Arzt stellte lediglich zu Beginn der Haft eines jeden Insassen eine Bescheinigung aus, um zu belegen, dass die M\u00e4nner arbeitsf\u00e4hig und gesund seien. Diese Bescheinigung was meistens eine L\u00fcge. Auch behandelte der Lagerarzt erkrankte Insassen nicht und war meist gar nicht erst auf dem Gel\u00e4nde aufzufinden.<\/p>\n\n\n\n<p>Durch die Exkursion konnte der 10. Jahrgang sehr viele Eindr\u00fccke und Informationen sammeln. Das Programm war informativ und sehr detailliert gestaltet.<\/p>\n\n\n\n<figure class=\"wp-block-image size-large\"><img loading=\"lazy\" decoding=\"async\" width=\"1024\" height=\"627\" src=\"https:\/\/nackenheim-im-nationalsozialismus.de\/wp-content\/uploads\/2022\/02\/KZ-Gedenkstaette-Osthofen-1024x627.jpg\" alt=\"\" class=\"wp-image-2230\" srcset=\"https:\/\/nackenheim-im-nationalsozialismus.de\/wp-content\/uploads\/2022\/02\/KZ-Gedenkstaette-Osthofen-1024x627.jpg 1024w, https:\/\/nackenheim-im-nationalsozialismus.de\/wp-content\/uploads\/2022\/02\/KZ-Gedenkstaette-Osthofen-300x184.jpg 300w, https:\/\/nackenheim-im-nationalsozialismus.de\/wp-content\/uploads\/2022\/02\/KZ-Gedenkstaette-Osthofen-768x470.jpg 768w, https:\/\/nackenheim-im-nationalsozialismus.de\/wp-content\/uploads\/2022\/02\/KZ-Gedenkstaette-Osthofen-500x306.jpg 500w, https:\/\/nackenheim-im-nationalsozialismus.de\/wp-content\/uploads\/2022\/02\/KZ-Gedenkstaette-Osthofen-800x490.jpg 800w, https:\/\/nackenheim-im-nationalsozialismus.de\/wp-content\/uploads\/2022\/02\/KZ-Gedenkstaette-Osthofen-1280x784.jpg 1280w, https:\/\/nackenheim-im-nationalsozialismus.de\/wp-content\/uploads\/2022\/02\/KZ-Gedenkstaette-Osthofen-1200x735.jpg 1200w, https:\/\/nackenheim-im-nationalsozialismus.de\/wp-content\/uploads\/2022\/02\/KZ-Gedenkstaette-Osthofen.jpg 1319w\" sizes=\"(max-width: 1024px) 100vw, 1024px\" \/><figcaption>Foto der KZ-Gedenkst\u00e4tte Osthofen im Winter 2021\/22<\/figcaption><\/figure>\n","protected":false},"excerpt":{"rendered":"<p>Ein Beitrag von Lehrer:innen des Gymnasiums Nackenheim I. NS-Propaganda Propaganda entfaltete in vielf\u00e4ltigen Formen ihre Wirksamkeit. Von Kinofilmen \u00fcber Feste, Gro\u00dfkundgebungen oder Einladungen zum Eintopfessen &#8211; die Ansprache der &#8222;Volksgemeinschaft&#8220; erfolgte unter \u00fcber die Zeitung sowie \u00f6ffentliche Aush\u00e4nge. Aus der &#8222;Oppenheimer Landskrone&#8220; wird ersichtlich, dass f\u00fcr Nackenheimer:innen Kinobesuche in den &#8222;Niersteiner Rheinlichtspielen&#8220;, in den &#8222;Oppenheimer [&hellip;]<\/p>\n","protected":false},"author":1,"featured_media":0,"parent":0,"menu_order":0,"comment_status":"closed","ping_status":"closed","template":"","meta":{"_vp_format_video_url":"","_vp_image_focal_point":[],"footnotes":""},"_links":{"self":[{"href":"https:\/\/nackenheim-im-nationalsozialismus.de\/index.php?rest_route=\/wp\/v2\/pages\/219"}],"collection":[{"href":"https:\/\/nackenheim-im-nationalsozialismus.de\/index.php?rest_route=\/wp\/v2\/pages"}],"about":[{"href":"https:\/\/nackenheim-im-nationalsozialismus.de\/index.php?rest_route=\/wp\/v2\/types\/page"}],"author":[{"embeddable":true,"href":"https:\/\/nackenheim-im-nationalsozialismus.de\/index.php?rest_route=\/wp\/v2\/users\/1"}],"replies":[{"embeddable":true,"href":"https:\/\/nackenheim-im-nationalsozialismus.de\/index.php?rest_route=%2Fwp%2Fv2%2Fcomments&post=219"}],"version-history":[{"count":60,"href":"https:\/\/nackenheim-im-nationalsozialismus.de\/index.php?rest_route=\/wp\/v2\/pages\/219\/revisions"}],"predecessor-version":[{"id":2424,"href":"https:\/\/nackenheim-im-nationalsozialismus.de\/index.php?rest_route=\/wp\/v2\/pages\/219\/revisions\/2424"}],"wp:attachment":[{"href":"https:\/\/nackenheim-im-nationalsozialismus.de\/index.php?rest_route=%2Fwp%2Fv2%2Fmedia&parent=219"}],"curies":[{"name":"wp","href":"https:\/\/api.w.org\/{rel}","templated":true}]}}