{"id":225,"date":"2021-07-15T07:57:32","date_gmt":"2021-07-15T07:57:32","guid":{"rendered":"https:\/\/nackenheim-im-nationalsozialismus.de\/?page_id=225"},"modified":"2022-01-09T19:18:10","modified_gmt":"2022-01-09T19:18:10","slug":"verfolgung","status":"publish","type":"page","link":"https:\/\/nackenheim-im-nationalsozialismus.de\/?page_id=225","title":{"rendered":"Verfolgung"},"content":{"rendered":"\n<p class=\"has-text-align-center has-accent-color has-text-color\"><strong>Ein Beitrag von Lehrer:innen des Gymnasiums Nackenheim<\/strong><\/p>\n\n\n\n<h3 class=\"wp-block-heading\">Antisemitismus vor 1933<\/h3>\n\n\n\n<p><em>Auszug aus einen Aufsatz des Historikers Elmar Rettinger zur Situation der J\u00fcdinnen und Juden in Mainz und Umgebung Ende des 19. Jahrhunderts<\/em><\/p>\n\n\n\n<blockquote class=\"wp-block-quote is-layout-flow wp-block-quote-is-layout-flow\"><p>Nachdem der allgemeine wirtschaftliche Aufschwung der 50er und 60er Jahre der 19. Jahrhunderts zu einer Beruhigung gef\u00fchrt hatte, war das Ende des Jahrhunderts vor dem Hintergrund der wirtschaftlichen Depression von 1874-79 von einem erneuten Aufflammen der Judenfeindschaft gepr\u00e4gt. Bestimmten vorwiegend religi\u00f6se und wirtschaftliche Motive die traditionelle Judenfeindschaft, war der \u201emoderne Antisemitismus\u201c (&#8230;) anders strukturiert. Er bezog die Ideen des Nationalismus und Rassismus in die Judenfeindschaft mit ein. (&#8230;) Die Wurzeln dieser neuen Feindschaft, wie Aggression gegen eine nur teilweise integrierte Minderheit, wirtschaftliche Gegens\u00e4tze aufgrund der den Juden aufgezwungenen Sonderrolle und religi\u00f6se Unterschiede, reichen allerdings weit in die Vergangenheit zur\u00fcck. (&#8230;) Ein Beispiel ist die antisemitische Bewegung um <a rel=\"noreferrer noopener\" href=\"https:\/\/de.wikipedia.org\/wiki\/Otto_B%C3%B6ckel\" target=\"_blank\">Otto B\u00f6ckel<\/a> in Hessen, deren programmatischer Kernpunkt die Ausbeutung der Bauern durch die Juden war. B\u00f6ckels \u201eDeutsch-soziale Partei\u201c erhielt bei den Reichstagswahlen von 1893 im Wahlkreis Mainz-Oppenheim lediglich 270, d.h. 1,3% von insgesamt 21.699 abgegebenen g\u00fcltigen Stimmen. Bei der Reichstagswahl 1896 kandidierte im Wahlkreis Mainz eine eigener antisemitischer Kandidat, der Weingutsbesitzer Michael Wolf aus Stadecken. Wolf erhielt 864 Stimmen, davon immerhin 566 aus kleinen D\u00f6rfern im Kreis. Antisemitische Gruppen hatten jedoch in der \u00d6ffentlichkeit ein gr\u00f6\u00dferes Echo als ihre schwache Stellung in den Parlamenten vermuten lie\u00dfe. Der Antisemitismus war in allen Gesellschaftsschichten zu finden, die eigentlichen Tr\u00e4ger der Bewegung waren aber die Bev\u00f6lkerungsgruppen, an denen der allgemeine wirtschaftliche Aufschwung seit der Mitte des 19. Jahrhunderts weitgehend vorbeigegangen war, d.h. der Mittelstand und die Bauern auf dem Lande. (&#8230;) Der Judenhass Ende des 19. Jahrhunderts (&#8230;) erzeugte auch \u201eganz konkrete Bilder, Sentenzen und Schlagworte\u201c, die im Volksmunde weiterlebten.<\/p><cite>zit. n. Rettinger, Elmar: Juden in der Stadt Mainz und Umgebung, in: <em>Juden in Nieder-Olm.<\/em> Hrsg. von Peter Weisrock (Nieder-Olmer Dokumentationen 1), Nieder-Olm 1988 (2. Auflage 2000), siehe auch: https:\/\/www.regionalgeschichte.net\/fileadmin\/Superportal\/Bibliothek\/Autoren\/Rettinger\/LandjudenMainzElmar.pdf<\/cite><\/blockquote>\n\n\n\n<hr class=\"wp-block-separator is-style-default\"\/>\n\n\n\n<figure class=\"wp-block-image alignwide size-large\"><img loading=\"lazy\" decoding=\"async\" width=\"1024\" height=\"724\" src=\"https:\/\/nackenheim-im-nationalsozialismus.de\/wp-content\/uploads\/2021\/08\/Antisemitismus_Reich-1024x724.png\" alt=\"\" class=\"wp-image-1098\" srcset=\"https:\/\/nackenheim-im-nationalsozialismus.de\/wp-content\/uploads\/2021\/08\/Antisemitismus_Reich-1024x724.png 1024w, https:\/\/nackenheim-im-nationalsozialismus.de\/wp-content\/uploads\/2021\/08\/Antisemitismus_Reich-300x212.png 300w, https:\/\/nackenheim-im-nationalsozialismus.de\/wp-content\/uploads\/2021\/08\/Antisemitismus_Reich-768x543.png 768w, https:\/\/nackenheim-im-nationalsozialismus.de\/wp-content\/uploads\/2021\/08\/Antisemitismus_Reich-1536x1086.png 1536w, https:\/\/nackenheim-im-nationalsozialismus.de\/wp-content\/uploads\/2021\/08\/Antisemitismus_Reich-500x354.png 500w, https:\/\/nackenheim-im-nationalsozialismus.de\/wp-content\/uploads\/2021\/08\/Antisemitismus_Reich-800x566.png 800w, https:\/\/nackenheim-im-nationalsozialismus.de\/wp-content\/uploads\/2021\/08\/Antisemitismus_Reich-1280x905.png 1280w, https:\/\/nackenheim-im-nationalsozialismus.de\/wp-content\/uploads\/2021\/08\/Antisemitismus_Reich-1920x1357.png 1920w, https:\/\/nackenheim-im-nationalsozialismus.de\/wp-content\/uploads\/2021\/08\/Antisemitismus_Reich-1200x848.png 1200w, https:\/\/nackenheim-im-nationalsozialismus.de\/wp-content\/uploads\/2021\/08\/Antisemitismus_Reich-1980x1400.png 1980w, https:\/\/nackenheim-im-nationalsozialismus.de\/wp-content\/uploads\/2021\/08\/Antisemitismus_Reich.png 2000w\" sizes=\"(max-width: 1024px) 100vw, 1024px\" \/><\/figure>\n\n\n\n<hr class=\"wp-block-separator is-style-default\"\/>\n\n\n\n<h3 class=\"alignfull has-text-align-center wp-block-heading\">Ausgrenzung und Diskriminierung von Nackenheimer:innen<\/h3>\n\n\n\n<p><em>Auszug aus einer unver\u00f6ffentlichten Forschungsarbeit Henri Bicks zur Verfolgung von J\u00fcdinnen und Juden in Nackenheim.<\/em><\/p>\n\n\n\n<blockquote class=\"wp-block-quote is-layout-flow wp-block-quote-is-layout-flow\"><p>Dennoch machen die politisch und ideologisch motivierten Morde an Nackenheimern deutlich, dass die Herrschaft der Nationalsozialisten auch in der Gemeinde bis zum \u00c4u\u00dfersten ging und trotz der festgestellten relativ zur\u00fcckhaltenden Verfolgungsma\u00dfnahmen gegen\u00fcber einem Gros der Bev\u00f6lkerung schwerste Folgen f\u00fcr einzelne B\u00fcrger, deren Familien und das gesamte Dorf hatte, in dem quasi alle miteinander bekannt waren. Die Zur\u00fcckhaltung der Nationalsozialisten hatte nicht nur in diesen F\u00e4llen ihre Grenzen, sondern auch beim Umgang mit den sieben Nackenheimer Juden, von denen zwei, <a rel=\"noreferrer noopener\" href=\"https:\/\/nackenheim-im-nationalsozialismus.de\/?page_id=713\" data-type=\"page\" data-id=\"713\" target=\"_blank\">Heinrich und Selma Wolff<\/a>, 1942 deportiert und ermordet wurden.&nbsp;Bereits im Juli 1933 war Heinrich Wolff f\u00fcr kurze Zeit im Konzentrationslager Osthofen inhaftiert&nbsp;und auch danach waren die Nackenheimer Juden, das hei\u00dft der Landprodukteh\u00e4ndler Wolff mit seiner Frau Selma und den S\u00f6hnen Herbert und Helmut sowie der Hausierer Luvi Heumann mit Frau Maria und  [ihrer Tochter], zahlreichen Repressionen ausgesetzt. Die Nationalsozialisten warfen nachts mit Steinen auf das Haus der Wolffs&nbsp;und als sie mit einem Lkw Heumanns Schaufenster zerst\u00f6rten und der Familie zu Leibe r\u00fccken wollten, musste diese zur benachbarten Familie  [&#8230;] fl\u00fcchten, die sie versteckte, bis die Nationalsozialisten wieder abger\u00fcckt waren. Nicht nur mittels Gewaltma\u00dfnahmen und gesellschaftlicher Ausgrenzung wie dem Rauswurf Wolffs aus Feuerwehr und Turnverein, dem Hausverbot f\u00fcr <a rel=\"noreferrer noopener\" href=\"https:\/\/nackenheim-im-nationalsozialismus.de\/?page_id=758\" data-type=\"page\" data-id=\"758\" target=\"_blank\">Luvi Heumann<\/a> in seinem Stammlokal [&#8230;], sondern auch wirtschaftlich versuchten die Nationalsozialisten, die Nackenheimer Juden zu treffen. So wurde der Boykott ihrer Gesch\u00e4fte propagiert und B\u00fcrgermeister Otto sprach sich gegen\u00fcber dem Kreisamt mehrfach daf\u00fcr aus, f\u00fcr den Gesch\u00e4ftsbetrieb notwendige Genehmigungen zu versagen, da Heumann sein Gesch\u00e4ft dazu nutzen w\u00fcrde,&nbsp;<em>\u201eum die Regierung durch seine sp\u00f6ttischen Redensarten zu denunzieren.\u201c<\/em>&nbsp;Auch Wolff sei&nbsp;<em>\u201edie Betreibung jeglichen Erwerbes <\/em>[zu untersagen]<em>, damit endlich unsere Einwohner von solchen fremden P* befreit werden und der Jude von dem leben kann, was er dem deutschen Volke abgeramscht hat.\u201c<\/em>&nbsp;Dennoch kam das Kreisamt diesen Aufforderungen der B\u00fcrgermeisterei, die auf einen tiefen Judenhass einiger Nationalsozialisten schlie\u00dfen lassen,&nbsp;nicht nach und entzog erst 1937 Heumann den Wandergewerbeschein.&nbsp;Als Otto sich daraufhin beschwerte, weil Heumann immer noch hausieren ging, ergriff man in Oppenheim [&#8230;] Partei und erkl\u00e4rte dem&nbsp;ahnungslosen Otto und der Bodenheimer Gendarmerie, dass Heumann auch ohne Wandergewerbeschein in Nackenheim hausieren d\u00fcrfe.&nbsp;So offenbaren sich auch hier Dissonanzen im nationalsozialistischen Staatsapparat.<\/p><cite>zit. n. Bick, Henri:&nbsp;<em>Die Gemeinde Nackenheim im \u201eDritten Reich\u201c<\/em>, unver\u00f6ffentlichte Bachelorarbeit, eingereicht am Historischen Seminar der JGU Mainz, 2014, S. 36-37. (Die Tilgungen wurden nachtr\u00e4glich vorgenommen).<\/cite><\/blockquote>\n\n\n\n<h5 class=\"alignfull has-text-align-center has-secondary-color has-text-color wp-block-heading\">Herausdr\u00e4ngung aus dem wirtschaftlichen Leben<\/h5>\n\n\n\n<div class=\"wp-block-columns alignfull is-layout-flex wp-container-core-columns-is-layout-1 wp-block-columns-is-layout-flex\">\n<div class=\"wp-block-column is-layout-flow wp-block-column-is-layout-flow\" style=\"flex-basis:50%\">\n<div class=\"wp-block-group\"><div class=\"wp-block-group__inner-container is-layout-flow wp-block-group-is-layout-flow\">\n<figure class=\"wp-block-image size-large\"><img loading=\"lazy\" decoding=\"async\" width=\"1024\" height=\"797\" src=\"https:\/\/nackenheim-im-nationalsozialismus.de\/wp-content\/uploads\/2021\/07\/U-199-19-7-LA-Speyer-1024x797.jpg\" alt=\"\" class=\"wp-image-722\" srcset=\"https:\/\/nackenheim-im-nationalsozialismus.de\/wp-content\/uploads\/2021\/07\/U-199-19-7-LA-Speyer-1024x797.jpg 1024w, https:\/\/nackenheim-im-nationalsozialismus.de\/wp-content\/uploads\/2021\/07\/U-199-19-7-LA-Speyer-300x233.jpg 300w, https:\/\/nackenheim-im-nationalsozialismus.de\/wp-content\/uploads\/2021\/07\/U-199-19-7-LA-Speyer-768x598.jpg 768w, https:\/\/nackenheim-im-nationalsozialismus.de\/wp-content\/uploads\/2021\/07\/U-199-19-7-LA-Speyer-1536x1195.jpg 1536w, https:\/\/nackenheim-im-nationalsozialismus.de\/wp-content\/uploads\/2021\/07\/U-199-19-7-LA-Speyer-2048x1594.jpg 2048w, https:\/\/nackenheim-im-nationalsozialismus.de\/wp-content\/uploads\/2021\/07\/U-199-19-7-LA-Speyer-500x389.jpg 500w, https:\/\/nackenheim-im-nationalsozialismus.de\/wp-content\/uploads\/2021\/07\/U-199-19-7-LA-Speyer-800x623.jpg 800w, https:\/\/nackenheim-im-nationalsozialismus.de\/wp-content\/uploads\/2021\/07\/U-199-19-7-LA-Speyer-1280x996.jpg 1280w, https:\/\/nackenheim-im-nationalsozialismus.de\/wp-content\/uploads\/2021\/07\/U-199-19-7-LA-Speyer-1920x1494.jpg 1920w, https:\/\/nackenheim-im-nationalsozialismus.de\/wp-content\/uploads\/2021\/07\/U-199-19-7-LA-Speyer-1200x934.jpg 1200w, https:\/\/nackenheim-im-nationalsozialismus.de\/wp-content\/uploads\/2021\/07\/U-199-19-7-LA-Speyer-1980x1541.jpg 1980w\" sizes=\"(max-width: 1024px) 100vw, 1024px\" \/><figcaption><strong>Quelle:<\/strong> LA Sp. Best. U199, 20 (selbstst\u00e4ndig vorgenommene Tilgung).<\/figcaption><\/figure>\n\n\n\n<p class=\"has-primary-color has-text-color has-small-font-size\"><meta charset=\"utf-8\">Eine Chronologie antisemitischer Ma\u00dfnahmen gegen die <strong><a href=\"https:\/\/nackenheim-im-nationalsozialismus.de\/?page_id=323\" data-type=\"URL\" data-id=\"https:\/\/nackenheim-im-nationalsozialismus.de\/?page_id=323\" target=\"_blank\" rel=\"noreferrer noopener\">Familie Wolff <\/a><\/strong>findet sich <strong><a href=\"https:\/\/nackenheim-im-nationalsozialismus.de\/?page_id=713\" data-type=\"page\" data-id=\"713\" target=\"_blank\" rel=\"noreferrer noopener\">hier. <\/a><\/strong><\/p>\n<\/div><\/div>\n<\/div>\n\n\n\n<div class=\"wp-block-column is-layout-flow wp-block-column-is-layout-flow\" style=\"flex-basis:50%\">\n<figure class=\"wp-block-image size-full\"><img loading=\"lazy\" decoding=\"async\" width=\"2560\" height=\"1647\" src=\"https:\/\/nackenheim-im-nationalsozialismus.de\/wp-content\/uploads\/2021\/07\/U-199-19-LA-Speyer-scaled.jpg\" alt=\"\" class=\"wp-image-783\" srcset=\"https:\/\/nackenheim-im-nationalsozialismus.de\/wp-content\/uploads\/2021\/07\/U-199-19-LA-Speyer-scaled.jpg 2560w, https:\/\/nackenheim-im-nationalsozialismus.de\/wp-content\/uploads\/2021\/07\/U-199-19-LA-Speyer-300x193.jpg 300w, https:\/\/nackenheim-im-nationalsozialismus.de\/wp-content\/uploads\/2021\/07\/U-199-19-LA-Speyer-1024x659.jpg 1024w, https:\/\/nackenheim-im-nationalsozialismus.de\/wp-content\/uploads\/2021\/07\/U-199-19-LA-Speyer-768x494.jpg 768w, https:\/\/nackenheim-im-nationalsozialismus.de\/wp-content\/uploads\/2021\/07\/U-199-19-LA-Speyer-1536x988.jpg 1536w, https:\/\/nackenheim-im-nationalsozialismus.de\/wp-content\/uploads\/2021\/07\/U-199-19-LA-Speyer-2048x1318.jpg 2048w, https:\/\/nackenheim-im-nationalsozialismus.de\/wp-content\/uploads\/2021\/07\/U-199-19-LA-Speyer-500x322.jpg 500w, https:\/\/nackenheim-im-nationalsozialismus.de\/wp-content\/uploads\/2021\/07\/U-199-19-LA-Speyer-800x515.jpg 800w, https:\/\/nackenheim-im-nationalsozialismus.de\/wp-content\/uploads\/2021\/07\/U-199-19-LA-Speyer-1280x824.jpg 1280w, https:\/\/nackenheim-im-nationalsozialismus.de\/wp-content\/uploads\/2021\/07\/U-199-19-LA-Speyer-1920x1236.jpg 1920w, https:\/\/nackenheim-im-nationalsozialismus.de\/wp-content\/uploads\/2021\/07\/U-199-19-LA-Speyer-1200x772.jpg 1200w, https:\/\/nackenheim-im-nationalsozialismus.de\/wp-content\/uploads\/2021\/07\/U-199-19-LA-Speyer-1980x1274.jpg 1980w\" sizes=\"(max-width: 2560px) 100vw, 2560px\" \/><figcaption><meta charset=\"utf-8\"><strong>Quelle:<\/strong> LA Sp. Best. U199, 19<\/figcaption><\/figure>\n\n\n\n<div style=\"height:16px\" aria-hidden=\"true\" class=\"wp-block-spacer\"><\/div>\n\n\n\n<p class=\"has-primary-color has-text-color has-small-font-size\"><meta charset=\"utf-8\">Eine Chronologie antisemitischer Ma\u00dfnahmen gegen die <a href=\"https:\/\/nackenheim-im-nationalsozialismus.de\/?page_id=327\" data-type=\"page\" data-id=\"327\" target=\"_blank\" rel=\"noreferrer noopener\"><strong>Familie Heumann<\/strong><\/a> findet sich <a rel=\"noreferrer noopener\" href=\"https:\/\/nackenheim-im-nationalsozialismus.de\/?page_id=758\" data-type=\"page\" data-id=\"758\" target=\"_blank\"><strong>hier. <\/strong><\/a><\/p>\n\n\n\n<p><\/p>\n<\/div>\n<\/div>\n\n\n\n<h5 class=\"alignfull has-text-align-center has-secondary-color has-text-color wp-block-heading\">Systematische \u00dcberwachung der j\u00fcdischen Bev\u00f6lkerung<\/h5>\n\n\n\n<figure class=\"wp-block-image size-full\"><img loading=\"lazy\" decoding=\"async\" width=\"630\" height=\"886\" src=\"https:\/\/nackenheim-im-nationalsozialismus.de\/wp-content\/uploads\/2021\/08\/Bildschirmfoto-2021-08-30-um-17.45.44.png\" alt=\"\" class=\"wp-image-1182\" srcset=\"https:\/\/nackenheim-im-nationalsozialismus.de\/wp-content\/uploads\/2021\/08\/Bildschirmfoto-2021-08-30-um-17.45.44.png 630w, https:\/\/nackenheim-im-nationalsozialismus.de\/wp-content\/uploads\/2021\/08\/Bildschirmfoto-2021-08-30-um-17.45.44-213x300.png 213w, https:\/\/nackenheim-im-nationalsozialismus.de\/wp-content\/uploads\/2021\/08\/Bildschirmfoto-2021-08-30-um-17.45.44-500x703.png 500w\" sizes=\"(max-width: 630px) 100vw, 630px\" \/><figcaption>In verschiedenen Listen wurden Umz\u00fcge, Aus- und Einwanderungen von J\u00fcdinnen und Juden akribisch gelistet. Diese Unterlagen wurden sp\u00e4ter erstellt, um Deportationslisten zu erstellen. Unter den 211 im Jahre 1938 in die USA ausgewanderten J\u00fcdinnen und Juden befanden sich neben der <a href=\"https:\/\/nackenheim-im-nationalsozialismus.de\/?page_id=758\" data-type=\"page\" data-id=\"758\" target=\"_blank\" rel=\"noreferrer noopener\">Familie Heumann<\/a> aus Nackenheim auch die geb\u00fcrtigen Nackenheimer <a href=\"https:\/\/nackenheim-im-nationalsozialismus.de\/?page_id=323\" data-type=\"page\" data-id=\"323\">Herbert Wolff<\/a> und <a href=\"https:\/\/nackenheim-im-nationalsozialismus.de\/?page_id=406\" data-type=\"page\" data-id=\"406\">Moses und Rosa Hirschberg<\/a>. (<strong>Quelle: Stadtarchiv Mainz, NL Oppenheim Nr. 49,6<\/strong>)<\/figcaption><\/figure>\n\n\n\n<h5 class=\"alignfull has-text-align-center has-secondary-color has-text-color wp-block-heading\"><meta charset=\"utf-8\">Kennkartenpflicht<\/h5>\n\n\n\n<p>Die Kennkarten vieler Mainzer:innen sind erhalten und wurden von Peter Honigmann ediert und \u00fcber das Zentralarchiv zur Erforschung der Juden in Deutschland 2015 online ver\u00f6ffentlicht.<\/p>\n\n\n<div class=\"wp-block-visual-portfolio\">\n<div class=\"vp-portfolio vp-uid-b3c8807f vp-id-ZYzE6h\"\n\tdata-vp-layout=\"slider\" data-vp-content-source=\"images\" data-vp-items-style=\"fade\" data-vp-items-click-action=\"\" data-vp-items-gap=\"2\" data-vp-items-gap-vertical=\"\" data-vp-pagination=\"load-more\" data-vp-next-page-url=\"\" data-vp-slider-effect=\"fade\" data-vp-slider-items-height=\"auto\" data-vp-slider-slides-per-view=\"1\" data-vp-slider-speed=\"0.3\" data-vp-slider-autoplay=\"0\" data-vp-slider-autoplay-hover-pause=\"false\" data-vp-slider-centered-slides=\"true\" data-vp-slider-loop=\"false\" data-vp-slider-free-mode=\"false\" data-vp-slider-free-mode-sticky=\"false\" data-vp-slider-arrows=\"true\" data-vp-slider-bullets=\"false\" data-vp-slider-bullets-dynamic=\"false\" data-vp-slider-mousewheel=\"false\" data-vp-slider-thumbnails=\"false\" >\n\t<div class=\"vp-portfolio__preloader-wrap\">\n\t\t<div class=\"vp-portfolio__preloader\">\n\t\t\t<img decoding=\"async\" loading=\"eager\" src=\"https:\/\/nackenheim-im-nationalsozialismus.de\/wp-content\/plugins\/visual-portfolio\/assets\/images\/logo-dark.svg\" alt=\"Visual Portfolio, Posts &amp; Image Gallery for WordPress\" width=\"20\" height=\"20\" data-skip-lazy>\n\t\t<\/div>\n\t<\/div>\n\t\t<div class=\"vp-portfolio__items-wrap\">\n\t\t\t\n<div class=\"vp-portfolio__items vp-portfolio__items-style-fade vp-portfolio__items-show-overlay-hover\">\n\n\t\t<div\t\tclass=\"vp-portfolio__item-wrap vp-portfolio__item-uid-1686dd93\" data-vp-filter=\"\" \t\t>\n\t\t\t\t\t\t\t\t\t<figure class=\"vp-portfolio__item\">\n\t\t\t\t\n<div class=\"vp-portfolio__item-img-wrap\">\n\t<div class=\"vp-portfolio__item-img\">\n\t\t\n\t\t<noscript><img loading=\"lazy\" decoding=\"async\" width=\"1920\" height=\"1351\" data-skip-lazy src=\"https:\/\/nackenheim-im-nationalsozialismus.de\/wp-content\/uploads\/2021\/08\/Heinrich-Wolff-B_5.1_Abt_IV_0909-1920x1351.jpg\" class=\"wp-image-1037\" alt=\"\" srcset=\"https:\/\/nackenheim-im-nationalsozialismus.de\/wp-content\/uploads\/2021\/08\/Heinrich-Wolff-B_5.1_Abt_IV_0909-1920x1351.jpg 1920w, https:\/\/nackenheim-im-nationalsozialismus.de\/wp-content\/uploads\/2021\/08\/Heinrich-Wolff-B_5.1_Abt_IV_0909-300x211.jpg 300w, https:\/\/nackenheim-im-nationalsozialismus.de\/wp-content\/uploads\/2021\/08\/Heinrich-Wolff-B_5.1_Abt_IV_0909-1024x721.jpg 1024w, https:\/\/nackenheim-im-nationalsozialismus.de\/wp-content\/uploads\/2021\/08\/Heinrich-Wolff-B_5.1_Abt_IV_0909-768x540.jpg 768w, https:\/\/nackenheim-im-nationalsozialismus.de\/wp-content\/uploads\/2021\/08\/Heinrich-Wolff-B_5.1_Abt_IV_0909-1536x1081.jpg 1536w, https:\/\/nackenheim-im-nationalsozialismus.de\/wp-content\/uploads\/2021\/08\/Heinrich-Wolff-B_5.1_Abt_IV_0909-2048x1441.jpg 2048w, https:\/\/nackenheim-im-nationalsozialismus.de\/wp-content\/uploads\/2021\/08\/Heinrich-Wolff-B_5.1_Abt_IV_0909-500x352.jpg 500w, https:\/\/nackenheim-im-nationalsozialismus.de\/wp-content\/uploads\/2021\/08\/Heinrich-Wolff-B_5.1_Abt_IV_0909-800x563.jpg 800w, https:\/\/nackenheim-im-nationalsozialismus.de\/wp-content\/uploads\/2021\/08\/Heinrich-Wolff-B_5.1_Abt_IV_0909-1280x901.jpg 1280w, https:\/\/nackenheim-im-nationalsozialismus.de\/wp-content\/uploads\/2021\/08\/Heinrich-Wolff-B_5.1_Abt_IV_0909-1200x845.jpg 1200w, https:\/\/nackenheim-im-nationalsozialismus.de\/wp-content\/uploads\/2021\/08\/Heinrich-Wolff-B_5.1_Abt_IV_0909-1980x1393.jpg 1980w\" sizes=\"(max-width: 1920px) 100vw, 1920px\" \/><\/noscript><img fetchpriority=\"high\" decoding=\"async\" width=\"1920\" height=\"1351\" src=\"https:\/\/nackenheim-im-nationalsozialismus.de\/wp-content\/uploads\/2021\/08\/Heinrich-Wolff-B_5.1_Abt_IV_0909-1920x1351.jpg\" class=\"wp-image-1037 vp-lazyload\" alt srcset=\"data:image\/svg+xml;base64,PHN2ZyB3aWR0aD0iMTkyMCIgaGVpZ2h0PSIxMzUxIiB2aWV3Qm94PSIwIDAgMTkyMCAxMzUxIiBmaWxsPSJub25lIiB4bWxucz0iaHR0cDovL3d3dy53My5vcmcvMjAwMC9zdmciPjwvc3ZnPg==\" data-src=\"https:\/\/nackenheim-im-nationalsozialismus.de\/wp-content\/uploads\/2021\/08\/Heinrich-Wolff-B_5.1_Abt_IV_0909-1920x1351.jpg\" data-srcset=\"https:\/\/nackenheim-im-nationalsozialismus.de\/wp-content\/uploads\/2021\/08\/Heinrich-Wolff-B_5.1_Abt_IV_0909-1920x1351.jpg 1920w, https:\/\/nackenheim-im-nationalsozialismus.de\/wp-content\/uploads\/2021\/08\/Heinrich-Wolff-B_5.1_Abt_IV_0909-300x211.jpg 300w, https:\/\/nackenheim-im-nationalsozialismus.de\/wp-content\/uploads\/2021\/08\/Heinrich-Wolff-B_5.1_Abt_IV_0909-1024x721.jpg 1024w, https:\/\/nackenheim-im-nationalsozialismus.de\/wp-content\/uploads\/2021\/08\/Heinrich-Wolff-B_5.1_Abt_IV_0909-768x540.jpg 768w, https:\/\/nackenheim-im-nationalsozialismus.de\/wp-content\/uploads\/2021\/08\/Heinrich-Wolff-B_5.1_Abt_IV_0909-1536x1081.jpg 1536w, https:\/\/nackenheim-im-nationalsozialismus.de\/wp-content\/uploads\/2021\/08\/Heinrich-Wolff-B_5.1_Abt_IV_0909-2048x1441.jpg 2048w, https:\/\/nackenheim-im-nationalsozialismus.de\/wp-content\/uploads\/2021\/08\/Heinrich-Wolff-B_5.1_Abt_IV_0909-500x352.jpg 500w, https:\/\/nackenheim-im-nationalsozialismus.de\/wp-content\/uploads\/2021\/08\/Heinrich-Wolff-B_5.1_Abt_IV_0909-800x563.jpg 800w, https:\/\/nackenheim-im-nationalsozialismus.de\/wp-content\/uploads\/2021\/08\/Heinrich-Wolff-B_5.1_Abt_IV_0909-1280x901.jpg 1280w, https:\/\/nackenheim-im-nationalsozialismus.de\/wp-content\/uploads\/2021\/08\/Heinrich-Wolff-B_5.1_Abt_IV_0909-1200x845.jpg 1200w, https:\/\/nackenheim-im-nationalsozialismus.de\/wp-content\/uploads\/2021\/08\/Heinrich-Wolff-B_5.1_Abt_IV_0909-1980x1393.jpg 1980w\" data-sizes=\"auto\" loading=\"eager\">\n\t\t\t<\/div>\n<\/div>\n\t<figcaption class=\"vp-portfolio__item-overlay vp-portfolio__item-overlay-text-align-center\">\n\t\t<div class=\"vp-portfolio__item-meta-wrap vp-portfolio__custom-scrollbar\">\n\t\t\t\t<span\t\t class=\"vp-portfolio__item-meta\" \t>\n\t\n<h2 class=\"vp-portfolio__item-meta-title\">\n\tHeinrich Wolff<\/h2>\n<\/span>\t\t<\/div>\n\t<\/figcaption>\n\t\t\t<\/figure>\n\t\t\t\t\t<\/div>\n\t\t\n\t\t<div\t\tclass=\"vp-portfolio__item-wrap vp-portfolio__item-uid-8dc4c7d1\" data-vp-filter=\"\" \t\t>\n\t\t\t\t\t\t\t\t\t<figure class=\"vp-portfolio__item\">\n\t\t\t\t\n<div class=\"vp-portfolio__item-img-wrap\">\n\t<div class=\"vp-portfolio__item-img\">\n\t\t\n\t\t<noscript><img loading=\"lazy\" decoding=\"async\" width=\"1920\" height=\"1365\" data-skip-lazy src=\"https:\/\/nackenheim-im-nationalsozialismus.de\/wp-content\/uploads\/2021\/08\/Selma-Wolff-B_5.1_Abt_IV_0294-1920x1365.jpg\" class=\"wp-image-1041\" alt=\"\" srcset=\"https:\/\/nackenheim-im-nationalsozialismus.de\/wp-content\/uploads\/2021\/08\/Selma-Wolff-B_5.1_Abt_IV_0294-1920x1365.jpg 1920w, https:\/\/nackenheim-im-nationalsozialismus.de\/wp-content\/uploads\/2021\/08\/Selma-Wolff-B_5.1_Abt_IV_0294-300x213.jpg 300w, https:\/\/nackenheim-im-nationalsozialismus.de\/wp-content\/uploads\/2021\/08\/Selma-Wolff-B_5.1_Abt_IV_0294-1024x728.jpg 1024w, https:\/\/nackenheim-im-nationalsozialismus.de\/wp-content\/uploads\/2021\/08\/Selma-Wolff-B_5.1_Abt_IV_0294-768x546.jpg 768w, https:\/\/nackenheim-im-nationalsozialismus.de\/wp-content\/uploads\/2021\/08\/Selma-Wolff-B_5.1_Abt_IV_0294-1536x1092.jpg 1536w, https:\/\/nackenheim-im-nationalsozialismus.de\/wp-content\/uploads\/2021\/08\/Selma-Wolff-B_5.1_Abt_IV_0294-2048x1456.jpg 2048w, https:\/\/nackenheim-im-nationalsozialismus.de\/wp-content\/uploads\/2021\/08\/Selma-Wolff-B_5.1_Abt_IV_0294-500x356.jpg 500w, https:\/\/nackenheim-im-nationalsozialismus.de\/wp-content\/uploads\/2021\/08\/Selma-Wolff-B_5.1_Abt_IV_0294-800x569.jpg 800w, https:\/\/nackenheim-im-nationalsozialismus.de\/wp-content\/uploads\/2021\/08\/Selma-Wolff-B_5.1_Abt_IV_0294-1280x910.jpg 1280w, https:\/\/nackenheim-im-nationalsozialismus.de\/wp-content\/uploads\/2021\/08\/Selma-Wolff-B_5.1_Abt_IV_0294-1200x853.jpg 1200w, https:\/\/nackenheim-im-nationalsozialismus.de\/wp-content\/uploads\/2021\/08\/Selma-Wolff-B_5.1_Abt_IV_0294-1980x1408.jpg 1980w\" sizes=\"(max-width: 1920px) 100vw, 1920px\" \/><\/noscript><img decoding=\"async\" width=\"1920\" height=\"1365\" src=\"https:\/\/nackenheim-im-nationalsozialismus.de\/wp-content\/uploads\/2021\/08\/Selma-Wolff-B_5.1_Abt_IV_0294-1920x1365.jpg\" class=\"wp-image-1041 vp-lazyload\" alt srcset=\"data:image\/svg+xml;base64,PHN2ZyB3aWR0aD0iMTkyMCIgaGVpZ2h0PSIxMzY1IiB2aWV3Qm94PSIwIDAgMTkyMCAxMzY1IiBmaWxsPSJub25lIiB4bWxucz0iaHR0cDovL3d3dy53My5vcmcvMjAwMC9zdmciPjwvc3ZnPg==\" data-src=\"https:\/\/nackenheim-im-nationalsozialismus.de\/wp-content\/uploads\/2021\/08\/Selma-Wolff-B_5.1_Abt_IV_0294-1920x1365.jpg\" data-srcset=\"https:\/\/nackenheim-im-nationalsozialismus.de\/wp-content\/uploads\/2021\/08\/Selma-Wolff-B_5.1_Abt_IV_0294-1920x1365.jpg 1920w, https:\/\/nackenheim-im-nationalsozialismus.de\/wp-content\/uploads\/2021\/08\/Selma-Wolff-B_5.1_Abt_IV_0294-300x213.jpg 300w, https:\/\/nackenheim-im-nationalsozialismus.de\/wp-content\/uploads\/2021\/08\/Selma-Wolff-B_5.1_Abt_IV_0294-1024x728.jpg 1024w, https:\/\/nackenheim-im-nationalsozialismus.de\/wp-content\/uploads\/2021\/08\/Selma-Wolff-B_5.1_Abt_IV_0294-768x546.jpg 768w, https:\/\/nackenheim-im-nationalsozialismus.de\/wp-content\/uploads\/2021\/08\/Selma-Wolff-B_5.1_Abt_IV_0294-1536x1092.jpg 1536w, https:\/\/nackenheim-im-nationalsozialismus.de\/wp-content\/uploads\/2021\/08\/Selma-Wolff-B_5.1_Abt_IV_0294-2048x1456.jpg 2048w, https:\/\/nackenheim-im-nationalsozialismus.de\/wp-content\/uploads\/2021\/08\/Selma-Wolff-B_5.1_Abt_IV_0294-500x356.jpg 500w, https:\/\/nackenheim-im-nationalsozialismus.de\/wp-content\/uploads\/2021\/08\/Selma-Wolff-B_5.1_Abt_IV_0294-800x569.jpg 800w, https:\/\/nackenheim-im-nationalsozialismus.de\/wp-content\/uploads\/2021\/08\/Selma-Wolff-B_5.1_Abt_IV_0294-1280x910.jpg 1280w, https:\/\/nackenheim-im-nationalsozialismus.de\/wp-content\/uploads\/2021\/08\/Selma-Wolff-B_5.1_Abt_IV_0294-1200x853.jpg 1200w, https:\/\/nackenheim-im-nationalsozialismus.de\/wp-content\/uploads\/2021\/08\/Selma-Wolff-B_5.1_Abt_IV_0294-1980x1408.jpg 1980w\" data-sizes=\"auto\" loading=\"eager\">\n\t\t\t<\/div>\n<\/div>\n\t<figcaption class=\"vp-portfolio__item-overlay vp-portfolio__item-overlay-text-align-center\">\n\t\t<div class=\"vp-portfolio__item-meta-wrap vp-portfolio__custom-scrollbar\">\n\t\t\t\t<span\t\t class=\"vp-portfolio__item-meta\" \t>\n\t\n<h2 class=\"vp-portfolio__item-meta-title\">\n\tSelma Wolff, geb. Hecht<\/h2>\n<\/span>\t\t<\/div>\n\t<\/figcaption>\n\t\t\t<\/figure>\n\t\t\t\t\t<\/div>\n\t\t\n\t\t<div\t\tclass=\"vp-portfolio__item-wrap vp-portfolio__item-uid-8bfea3f4\" data-vp-filter=\"\" \t\t>\n\t\t\t\t\t\t\t\t\t<figure class=\"vp-portfolio__item\">\n\t\t\t\t\n<div class=\"vp-portfolio__item-img-wrap\">\n\t<div class=\"vp-portfolio__item-img\">\n\t\t\n\t\t<noscript><img loading=\"lazy\" decoding=\"async\" width=\"1920\" height=\"1353\" data-skip-lazy src=\"https:\/\/nackenheim-im-nationalsozialismus.de\/wp-content\/uploads\/2021\/08\/Gustav-Sender-B_5.1_Abt_IV_1146-1920x1353.jpg\" class=\"wp-image-1039\" alt=\"\" srcset=\"https:\/\/nackenheim-im-nationalsozialismus.de\/wp-content\/uploads\/2021\/08\/Gustav-Sender-B_5.1_Abt_IV_1146-1920x1353.jpg 1920w, https:\/\/nackenheim-im-nationalsozialismus.de\/wp-content\/uploads\/2021\/08\/Gustav-Sender-B_5.1_Abt_IV_1146-300x211.jpg 300w, https:\/\/nackenheim-im-nationalsozialismus.de\/wp-content\/uploads\/2021\/08\/Gustav-Sender-B_5.1_Abt_IV_1146-1024x721.jpg 1024w, https:\/\/nackenheim-im-nationalsozialismus.de\/wp-content\/uploads\/2021\/08\/Gustav-Sender-B_5.1_Abt_IV_1146-768x541.jpg 768w, https:\/\/nackenheim-im-nationalsozialismus.de\/wp-content\/uploads\/2021\/08\/Gustav-Sender-B_5.1_Abt_IV_1146-1536x1082.jpg 1536w, https:\/\/nackenheim-im-nationalsozialismus.de\/wp-content\/uploads\/2021\/08\/Gustav-Sender-B_5.1_Abt_IV_1146-2048x1443.jpg 2048w, https:\/\/nackenheim-im-nationalsozialismus.de\/wp-content\/uploads\/2021\/08\/Gustav-Sender-B_5.1_Abt_IV_1146-500x352.jpg 500w, https:\/\/nackenheim-im-nationalsozialismus.de\/wp-content\/uploads\/2021\/08\/Gustav-Sender-B_5.1_Abt_IV_1146-800x564.jpg 800w, https:\/\/nackenheim-im-nationalsozialismus.de\/wp-content\/uploads\/2021\/08\/Gustav-Sender-B_5.1_Abt_IV_1146-1280x902.jpg 1280w, https:\/\/nackenheim-im-nationalsozialismus.de\/wp-content\/uploads\/2021\/08\/Gustav-Sender-B_5.1_Abt_IV_1146-1200x845.jpg 1200w, https:\/\/nackenheim-im-nationalsozialismus.de\/wp-content\/uploads\/2021\/08\/Gustav-Sender-B_5.1_Abt_IV_1146-1980x1395.jpg 1980w\" sizes=\"(max-width: 1920px) 100vw, 1920px\" \/><\/noscript><img decoding=\"async\" width=\"1920\" height=\"1353\" src=\"https:\/\/nackenheim-im-nationalsozialismus.de\/wp-content\/uploads\/2021\/08\/Gustav-Sender-B_5.1_Abt_IV_1146-1920x1353.jpg\" class=\"wp-image-1039 vp-lazyload\" alt srcset=\"data:image\/svg+xml;base64,PHN2ZyB3aWR0aD0iMTkyMCIgaGVpZ2h0PSIxMzUzIiB2aWV3Qm94PSIwIDAgMTkyMCAxMzUzIiBmaWxsPSJub25lIiB4bWxucz0iaHR0cDovL3d3dy53My5vcmcvMjAwMC9zdmciPjwvc3ZnPg==\" data-src=\"https:\/\/nackenheim-im-nationalsozialismus.de\/wp-content\/uploads\/2021\/08\/Gustav-Sender-B_5.1_Abt_IV_1146-1920x1353.jpg\" data-srcset=\"https:\/\/nackenheim-im-nationalsozialismus.de\/wp-content\/uploads\/2021\/08\/Gustav-Sender-B_5.1_Abt_IV_1146-1920x1353.jpg 1920w, https:\/\/nackenheim-im-nationalsozialismus.de\/wp-content\/uploads\/2021\/08\/Gustav-Sender-B_5.1_Abt_IV_1146-300x211.jpg 300w, https:\/\/nackenheim-im-nationalsozialismus.de\/wp-content\/uploads\/2021\/08\/Gustav-Sender-B_5.1_Abt_IV_1146-1024x721.jpg 1024w, https:\/\/nackenheim-im-nationalsozialismus.de\/wp-content\/uploads\/2021\/08\/Gustav-Sender-B_5.1_Abt_IV_1146-768x541.jpg 768w, https:\/\/nackenheim-im-nationalsozialismus.de\/wp-content\/uploads\/2021\/08\/Gustav-Sender-B_5.1_Abt_IV_1146-1536x1082.jpg 1536w, https:\/\/nackenheim-im-nationalsozialismus.de\/wp-content\/uploads\/2021\/08\/Gustav-Sender-B_5.1_Abt_IV_1146-2048x1443.jpg 2048w, https:\/\/nackenheim-im-nationalsozialismus.de\/wp-content\/uploads\/2021\/08\/Gustav-Sender-B_5.1_Abt_IV_1146-500x352.jpg 500w, https:\/\/nackenheim-im-nationalsozialismus.de\/wp-content\/uploads\/2021\/08\/Gustav-Sender-B_5.1_Abt_IV_1146-800x564.jpg 800w, https:\/\/nackenheim-im-nationalsozialismus.de\/wp-content\/uploads\/2021\/08\/Gustav-Sender-B_5.1_Abt_IV_1146-1280x902.jpg 1280w, https:\/\/nackenheim-im-nationalsozialismus.de\/wp-content\/uploads\/2021\/08\/Gustav-Sender-B_5.1_Abt_IV_1146-1200x845.jpg 1200w, https:\/\/nackenheim-im-nationalsozialismus.de\/wp-content\/uploads\/2021\/08\/Gustav-Sender-B_5.1_Abt_IV_1146-1980x1395.jpg 1980w\" data-sizes=\"auto\" loading=\"eager\">\n\t\t\t<\/div>\n<\/div>\n\t<figcaption class=\"vp-portfolio__item-overlay vp-portfolio__item-overlay-text-align-center\">\n\t\t<div class=\"vp-portfolio__item-meta-wrap vp-portfolio__custom-scrollbar\">\n\t\t\t\t<span\t\t class=\"vp-portfolio__item-meta\" \t>\n\t\n<h2 class=\"vp-portfolio__item-meta-title\">\n\tGustav Sender<\/h2>\n<\/span>\t\t<\/div>\n\t<\/figcaption>\n\t\t\t<\/figure>\n\t\t\t\t\t<\/div>\n\t\t\n\t\t<div\t\tclass=\"vp-portfolio__item-wrap vp-portfolio__item-uid-8003a427\" data-vp-filter=\"\" \t\t>\n\t\t\t\t\t\t\t\t\t<figure class=\"vp-portfolio__item\">\n\t\t\t\t\n<div class=\"vp-portfolio__item-img-wrap\">\n\t<div class=\"vp-portfolio__item-img\">\n\t\t\n\t\t<noscript><img loading=\"lazy\" decoding=\"async\" width=\"1920\" height=\"1360\" data-skip-lazy src=\"https:\/\/nackenheim-im-nationalsozialismus.de\/wp-content\/uploads\/2021\/08\/Betty-Sender-B_5.1_Abt_IV_0102-1920x1360.jpg\" class=\"wp-image-1040\" alt=\"\" srcset=\"https:\/\/nackenheim-im-nationalsozialismus.de\/wp-content\/uploads\/2021\/08\/Betty-Sender-B_5.1_Abt_IV_0102-1920x1360.jpg 1920w, https:\/\/nackenheim-im-nationalsozialismus.de\/wp-content\/uploads\/2021\/08\/Betty-Sender-B_5.1_Abt_IV_0102-300x213.jpg 300w, https:\/\/nackenheim-im-nationalsozialismus.de\/wp-content\/uploads\/2021\/08\/Betty-Sender-B_5.1_Abt_IV_0102-1024x726.jpg 1024w, https:\/\/nackenheim-im-nationalsozialismus.de\/wp-content\/uploads\/2021\/08\/Betty-Sender-B_5.1_Abt_IV_0102-768x544.jpg 768w, https:\/\/nackenheim-im-nationalsozialismus.de\/wp-content\/uploads\/2021\/08\/Betty-Sender-B_5.1_Abt_IV_0102-1536x1088.jpg 1536w, https:\/\/nackenheim-im-nationalsozialismus.de\/wp-content\/uploads\/2021\/08\/Betty-Sender-B_5.1_Abt_IV_0102-2048x1451.jpg 2048w, https:\/\/nackenheim-im-nationalsozialismus.de\/wp-content\/uploads\/2021\/08\/Betty-Sender-B_5.1_Abt_IV_0102-500x354.jpg 500w, https:\/\/nackenheim-im-nationalsozialismus.de\/wp-content\/uploads\/2021\/08\/Betty-Sender-B_5.1_Abt_IV_0102-800x567.jpg 800w, https:\/\/nackenheim-im-nationalsozialismus.de\/wp-content\/uploads\/2021\/08\/Betty-Sender-B_5.1_Abt_IV_0102-1280x907.jpg 1280w, https:\/\/nackenheim-im-nationalsozialismus.de\/wp-content\/uploads\/2021\/08\/Betty-Sender-B_5.1_Abt_IV_0102-1200x850.jpg 1200w, https:\/\/nackenheim-im-nationalsozialismus.de\/wp-content\/uploads\/2021\/08\/Betty-Sender-B_5.1_Abt_IV_0102-1980x1403.jpg 1980w\" sizes=\"(max-width: 1920px) 100vw, 1920px\" \/><\/noscript><img decoding=\"async\" width=\"1920\" height=\"1360\" src=\"https:\/\/nackenheim-im-nationalsozialismus.de\/wp-content\/uploads\/2021\/08\/Betty-Sender-B_5.1_Abt_IV_0102-1920x1360.jpg\" class=\"wp-image-1040 vp-lazyload\" alt srcset=\"data:image\/svg+xml;base64,PHN2ZyB3aWR0aD0iMTkyMCIgaGVpZ2h0PSIxMzYwIiB2aWV3Qm94PSIwIDAgMTkyMCAxMzYwIiBmaWxsPSJub25lIiB4bWxucz0iaHR0cDovL3d3dy53My5vcmcvMjAwMC9zdmciPjwvc3ZnPg==\" data-src=\"https:\/\/nackenheim-im-nationalsozialismus.de\/wp-content\/uploads\/2021\/08\/Betty-Sender-B_5.1_Abt_IV_0102-1920x1360.jpg\" data-srcset=\"https:\/\/nackenheim-im-nationalsozialismus.de\/wp-content\/uploads\/2021\/08\/Betty-Sender-B_5.1_Abt_IV_0102-1920x1360.jpg 1920w, https:\/\/nackenheim-im-nationalsozialismus.de\/wp-content\/uploads\/2021\/08\/Betty-Sender-B_5.1_Abt_IV_0102-300x213.jpg 300w, https:\/\/nackenheim-im-nationalsozialismus.de\/wp-content\/uploads\/2021\/08\/Betty-Sender-B_5.1_Abt_IV_0102-1024x726.jpg 1024w, https:\/\/nackenheim-im-nationalsozialismus.de\/wp-content\/uploads\/2021\/08\/Betty-Sender-B_5.1_Abt_IV_0102-768x544.jpg 768w, https:\/\/nackenheim-im-nationalsozialismus.de\/wp-content\/uploads\/2021\/08\/Betty-Sender-B_5.1_Abt_IV_0102-1536x1088.jpg 1536w, https:\/\/nackenheim-im-nationalsozialismus.de\/wp-content\/uploads\/2021\/08\/Betty-Sender-B_5.1_Abt_IV_0102-2048x1451.jpg 2048w, https:\/\/nackenheim-im-nationalsozialismus.de\/wp-content\/uploads\/2021\/08\/Betty-Sender-B_5.1_Abt_IV_0102-500x354.jpg 500w, https:\/\/nackenheim-im-nationalsozialismus.de\/wp-content\/uploads\/2021\/08\/Betty-Sender-B_5.1_Abt_IV_0102-800x567.jpg 800w, https:\/\/nackenheim-im-nationalsozialismus.de\/wp-content\/uploads\/2021\/08\/Betty-Sender-B_5.1_Abt_IV_0102-1280x907.jpg 1280w, https:\/\/nackenheim-im-nationalsozialismus.de\/wp-content\/uploads\/2021\/08\/Betty-Sender-B_5.1_Abt_IV_0102-1200x850.jpg 1200w, https:\/\/nackenheim-im-nationalsozialismus.de\/wp-content\/uploads\/2021\/08\/Betty-Sender-B_5.1_Abt_IV_0102-1980x1403.jpg 1980w\" data-sizes=\"auto\" loading=\"eager\">\n\t\t\t<\/div>\n<\/div>\n\t<figcaption class=\"vp-portfolio__item-overlay vp-portfolio__item-overlay-text-align-center\">\n\t\t<div class=\"vp-portfolio__item-meta-wrap vp-portfolio__custom-scrollbar\">\n\t\t\t\t<span\t\t class=\"vp-portfolio__item-meta\" \t>\n\t\n<h2 class=\"vp-portfolio__item-meta-title\">\n\tBetty Sender, geb. Wolff<\/h2>\n<\/span>\t\t<\/div>\n\t<\/figcaption>\n\t\t\t<\/figure>\n\t\t\t\t\t<\/div>\n\t\t\n\t\t<div\t\tclass=\"vp-portfolio__item-wrap vp-portfolio__item-uid-ab2a298d\" data-vp-filter=\"\" \t\t>\n\t\t\t\t\t\t\t\t\t<figure class=\"vp-portfolio__item\">\n\t\t\t\t\n<div class=\"vp-portfolio__item-img-wrap\">\n\t<div class=\"vp-portfolio__item-img\">\n\t\t\n\t\t<noscript><img loading=\"lazy\" decoding=\"async\" width=\"1920\" height=\"1362\" data-skip-lazy src=\"https:\/\/nackenheim-im-nationalsozialismus.de\/wp-content\/uploads\/2021\/08\/Ruth-Feiner-B_5.1_Abt_IV_0028-1920x1362.jpg\" class=\"wp-image-1043\" alt=\"\" srcset=\"https:\/\/nackenheim-im-nationalsozialismus.de\/wp-content\/uploads\/2021\/08\/Ruth-Feiner-B_5.1_Abt_IV_0028-1920x1362.jpg 1920w, https:\/\/nackenheim-im-nationalsozialismus.de\/wp-content\/uploads\/2021\/08\/Ruth-Feiner-B_5.1_Abt_IV_0028-300x213.jpg 300w, https:\/\/nackenheim-im-nationalsozialismus.de\/wp-content\/uploads\/2021\/08\/Ruth-Feiner-B_5.1_Abt_IV_0028-1024x726.jpg 1024w, https:\/\/nackenheim-im-nationalsozialismus.de\/wp-content\/uploads\/2021\/08\/Ruth-Feiner-B_5.1_Abt_IV_0028-768x545.jpg 768w, https:\/\/nackenheim-im-nationalsozialismus.de\/wp-content\/uploads\/2021\/08\/Ruth-Feiner-B_5.1_Abt_IV_0028-1536x1089.jpg 1536w, https:\/\/nackenheim-im-nationalsozialismus.de\/wp-content\/uploads\/2021\/08\/Ruth-Feiner-B_5.1_Abt_IV_0028-2048x1453.jpg 2048w, https:\/\/nackenheim-im-nationalsozialismus.de\/wp-content\/uploads\/2021\/08\/Ruth-Feiner-B_5.1_Abt_IV_0028-500x355.jpg 500w, https:\/\/nackenheim-im-nationalsozialismus.de\/wp-content\/uploads\/2021\/08\/Ruth-Feiner-B_5.1_Abt_IV_0028-800x567.jpg 800w, https:\/\/nackenheim-im-nationalsozialismus.de\/wp-content\/uploads\/2021\/08\/Ruth-Feiner-B_5.1_Abt_IV_0028-1280x908.jpg 1280w, https:\/\/nackenheim-im-nationalsozialismus.de\/wp-content\/uploads\/2021\/08\/Ruth-Feiner-B_5.1_Abt_IV_0028-1200x851.jpg 1200w, https:\/\/nackenheim-im-nationalsozialismus.de\/wp-content\/uploads\/2021\/08\/Ruth-Feiner-B_5.1_Abt_IV_0028-1980x1404.jpg 1980w\" sizes=\"(max-width: 1920px) 100vw, 1920px\" \/><\/noscript><img decoding=\"async\" width=\"1920\" height=\"1362\" src=\"https:\/\/nackenheim-im-nationalsozialismus.de\/wp-content\/uploads\/2021\/08\/Ruth-Feiner-B_5.1_Abt_IV_0028-1920x1362.jpg\" class=\"wp-image-1043 vp-lazyload\" alt srcset=\"data:image\/svg+xml;base64,PHN2ZyB3aWR0aD0iMTkyMCIgaGVpZ2h0PSIxMzYyIiB2aWV3Qm94PSIwIDAgMTkyMCAxMzYyIiBmaWxsPSJub25lIiB4bWxucz0iaHR0cDovL3d3dy53My5vcmcvMjAwMC9zdmciPjwvc3ZnPg==\" data-src=\"https:\/\/nackenheim-im-nationalsozialismus.de\/wp-content\/uploads\/2021\/08\/Ruth-Feiner-B_5.1_Abt_IV_0028-1920x1362.jpg\" data-srcset=\"https:\/\/nackenheim-im-nationalsozialismus.de\/wp-content\/uploads\/2021\/08\/Ruth-Feiner-B_5.1_Abt_IV_0028-1920x1362.jpg 1920w, https:\/\/nackenheim-im-nationalsozialismus.de\/wp-content\/uploads\/2021\/08\/Ruth-Feiner-B_5.1_Abt_IV_0028-300x213.jpg 300w, https:\/\/nackenheim-im-nationalsozialismus.de\/wp-content\/uploads\/2021\/08\/Ruth-Feiner-B_5.1_Abt_IV_0028-1024x726.jpg 1024w, https:\/\/nackenheim-im-nationalsozialismus.de\/wp-content\/uploads\/2021\/08\/Ruth-Feiner-B_5.1_Abt_IV_0028-768x545.jpg 768w, https:\/\/nackenheim-im-nationalsozialismus.de\/wp-content\/uploads\/2021\/08\/Ruth-Feiner-B_5.1_Abt_IV_0028-1536x1089.jpg 1536w, https:\/\/nackenheim-im-nationalsozialismus.de\/wp-content\/uploads\/2021\/08\/Ruth-Feiner-B_5.1_Abt_IV_0028-2048x1453.jpg 2048w, https:\/\/nackenheim-im-nationalsozialismus.de\/wp-content\/uploads\/2021\/08\/Ruth-Feiner-B_5.1_Abt_IV_0028-500x355.jpg 500w, https:\/\/nackenheim-im-nationalsozialismus.de\/wp-content\/uploads\/2021\/08\/Ruth-Feiner-B_5.1_Abt_IV_0028-800x567.jpg 800w, https:\/\/nackenheim-im-nationalsozialismus.de\/wp-content\/uploads\/2021\/08\/Ruth-Feiner-B_5.1_Abt_IV_0028-1280x908.jpg 1280w, https:\/\/nackenheim-im-nationalsozialismus.de\/wp-content\/uploads\/2021\/08\/Ruth-Feiner-B_5.1_Abt_IV_0028-1200x851.jpg 1200w, https:\/\/nackenheim-im-nationalsozialismus.de\/wp-content\/uploads\/2021\/08\/Ruth-Feiner-B_5.1_Abt_IV_0028-1980x1404.jpg 1980w\" data-sizes=\"auto\" loading=\"eager\">\n\t\t\t<\/div>\n<\/div>\n\t<figcaption class=\"vp-portfolio__item-overlay vp-portfolio__item-overlay-text-align-center\">\n\t\t<div class=\"vp-portfolio__item-meta-wrap vp-portfolio__custom-scrollbar\">\n\t\t\t\t<span\t\t class=\"vp-portfolio__item-meta\" \t>\n\t\n<h2 class=\"vp-portfolio__item-meta-title\">\n\tRuth Feiner<\/h2>\n<\/span>\t\t<\/div>\n\t<\/figcaption>\n\t\t\t<\/figure>\n\t\t\t\t\t<\/div>\n\t\t\n\t\t<div\t\tclass=\"vp-portfolio__item-wrap vp-portfolio__item-uid-e14d30ab\" data-vp-filter=\"\" \t\t>\n\t\t\t\t\t\t\t\t\t<figure class=\"vp-portfolio__item\">\n\t\t\t\t\n<div class=\"vp-portfolio__item-img-wrap\">\n\t<div class=\"vp-portfolio__item-img\">\n\t\t\n\t\t<noscript><img loading=\"lazy\" decoding=\"async\" width=\"1920\" height=\"1370\" data-skip-lazy src=\"https:\/\/nackenheim-im-nationalsozialismus.de\/wp-content\/uploads\/2021\/08\/Norbert-Heumann-B_5.1_Abt_IV_0779-1920x1370.jpg\" class=\"wp-image-1042\" alt=\"\" srcset=\"https:\/\/nackenheim-im-nationalsozialismus.de\/wp-content\/uploads\/2021\/08\/Norbert-Heumann-B_5.1_Abt_IV_0779-1920x1370.jpg 1920w, https:\/\/nackenheim-im-nationalsozialismus.de\/wp-content\/uploads\/2021\/08\/Norbert-Heumann-B_5.1_Abt_IV_0779-300x214.jpg 300w, https:\/\/nackenheim-im-nationalsozialismus.de\/wp-content\/uploads\/2021\/08\/Norbert-Heumann-B_5.1_Abt_IV_0779-1024x731.jpg 1024w, https:\/\/nackenheim-im-nationalsozialismus.de\/wp-content\/uploads\/2021\/08\/Norbert-Heumann-B_5.1_Abt_IV_0779-768x548.jpg 768w, https:\/\/nackenheim-im-nationalsozialismus.de\/wp-content\/uploads\/2021\/08\/Norbert-Heumann-B_5.1_Abt_IV_0779-1536x1096.jpg 1536w, https:\/\/nackenheim-im-nationalsozialismus.de\/wp-content\/uploads\/2021\/08\/Norbert-Heumann-B_5.1_Abt_IV_0779-2048x1461.jpg 2048w, https:\/\/nackenheim-im-nationalsozialismus.de\/wp-content\/uploads\/2021\/08\/Norbert-Heumann-B_5.1_Abt_IV_0779-500x357.jpg 500w, https:\/\/nackenheim-im-nationalsozialismus.de\/wp-content\/uploads\/2021\/08\/Norbert-Heumann-B_5.1_Abt_IV_0779-800x571.jpg 800w, https:\/\/nackenheim-im-nationalsozialismus.de\/wp-content\/uploads\/2021\/08\/Norbert-Heumann-B_5.1_Abt_IV_0779-1280x913.jpg 1280w, https:\/\/nackenheim-im-nationalsozialismus.de\/wp-content\/uploads\/2021\/08\/Norbert-Heumann-B_5.1_Abt_IV_0779-1200x856.jpg 1200w, https:\/\/nackenheim-im-nationalsozialismus.de\/wp-content\/uploads\/2021\/08\/Norbert-Heumann-B_5.1_Abt_IV_0779-1980x1413.jpg 1980w\" sizes=\"(max-width: 1920px) 100vw, 1920px\" \/><\/noscript><img decoding=\"async\" width=\"1920\" height=\"1370\" src=\"https:\/\/nackenheim-im-nationalsozialismus.de\/wp-content\/uploads\/2021\/08\/Norbert-Heumann-B_5.1_Abt_IV_0779-1920x1370.jpg\" class=\"wp-image-1042 vp-lazyload\" alt srcset=\"data:image\/svg+xml;base64,PHN2ZyB3aWR0aD0iMTkyMCIgaGVpZ2h0PSIxMzcwIiB2aWV3Qm94PSIwIDAgMTkyMCAxMzcwIiBmaWxsPSJub25lIiB4bWxucz0iaHR0cDovL3d3dy53My5vcmcvMjAwMC9zdmciPjwvc3ZnPg==\" data-src=\"https:\/\/nackenheim-im-nationalsozialismus.de\/wp-content\/uploads\/2021\/08\/Norbert-Heumann-B_5.1_Abt_IV_0779-1920x1370.jpg\" data-srcset=\"https:\/\/nackenheim-im-nationalsozialismus.de\/wp-content\/uploads\/2021\/08\/Norbert-Heumann-B_5.1_Abt_IV_0779-1920x1370.jpg 1920w, https:\/\/nackenheim-im-nationalsozialismus.de\/wp-content\/uploads\/2021\/08\/Norbert-Heumann-B_5.1_Abt_IV_0779-300x214.jpg 300w, https:\/\/nackenheim-im-nationalsozialismus.de\/wp-content\/uploads\/2021\/08\/Norbert-Heumann-B_5.1_Abt_IV_0779-1024x731.jpg 1024w, https:\/\/nackenheim-im-nationalsozialismus.de\/wp-content\/uploads\/2021\/08\/Norbert-Heumann-B_5.1_Abt_IV_0779-768x548.jpg 768w, https:\/\/nackenheim-im-nationalsozialismus.de\/wp-content\/uploads\/2021\/08\/Norbert-Heumann-B_5.1_Abt_IV_0779-1536x1096.jpg 1536w, https:\/\/nackenheim-im-nationalsozialismus.de\/wp-content\/uploads\/2021\/08\/Norbert-Heumann-B_5.1_Abt_IV_0779-2048x1461.jpg 2048w, https:\/\/nackenheim-im-nationalsozialismus.de\/wp-content\/uploads\/2021\/08\/Norbert-Heumann-B_5.1_Abt_IV_0779-500x357.jpg 500w, https:\/\/nackenheim-im-nationalsozialismus.de\/wp-content\/uploads\/2021\/08\/Norbert-Heumann-B_5.1_Abt_IV_0779-800x571.jpg 800w, https:\/\/nackenheim-im-nationalsozialismus.de\/wp-content\/uploads\/2021\/08\/Norbert-Heumann-B_5.1_Abt_IV_0779-1280x913.jpg 1280w, https:\/\/nackenheim-im-nationalsozialismus.de\/wp-content\/uploads\/2021\/08\/Norbert-Heumann-B_5.1_Abt_IV_0779-1200x856.jpg 1200w, https:\/\/nackenheim-im-nationalsozialismus.de\/wp-content\/uploads\/2021\/08\/Norbert-Heumann-B_5.1_Abt_IV_0779-1980x1413.jpg 1980w\" data-sizes=\"auto\" loading=\"eager\">\n\t\t\t<\/div>\n<\/div>\n\t<figcaption class=\"vp-portfolio__item-overlay vp-portfolio__item-overlay-text-align-center\">\n\t\t<div class=\"vp-portfolio__item-meta-wrap vp-portfolio__custom-scrollbar\">\n\t\t\t\t<span\t\t class=\"vp-portfolio__item-meta\" \t>\n\t\n<h2 class=\"vp-portfolio__item-meta-title\">\n\tNorbert Heumann<\/h2>\n<\/span>\t\t<\/div>\n\t<\/figcaption>\n\t\t\t<\/figure>\n\t\t\t\t\t<\/div>\n\t\t\n<\/div>\n\n<div class=\"vp-portfolio__items-arrow vp-portfolio__items-arrow-prev\" tabindex=\"0\" role=\"button\" aria-label=\"Previous Slide\">\n\t\n<svg class=\"vp-svg-icon\" width=\"20\" height=\"20\" viewBox=\"0 0 20 20\" fill=\"none\" xmlns=\"http:\/\/www.w3.org\/2000\/svg\">\n\t<path d=\"M12 4L6 10L12 16\" stroke=\"currentColor\" stroke-width=\"1.5\" stroke-linecap=\"round\" stroke-linejoin=\"round\" fill=\"transparent\" \/>\n<\/svg>\n<\/div>\n<div class=\"vp-portfolio__items-arrow vp-portfolio__items-arrow-next\" tabindex=\"0\" role=\"button\" aria-label=\"Next Slide\">\n\t\n<svg class=\"vp-svg-icon\" width=\"20\" height=\"20\" viewBox=\"0 0 20 20\" fill=\"none\" xmlns=\"http:\/\/www.w3.org\/2000\/svg\">\n\t<path d=\"M8 4L14 10L8 16\" stroke=\"currentColor\" stroke-width=\"1.5\" stroke-linecap=\"round\" stroke-linejoin=\"round\" fill=\"transparent\" \/>\n<\/svg>\n<\/div>\n\t\t<\/div>\n\t\t\n<\/div>\n<\/div>\n\n\n<p class=\"has-secondary-color has-text-color\" style=\"font-size:15px\"><strong>Quelle:<\/strong>&nbsp;<a rel=\"noreferrer noopener\" href=\"https:\/\/zentralarchiv-juden.de\/bestaende\/personenstandsregister\/archivaliensammlung-jued-gemeinde-frankfurt\/verzeichnis\/liste-der-personen\" target=\"_blank\">Zentralarchiv zur Erforschung der Geschichte der Juden in Deutschland; <\/a>Archivaliensammlung Frankfurt: Abteilung IV: Kennkarten, Mainz 1939.<\/p>\n\n\n\n<h5 class=\"alignfull has-text-align-center has-secondary-color has-background-background-color has-text-color has-background wp-block-heading\">Antisemitische Propaganda in der regionalen Presse am Beispiel der &#8222;Oppenheimer Landskrone&#8220; <br>(Landskrone, Oppenheimer Kreisblatt, amtliches Anzeigenblatt)<\/h5>\n\n\n\n<div class=\"wp-block-columns alignfull are-vertically-aligned-center is-layout-flex wp-container-core-columns-is-layout-2 wp-block-columns-is-layout-flex\">\n<div class=\"wp-block-column is-vertically-aligned-center is-layout-flow wp-block-column-is-layout-flow\" style=\"flex-basis:50%\">\n<div class=\"wp-block-image\"><figure class=\"aligncenter size-full\"><img loading=\"lazy\" decoding=\"async\" width=\"849\" height=\"714\" src=\"https:\/\/nackenheim-im-nationalsozialismus.de\/wp-content\/uploads\/2021\/08\/Landskrone_01.04.1933.png\" alt=\"\" class=\"wp-image-1174\" srcset=\"https:\/\/nackenheim-im-nationalsozialismus.de\/wp-content\/uploads\/2021\/08\/Landskrone_01.04.1933.png 849w, https:\/\/nackenheim-im-nationalsozialismus.de\/wp-content\/uploads\/2021\/08\/Landskrone_01.04.1933-300x252.png 300w, https:\/\/nackenheim-im-nationalsozialismus.de\/wp-content\/uploads\/2021\/08\/Landskrone_01.04.1933-768x646.png 768w, https:\/\/nackenheim-im-nationalsozialismus.de\/wp-content\/uploads\/2021\/08\/Landskrone_01.04.1933-500x420.png 500w, https:\/\/nackenheim-im-nationalsozialismus.de\/wp-content\/uploads\/2021\/08\/Landskrone_01.04.1933-800x673.png 800w\" sizes=\"(max-width: 849px) 100vw, 849px\" \/><figcaption>Antisemitische Anzeige in der &#8222;Oppenheimer Landskrone&#8220; vom 01. April 1933<\/figcaption><\/figure><\/div>\n<\/div>\n\n\n\n<div class=\"wp-block-column is-vertically-aligned-center is-layout-flow wp-block-column-is-layout-flow\" style=\"flex-basis:50%\">\n<div class=\"wp-block-group\"><div class=\"wp-block-group__inner-container is-layout-flow wp-block-group-is-layout-flow\">\n<div class=\"wp-block-image\"><figure class=\"aligncenter size-full is-resized\"><img loading=\"lazy\" decoding=\"async\" src=\"https:\/\/nackenheim-im-nationalsozialismus.de\/wp-content\/uploads\/2021\/08\/Bildschirmfoto-2021-08-30-um-17.33.59.png\" alt=\"\" class=\"wp-image-1175\" width=\"610\" height=\"321\" srcset=\"https:\/\/nackenheim-im-nationalsozialismus.de\/wp-content\/uploads\/2021\/08\/Bildschirmfoto-2021-08-30-um-17.33.59.png 694w, https:\/\/nackenheim-im-nationalsozialismus.de\/wp-content\/uploads\/2021\/08\/Bildschirmfoto-2021-08-30-um-17.33.59-300x158.png 300w, https:\/\/nackenheim-im-nationalsozialismus.de\/wp-content\/uploads\/2021\/08\/Bildschirmfoto-2021-08-30-um-17.33.59-500x264.png 500w\" sizes=\"(max-width: 610px) 100vw, 610px\" \/><figcaption><meta charset=\"utf-8\">Ausschnitt einer Meldung aus der &#8222;Oppenheimer Landskrone&#8220; vom 31. Oktober 1938<\/figcaption><\/figure><\/div>\n<\/div><\/div>\n<\/div>\n<\/div>\n\n\n\n<div class=\"wp-block-image\"><figure class=\"aligncenter size-full\"><img loading=\"lazy\" decoding=\"async\" width=\"466\" height=\"757\" src=\"https:\/\/nackenheim-im-nationalsozialismus.de\/wp-content\/uploads\/2021\/08\/Bildschirmfoto-2021-08-30-um-17.32.37.png\" alt=\"\" class=\"wp-image-1176\" srcset=\"https:\/\/nackenheim-im-nationalsozialismus.de\/wp-content\/uploads\/2021\/08\/Bildschirmfoto-2021-08-30-um-17.32.37.png 466w, https:\/\/nackenheim-im-nationalsozialismus.de\/wp-content\/uploads\/2021\/08\/Bildschirmfoto-2021-08-30-um-17.32.37-185x300.png 185w\" sizes=\"(max-width: 466px) 100vw, 466px\" \/><figcaption><meta charset=\"utf-8\">Besch\u00f6nigende und antisemitische Berichterstattung der &#8222;Oppenheimer Landskrone&#8220; vom 11. November 1938 zu den Novemberpogromen<\/figcaption><\/figure><\/div>\n\n\n\n<hr class=\"wp-block-separator is-style-default\"\/>\n\n\n\n<h3 class=\"alignfull has-text-align-center wp-block-heading\">Konsequenzen<\/h3>\n\n\n\n<p class=\"has-text-align-left\">Kurz vor den Novemberpogromen gelang der Familie Heumann im Oktober 1938 die Flucht aus Nackenheim in die USA. Wenige Wochen sp\u00e4ter titelte die &#8222;Oppenheimer Landskrone&#8220;, Nackenheim sei &#8222;judenfrei&#8220;. Tats\u00e4chlich waren jedoch zahlreiche aus Nackenheim stammende Familien in den vergangenen Jahren nach Mainz gezogen, um dort in der st\u00e4dtischen Anonymit\u00e4t dem Antisemitismus auf dem Land zu entfliehen. Zu den vor 1938 nach Mainz gezogenen Familien geh\u00f6rte die <a href=\"https:\/\/nackenheim-im-nationalsozialismus.de\/?page_id=323\" data-type=\"page\" data-id=\"323\">Familie Wolff<\/a>, das <a rel=\"noreferrer noopener\" href=\"https:\/\/nackenheim-im-nationalsozialismus.de\/?page_id=402\" data-type=\"page\" data-id=\"402\" target=\"_blank\">Ehepaar Sender<\/a>, das 1938 gemeinsam mit den Heumanns geflohene <a rel=\"noreferrer noopener\" href=\"https:\/\/nackenheim-im-nationalsozialismus.de\/?page_id=406\" data-type=\"page\" data-id=\"406\" target=\"_blank\">Ehepaar Hirschberg<\/a> sowie das Ehepaar <a rel=\"noreferrer noopener\" href=\"https:\/\/www.bundesarchiv.de\/gedenkbuch\/de864290\" target=\"_blank\">Amalie<\/a> und  <a rel=\"noreferrer noopener\" href=\"https:\/\/www.bundesarchiv.de\/gedenkbuch\/de864302\" target=\"_blank\">Josef Feiner<\/a> mit ihrer Tochter <a rel=\"noreferrer noopener\" href=\"https:\/\/www.bundesarchiv.de\/gedenkbuch\/de864314\" target=\"_blank\">Ruth<\/a>. Auch <a rel=\"noreferrer noopener\" href=\"https:\/\/www.bundesarchiv.de\/gedenkbuch\/de863203\" target=\"_blank\">Norbert Heumann<\/a> soll zeitweise in Nackenheim gelebt haben. <\/p>\n\n\n\n<p><strong>Wohnorte geb\u00fcrtiger Nackenheimer:innen in Mainz (1938)<\/strong><\/p>\n\n\n<div class=\"h5p-iframe-wrapper\"><iframe id=\"h5p-iframe-9\" class=\"h5p-iframe\" data-content-id=\"9\" style=\"height:1px\" src=\"about:blank\" frameBorder=\"0\" scrolling=\"no\" title=\"Open Street Map Mainz\"><\/iframe><\/div>\n\n\n\n<p>Den aufgef\u00fchrten Personen gelang trotz teilweise intensiver Bem\u00fchungen nach dem allgemeinen Ausreiseverbot von 1941 nicht mehr die Flucht aus dem Deutschen Reich. H\u00e4ufig mussten sie innerhalb von Mainz in sogenannte &#8222;Judenh\u00e4user&#8220; ziehen, so etwa das Ehepaar Wolff in Rheinallee und sp\u00e4ter in die Eleonorenstra\u00dfe nach Mainz-Kastel oder das Ehepaar Sender in die Kaiserstra\u00dfe. Am 20. M\u00e4rz 1942 wurden das Ehepaar Wolff, das Ehepaar Sender und die <a href=\"https:\/\/nackenheim-im-nationalsozialismus.de\/?page_id=1353\" data-type=\"page\" data-id=\"1353\" target=\"_blank\" rel=\"noreferrer noopener\">Familie Feiner<\/a> in die Turnhalle der Feldbergschule nach Mainz verbracht, von wo aus sie mit 460 weiteren Mainzer:innen \u00fcber Darmstadt in das Ghetto Piaski deportiert wurden. <\/p>\n\n\n\n<p>Die S\u00f6hne der Wolffs fl\u00fcchteten bereits 1937 und 1938 in die USA und pflegten mit ihren Eltern regen Briefkontakt. Herbert Wolff kehrte nach Kriegsende als Soldat der US-Army nach Nackenheim zur\u00fcck. In einem Brief an seinen Bruder Helmut vom 30. Juli 1945 berichtet er von den Erz\u00e4hlungen einer Nackenheimer Bekannten (<a rel=\"noreferrer noopener\" href=\"https:\/\/nackenheim-im-nationalsozialismus.de\/?page_id=346\" data-type=\"page\" data-id=\"346\" target=\"_blank\">Katharina Tr\u00fcdot<\/a>) \u00fcber ihren letzten Besuch des Ehepaares Wolff im M\u00e4rz 1942:<\/p>\n\n\n\n<blockquote class=\"wp-block-quote is-layout-flow wp-block-quote-is-layout-flow\"><p>Es scheint, dass unsere liebe Mutter sehr an Asthma litt und dass der liebe Vater stark abgenommen hatte. Sie haben unsere Bem\u00fchungen, sie aus Deutschland herauszuholen, sehr gelobt und sie haben die Hoffnung, uns eines Tages wiederzusehen nie aufgegeben. Wie du wei\u00dft, mussten sie zuerst in ein Judenhaus in der Rheinallee umziehen und dann nach Kastel in die Eleonorenstra\u00dfe, wo sie nur ein kleines Zimmer hatten und eine K\u00fcche zusammen mit anderen Personen, die j\u00fcdisch waren, aber vorgaben, die englische Staatsangeh\u00f6rigkeit zu besitzen. (&#8230;) Wie ich schon sagte, Frl. Trito besuchte sie dort, gerade nachdem sie vor ein paar Tagen dorthin umgezogen waren. Sie hatten noch nicht ausgepackt, da sie schon eine Ahnung hatten, was passieren w\u00fcrde, denn zuvor wurden bereits andere Leute aus Mainz deportiert. Als Frl. Trito drei Tage sp\u00e4ter wiederkam, waren sie schon weg und ihr Zimmer war von der Gestapo versiegelt worden. Diese englische Frau erz\u00e4hlte Frl. Trito, dass die Gestapo sie einen Tag zuvor mitgenommen hatten, nachdem sie dies ein paar Stunden vorher angek\u00fcndigt hatten. Unsere Eltern seien als wahre Helden gegangen und Mutter habe gesagt: \u201e<em>Vielleicht komme ich jetzt wohin, wo ich f\u00fcr andere kochen kann und werde es vielleicht wieder etwas bekommen<\/em>\u201c. Und Vater sagte: \u201e<em>Ich werde aushalten, ich muss meine Buwe noch einmal sehen<\/em>\u201c. Das war das letzte Mal, dass irgendjemand in Deutschland von ihnen geh\u00f6rt hat.<\/p><cite>zit. n. Wolff, Raymond; Graf, Martina; Graf, Hans-Dieter; Berkessel, Hans: Schreie auf Papier. Oppenheim, 2021.<\/cite><\/blockquote>\n\n\n\n<figure class=\"wp-block-image alignwide size-large\"><img loading=\"lazy\" decoding=\"async\" width=\"1024\" height=\"724\" src=\"https:\/\/nackenheim-im-nationalsozialismus.de\/wp-content\/uploads\/2021\/08\/DeportationenIII-1024x724.png\" alt=\"\" class=\"wp-image-1155\" srcset=\"https:\/\/nackenheim-im-nationalsozialismus.de\/wp-content\/uploads\/2021\/08\/DeportationenIII-1024x724.png 1024w, https:\/\/nackenheim-im-nationalsozialismus.de\/wp-content\/uploads\/2021\/08\/DeportationenIII-300x212.png 300w, https:\/\/nackenheim-im-nationalsozialismus.de\/wp-content\/uploads\/2021\/08\/DeportationenIII-768x543.png 768w, https:\/\/nackenheim-im-nationalsozialismus.de\/wp-content\/uploads\/2021\/08\/DeportationenIII-1536x1086.png 1536w, https:\/\/nackenheim-im-nationalsozialismus.de\/wp-content\/uploads\/2021\/08\/DeportationenIII-500x354.png 500w, https:\/\/nackenheim-im-nationalsozialismus.de\/wp-content\/uploads\/2021\/08\/DeportationenIII-800x566.png 800w, https:\/\/nackenheim-im-nationalsozialismus.de\/wp-content\/uploads\/2021\/08\/DeportationenIII-1280x905.png 1280w, https:\/\/nackenheim-im-nationalsozialismus.de\/wp-content\/uploads\/2021\/08\/DeportationenIII-1920x1357.png 1920w, https:\/\/nackenheim-im-nationalsozialismus.de\/wp-content\/uploads\/2021\/08\/DeportationenIII-1200x848.png 1200w, https:\/\/nackenheim-im-nationalsozialismus.de\/wp-content\/uploads\/2021\/08\/DeportationenIII-1980x1400.png 1980w, https:\/\/nackenheim-im-nationalsozialismus.de\/wp-content\/uploads\/2021\/08\/DeportationenIII.png 2000w\" sizes=\"(max-width: 1024px) 100vw, 1024px\" \/><\/figure>\n\n\n\n<figure class=\"wp-block-image size-large\"><img loading=\"lazy\" decoding=\"async\" width=\"746\" height=\"1024\" src=\"https:\/\/nackenheim-im-nationalsozialismus.de\/wp-content\/uploads\/2021\/08\/Theresienstadt-September-1942-746x1024.jpeg\" alt=\"\" class=\"wp-image-1178\" srcset=\"https:\/\/nackenheim-im-nationalsozialismus.de\/wp-content\/uploads\/2021\/08\/Theresienstadt-September-1942-746x1024.jpeg 746w, https:\/\/nackenheim-im-nationalsozialismus.de\/wp-content\/uploads\/2021\/08\/Theresienstadt-September-1942-219x300.jpeg 219w, https:\/\/nackenheim-im-nationalsozialismus.de\/wp-content\/uploads\/2021\/08\/Theresienstadt-September-1942-768x1054.jpeg 768w, https:\/\/nackenheim-im-nationalsozialismus.de\/wp-content\/uploads\/2021\/08\/Theresienstadt-September-1942-500x686.jpeg 500w, https:\/\/nackenheim-im-nationalsozialismus.de\/wp-content\/uploads\/2021\/08\/Theresienstadt-September-1942.jpeg 786w\" sizes=\"(max-width: 746px) 100vw, 746px\" \/><figcaption>Auszug aus einer Deportationsliste aus Mainz, die im Stadtarchiv Mainz erhalten ist. <strong>(Quelle: Stadtarchiv Mainz, NL Oppenheim Nr. 51, 21c).<\/strong> Online sind die Deportationslisten ebenfalls einsehbar \u00fcber: <a rel=\"noreferrer noopener\" href=\"https:\/\/www.statistik-des-holocaust.de\/\" target=\"_blank\">www.statistik-des-holocaust.de<\/a><\/figcaption><\/figure>\n\n\n\n<p><\/p>\n","protected":false},"excerpt":{"rendered":"<p>Ein Beitrag von Lehrer:innen des Gymnasiums Nackenheim Antisemitismus vor 1933 Auszug aus einen Aufsatz des Historikers Elmar Rettinger zur Situation der J\u00fcdinnen und Juden in Mainz und Umgebung Ende des 19. Jahrhunderts Nachdem der allgemeine wirtschaftliche Aufschwung der 50er und 60er Jahre der 19. Jahrhunderts zu einer Beruhigung gef\u00fchrt hatte, war das Ende des Jahrhunderts [&hellip;]<\/p>\n","protected":false},"author":1,"featured_media":0,"parent":0,"menu_order":0,"comment_status":"closed","ping_status":"closed","template":"","meta":{"_vp_format_video_url":"","_vp_image_focal_point":[],"footnotes":""},"_links":{"self":[{"href":"https:\/\/nackenheim-im-nationalsozialismus.de\/index.php?rest_route=\/wp\/v2\/pages\/225"}],"collection":[{"href":"https:\/\/nackenheim-im-nationalsozialismus.de\/index.php?rest_route=\/wp\/v2\/pages"}],"about":[{"href":"https:\/\/nackenheim-im-nationalsozialismus.de\/index.php?rest_route=\/wp\/v2\/types\/page"}],"author":[{"embeddable":true,"href":"https:\/\/nackenheim-im-nationalsozialismus.de\/index.php?rest_route=\/wp\/v2\/users\/1"}],"replies":[{"embeddable":true,"href":"https:\/\/nackenheim-im-nationalsozialismus.de\/index.php?rest_route=%2Fwp%2Fv2%2Fcomments&post=225"}],"version-history":[{"count":73,"href":"https:\/\/nackenheim-im-nationalsozialismus.de\/index.php?rest_route=\/wp\/v2\/pages\/225\/revisions"}],"predecessor-version":[{"id":2131,"href":"https:\/\/nackenheim-im-nationalsozialismus.de\/index.php?rest_route=\/wp\/v2\/pages\/225\/revisions\/2131"}],"wp:attachment":[{"href":"https:\/\/nackenheim-im-nationalsozialismus.de\/index.php?rest_route=%2Fwp%2Fv2%2Fmedia&parent=225"}],"curies":[{"name":"wp","href":"https:\/\/api.w.org\/{rel}","templated":true}]}}