{"id":253,"date":"2021-07-15T12:11:07","date_gmt":"2021-07-15T12:11:07","guid":{"rendered":"https:\/\/nackenheim-im-nationalsozialismus.de\/?page_id=253"},"modified":"2021-11-12T11:13:47","modified_gmt":"2021-11-12T11:13:47","slug":"fastnacht","status":"publish","type":"page","link":"https:\/\/nackenheim-im-nationalsozialismus.de\/?page_id=253","title":{"rendered":"Fastnacht"},"content":{"rendered":"\n<p class=\"has-text-align-center has-accent-color has-text-color\"><strong>Ein Beitrag von Sch\u00fcler:innen der MSS11<\/strong><\/p>\n\n\n<div class=\"h5p-iframe-wrapper\"><iframe id=\"h5p-iframe-11\" class=\"h5p-iframe\" data-content-id=\"11\" style=\"height:1px\" src=\"about:blank\" frameBorder=\"0\" scrolling=\"no\" title=\"Nackenheim im Nationalsozialismus - Fastnacht und Feste\"><\/iframe><\/div>\n\n\n\n<h4 class=\"wp-block-heading\"><strong>Das Jahr 1933: Fastnacht<\/strong><\/h4>\n\n\n\n<p class=\"has-drop-cap\">Dreizehn Jahre nach der Gr\u00fcndung der NSDAP (im Jahre 1920) kam Adolf Hitler 1933 an die Macht und verwandelt die Demokratie der Weimarer Republik in eine Diktatur. Schon seit dem Jahr der &#8222;Macht\u00fcbernahme&#8220; beeinflusst die Nationalsozialistische Deutsche Arbeiterpartei nahezu alle Bereiche der Politik, der Presse, dem Sport, der Bildung und die von vielem weiteren Lebens- und Gesellschaftsbereichen. Auch das Fest der Fastnacht wurde dabei von den Nationalsozialisten nicht unbeeinflusst gelassen. Durch diverseste T\u00e4tigkeiten, wie zum Beispiel das Beeinflussen der Presse oder das Gestalten von antisemitischen Wagen auf Umz\u00fcgen, wurde den Menschen auch bei einem (eigentlichen) Fest der Fr\u00f6hlichkeit die NS-Ideologie eingebrannt.<\/p>\n\n\n\n<p>Die Geschichte der Fastnacht im Nationalsozialismus startet in Nackenheim mit Quellen aus dem Jahr 1933, dem Jahr in welchem die NSDAP an die Macht kam. Wie schon im obigen Text erw\u00e4hnt, fanden bereits in diesem Jahr \u00dcbergriffe der NSDAP auf die Fastnacht statt.<\/p>\n\n\n<div class=\"h5p-iframe-wrapper\"><iframe id=\"h5p-iframe-10\" class=\"h5p-iframe\" data-content-id=\"10\" style=\"height:1px\" src=\"about:blank\" frameBorder=\"0\" scrolling=\"no\" title=\"Oppenheimer Landskrone, 17.02.1933\"><\/iframe><\/div>\n\n\n\n<p class=\"has-small-font-size\"><strong>Quelle:<\/strong> <em>Oppenheimer Landskrone<\/em> vom 17. Februar 1933<\/p>\n\n\n\n<p>In der oben beigef\u00fcgten Quelle ist, bezogen auf das Thema Fastnacht, ein Text \u00fcber den Maskenball des Radsportvereins in Nackenheim zu sehen. So erf\u00e4hrt man, dass es zwischen Sport und Fastnacht eine Verbindung gab. Wie heutzutage auch, feiern Sportvereine ihre eigenen Feste zusammen mit den Mitgliedern. Der Maskenball, um den es im Text geht, scheint sehr popul\u00e4r gewesen zu sein, denn auch der \u00c4ltestenrat des Nackenheimer Turnvereins besuchte ihn. Au\u00dferdem wurde bei jeglicher Darbietung laut geklatscht, was den Maskenball gelungen erscheinen l\u00e4sst, beziehungsweise die Zustimmung der Bev\u00f6lkerung hervorhebt.<\/p>\n\n\n\n<p>Man k\u00f6nnte nun \u00fcber den Fakt, dass die NSDAP Einfluss auf die Presse und die Fastnacht hatte verwundert sein, da in diesem Text kaum von der NSDAP und ihrer Ideologie zu lesen ist. Doch liest man den nachfolgenden Absatz, wird die Pr\u00e4senz der Partei deutlich, denn unmittelbar nach dem Absatz, der von der Fastnacht handelt, wird \u00fcber eine Versammlung der NSDAP in Guntersblum informiert. Die Worte \u201eVersammlung der NSDAP\u201c sind extra fett gedruckt, sodass sie dem Leser direkt ins Auge fallen, was selbstverst\u00e4ndlich zu einer Beeinflussung f\u00fchrt. Besonders auffallend ist hierbei die (Selbst-)Darstellung der antisemitischen Partei. Heutzutage ist allgemein bekannt, dass die NSDAP f\u00fcr alles andere als Frieden steht. Liest man jedoch den Text in der Quelle, so st\u00f6\u00dft man auf eine andere Beschreibung. Hier wird im Zusammenhang mit der Partei zweimal ganz deutlich das Wort \u201e<em>sittlich<\/em>\u201c verwendet. Das Thema der Versammlung lautet \u201e<em>Das sittliche Recht und die sittliche Kraft des Nationalsozialismus<\/em>\u201c. Obwohl der Nationalsozialismus eine Ideologie des Antisemitismus, des Rassismus und des Antikommunismus war, wurde er hier als \u201e<em>sittlich<\/em>\u201c bezeichnet. So kann man davon ausgehen, dass die Presse durch die \u201eGleichschaltung\u201c beeinflusst worden ist, den Text so zu verfassen. Auffallend ist auch, dass die Versammlung eine \u00f6ffentliche und somit f\u00fcr jeden zug\u00e4ngliche Versammlung ist. Dadurch wird jeder Zeitungsleser eingeladen, an ihr teilzunehmen. Spannend ist ebenfalls, dass allem Anschein nach auch die Kirche beeinflusst wurde. Der Text l\u00e4sst wissen, dass Pfarrer Knab aus Mainz- Gustavsburg eine Rede \u00fcber das Thema der Veranstaltung hielt.<\/p>\n\n\n\n<figure class=\"wp-block-gallery columns-2 wp-block-gallery-1 is-layout-flex wp-block-gallery-is-layout-flex\"><ul class=\"blocks-gallery-grid\"><li class=\"blocks-gallery-item\"><figure><img loading=\"lazy\" decoding=\"async\" width=\"982\" height=\"1024\" src=\"https:\/\/nackenheim-im-nationalsozialismus.de\/wp-content\/uploads\/2021\/10\/Quelle-2-Fastnacht-1-982x1024.jpg\" alt=\"\" data-id=\"1284\" data-full-url=\"https:\/\/nackenheim-im-nationalsozialismus.de\/wp-content\/uploads\/2021\/10\/Quelle-2-Fastnacht-1.jpg\" data-link=\"https:\/\/nackenheim-im-nationalsozialismus.de\/?attachment_id=1284\" class=\"wp-image-1284\" srcset=\"https:\/\/nackenheim-im-nationalsozialismus.de\/wp-content\/uploads\/2021\/10\/Quelle-2-Fastnacht-1-982x1024.jpg 982w, https:\/\/nackenheim-im-nationalsozialismus.de\/wp-content\/uploads\/2021\/10\/Quelle-2-Fastnacht-1-288x300.jpg 288w, https:\/\/nackenheim-im-nationalsozialismus.de\/wp-content\/uploads\/2021\/10\/Quelle-2-Fastnacht-1-768x801.jpg 768w, https:\/\/nackenheim-im-nationalsozialismus.de\/wp-content\/uploads\/2021\/10\/Quelle-2-Fastnacht-1-1473x1536.jpg 1473w, https:\/\/nackenheim-im-nationalsozialismus.de\/wp-content\/uploads\/2021\/10\/Quelle-2-Fastnacht-1-500x521.jpg 500w, https:\/\/nackenheim-im-nationalsozialismus.de\/wp-content\/uploads\/2021\/10\/Quelle-2-Fastnacht-1-800x834.jpg 800w, https:\/\/nackenheim-im-nationalsozialismus.de\/wp-content\/uploads\/2021\/10\/Quelle-2-Fastnacht-1-1280x1335.jpg 1280w, https:\/\/nackenheim-im-nationalsozialismus.de\/wp-content\/uploads\/2021\/10\/Quelle-2-Fastnacht-1-1200x1251.jpg 1200w, https:\/\/nackenheim-im-nationalsozialismus.de\/wp-content\/uploads\/2021\/10\/Quelle-2-Fastnacht-1.jpg 1870w\" sizes=\"(max-width: 982px) 100vw, 982px\" \/><figcaption class=\"blocks-gallery-item__caption\">Zeitungsanzeige in der Oppenheimer Landskrone vom  03. Februar 1933<\/figcaption><\/figure><\/li><li class=\"blocks-gallery-item\"><figure><img loading=\"lazy\" decoding=\"async\" width=\"1024\" height=\"843\" src=\"https:\/\/nackenheim-im-nationalsozialismus.de\/wp-content\/uploads\/2021\/10\/Quelle-3-Fastnacht-1024x843.jpg\" alt=\"\" data-id=\"1283\" data-full-url=\"https:\/\/nackenheim-im-nationalsozialismus.de\/wp-content\/uploads\/2021\/10\/Quelle-3-Fastnacht.jpg\" data-link=\"https:\/\/nackenheim-im-nationalsozialismus.de\/?attachment_id=1283\" class=\"wp-image-1283\" srcset=\"https:\/\/nackenheim-im-nationalsozialismus.de\/wp-content\/uploads\/2021\/10\/Quelle-3-Fastnacht-1024x843.jpg 1024w, https:\/\/nackenheim-im-nationalsozialismus.de\/wp-content\/uploads\/2021\/10\/Quelle-3-Fastnacht-300x247.jpg 300w, https:\/\/nackenheim-im-nationalsozialismus.de\/wp-content\/uploads\/2021\/10\/Quelle-3-Fastnacht-768x632.jpg 768w, https:\/\/nackenheim-im-nationalsozialismus.de\/wp-content\/uploads\/2021\/10\/Quelle-3-Fastnacht-1536x1265.jpg 1536w, https:\/\/nackenheim-im-nationalsozialismus.de\/wp-content\/uploads\/2021\/10\/Quelle-3-Fastnacht-2048x1686.jpg 2048w, https:\/\/nackenheim-im-nationalsozialismus.de\/wp-content\/uploads\/2021\/10\/Quelle-3-Fastnacht-500x412.jpg 500w, https:\/\/nackenheim-im-nationalsozialismus.de\/wp-content\/uploads\/2021\/10\/Quelle-3-Fastnacht-800x659.jpg 800w, https:\/\/nackenheim-im-nationalsozialismus.de\/wp-content\/uploads\/2021\/10\/Quelle-3-Fastnacht-1280x1054.jpg 1280w, https:\/\/nackenheim-im-nationalsozialismus.de\/wp-content\/uploads\/2021\/10\/Quelle-3-Fastnacht-1920x1581.jpg 1920w, https:\/\/nackenheim-im-nationalsozialismus.de\/wp-content\/uploads\/2021\/10\/Quelle-3-Fastnacht-1200x988.jpg 1200w, https:\/\/nackenheim-im-nationalsozialismus.de\/wp-content\/uploads\/2021\/10\/Quelle-3-Fastnacht-1980x1630.jpg 1980w\" sizes=\"(max-width: 1024px) 100vw, 1024px\" \/><figcaption class=\"blocks-gallery-item__caption\">Zeitungsanzeige in der Oppenheimer Landskrone vom 24. Februar 1933<\/figcaption><\/figure><\/li><\/ul><\/figure>\n\n\n\n<h4 class=\"wp-block-heading\"><strong>Das Jahr 1935: Fastnacht und Wein<\/strong><\/h4>\n\n\n\n<p>So wie in den Jahren zuvor stand auch 1935 die meenzerische Fastnacht vor der T\u00fcr. Deshalb schrieb der Verkehrsverein Mainz am 02.01.1935 ein Schreiben an die B\u00fcrgermeisterei Nackenheim. Dort informierte er diese \u00fcber den anstehenden Rosenmontagsumzug. Damit wie im Jahr zuvor ca. 150.00 Menschen und noch mehr kommen w\u00fcrden, waren ein paar Informationen n\u00f6tig. Der &#8222;spektakul\u00e4re Umzug&#8220; sollte mit Hilfe von Fernsehaufnahmen, Zeitungsberichten und Bildern dokumentiert werden. Wegen dieser Chance solle doch mithilfe lustiger und einfallsreicher W\u00e4gen und Gruppen, die am Zug teilnehmen, indirekt f\u00fcr den Weinbau der Region geworben werden. Der Mainzer e.V. erwartete, dass die Gemeinde Nackenheim mit einem Wagen teilnahm und hierbei auch Werbung f\u00fcr ihr Dorf machte. Diese Werbung musste jedoch \u201cwitzig\u201d und nicht \u201cb\u00e4uerlich\u201d gestaltet werden. Falls dies der Gemeinde nicht m\u00f6glich sei, so sollten Vorschl\u00e4ge vom e.V. genutzt werden. Die Teilnehmer mussten zwar die Kosten f\u00fcr die Musik, die Begleitmannschaft oder auch f\u00fcr die Pferde selbst zahlen, hatten somit jedoch eine gro\u00dfe Chance, Werbung f\u00fcr ihr Dorf und den dort produzierten Wein zu machen. Durch die Quelle wird klar, dass versucht wurde, die Fastnacht und auch Weinfeste zu politisieren. Das Auftreten der Presse alleine sorgte f\u00fcr mehr Teilnehmer:innen, beziehungsweise wurde so abgesichert, dass auch die Menschen zu Hause alles dar\u00fcber erfahren. Hierbei ist zu beachten, dass die Presse staatlich &#8222;gleichgeschaltet&#8220; war und so Artikel ver\u00e4ndert werden konnten, um ein bestimmtes, NS-freundliches Bild zu zeichnen.<\/p>\n\n\n\n<div class=\"wp-block-image\"><figure class=\"aligncenter size-large\"><img loading=\"lazy\" decoding=\"async\" width=\"1024\" height=\"653\" src=\"https:\/\/nackenheim-im-nationalsozialismus.de\/wp-content\/uploads\/2021\/10\/Bildschirmfoto-2021-10-31-um-18.03.39-1024x653.png\" alt=\"\" class=\"wp-image-1291\" srcset=\"https:\/\/nackenheim-im-nationalsozialismus.de\/wp-content\/uploads\/2021\/10\/Bildschirmfoto-2021-10-31-um-18.03.39-1024x653.png 1024w, https:\/\/nackenheim-im-nationalsozialismus.de\/wp-content\/uploads\/2021\/10\/Bildschirmfoto-2021-10-31-um-18.03.39-300x191.png 300w, https:\/\/nackenheim-im-nationalsozialismus.de\/wp-content\/uploads\/2021\/10\/Bildschirmfoto-2021-10-31-um-18.03.39-768x490.png 768w, https:\/\/nackenheim-im-nationalsozialismus.de\/wp-content\/uploads\/2021\/10\/Bildschirmfoto-2021-10-31-um-18.03.39-1536x979.png 1536w, https:\/\/nackenheim-im-nationalsozialismus.de\/wp-content\/uploads\/2021\/10\/Bildschirmfoto-2021-10-31-um-18.03.39-500x319.png 500w, https:\/\/nackenheim-im-nationalsozialismus.de\/wp-content\/uploads\/2021\/10\/Bildschirmfoto-2021-10-31-um-18.03.39-800x510.png 800w, https:\/\/nackenheim-im-nationalsozialismus.de\/wp-content\/uploads\/2021\/10\/Bildschirmfoto-2021-10-31-um-18.03.39-1280x816.png 1280w, https:\/\/nackenheim-im-nationalsozialismus.de\/wp-content\/uploads\/2021\/10\/Bildschirmfoto-2021-10-31-um-18.03.39-1200x765.png 1200w, https:\/\/nackenheim-im-nationalsozialismus.de\/wp-content\/uploads\/2021\/10\/Bildschirmfoto-2021-10-31-um-18.03.39.png 1652w\" sizes=\"(max-width: 1024px) 100vw, 1024px\" \/><figcaption><strong>Quelle: <\/strong>LA Sp. Best. U199,99<\/figcaption><\/figure><\/div>\n\n\n\n<p>Am 12.10.1935 sollte ein Rheinischer Abend stattfinden. Dieser wurde von der NS-Gemeinschaft \u201cKraft durch Freude\u201c veranstaltet und am darauffolgenden Tag sollte es ein Platzkonzert geben. Au\u00dferdem sollte es am 13.10.1935 um 13:45 Uhr einen Weinleseumzug geben. Im nachfolgenden Abschnitt wird der Laufweg des Zuges beschrieben und die Reihenfolge der W\u00e4gen oder Gruppen (z.B.: Wappentr\u00e4ger, Musikkapelle, Turnverein, \u2026). Au\u00dferdem sollte dort \u201e<em>weinfrohe Stimmung herrschen<\/em>\u201c. Die meisten dieser W\u00e4gen trugen Weinbegriffe in sich.&nbsp;<\/p>\n\n\n\n<div class=\"wp-block-image\"><figure class=\"aligncenter size-large\"><img loading=\"lazy\" decoding=\"async\" width=\"758\" height=\"1024\" src=\"https:\/\/nackenheim-im-nationalsozialismus.de\/wp-content\/uploads\/2021\/10\/Bildschirmfoto-2021-10-31-um-18.06.49-758x1024.png\" alt=\"\" class=\"wp-image-1292\" srcset=\"https:\/\/nackenheim-im-nationalsozialismus.de\/wp-content\/uploads\/2021\/10\/Bildschirmfoto-2021-10-31-um-18.06.49-758x1024.png 758w, https:\/\/nackenheim-im-nationalsozialismus.de\/wp-content\/uploads\/2021\/10\/Bildschirmfoto-2021-10-31-um-18.06.49-222x300.png 222w, https:\/\/nackenheim-im-nationalsozialismus.de\/wp-content\/uploads\/2021\/10\/Bildschirmfoto-2021-10-31-um-18.06.49-768x1037.png 768w, https:\/\/nackenheim-im-nationalsozialismus.de\/wp-content\/uploads\/2021\/10\/Bildschirmfoto-2021-10-31-um-18.06.49-1137x1536.png 1137w, https:\/\/nackenheim-im-nationalsozialismus.de\/wp-content\/uploads\/2021\/10\/Bildschirmfoto-2021-10-31-um-18.06.49-500x675.png 500w, https:\/\/nackenheim-im-nationalsozialismus.de\/wp-content\/uploads\/2021\/10\/Bildschirmfoto-2021-10-31-um-18.06.49-800x1080.png 800w, https:\/\/nackenheim-im-nationalsozialismus.de\/wp-content\/uploads\/2021\/10\/Bildschirmfoto-2021-10-31-um-18.06.49-1200x1621.png 1200w, https:\/\/nackenheim-im-nationalsozialismus.de\/wp-content\/uploads\/2021\/10\/Bildschirmfoto-2021-10-31-um-18.06.49.png 1204w\" sizes=\"(max-width: 758px) 100vw, 758px\" \/><figcaption><strong>Quelle: <\/strong>LA Sp. Best. U199,99<\/figcaption><\/figure><\/div>\n\n\n\n<p>Man erkennt an den genannten Punkten, dass der Wein zu dieser Zeit definitiv als nationalsozialistisches Propagandamittel genutzt wurde, um f\u00fcr die Region zu werben.<\/p>\n\n\n\n<p>Am 15.11.1935 erhielt die B\u00fcrgermeisterei Nackenheim einen erneuten Brief, diesmal jedoch von der Deutschen Arbeitsfront des Kreises Oppenheim. Der Kreis wollte die Gebiete um Mainz herum f\u00fcr Wanderer erschlie\u00dfen und bat somit um Unterlagen, wo z.B. Burgen, Ruinen, Quellen oder Naturdenkm\u00e4ler zu finden waren.<\/p>\n\n\n\n<p>Dies war auch eine Art, f\u00fcr die Region und m\u00f6glicherweise auch den Wein zu werben, da Wanderer auch \u00f6fters in Weinstuben einkehrten.<\/p>\n\n\n\n<h4 class=\"wp-block-heading\"><strong>Das Jahr 1936: Fastnacht<\/strong> und Wein<\/h4>\n\n\n\n<p>Anfang des Jahres 1936 befand sich die Weingemeinde Nackenheim in einer finanziellen Notlage. Somit war der gro\u00dfe Rosenmontagsumzug 1936 in Mainz gestrichen und sie konnten nicht, wie die Jahre zuvor, Weinwerbung machen. Denn der Weinbau war damals die gro\u00dfe Grundlage der Wirtschaft und ohne die Werbung auf dem Zug gab es kaum neue Kunden und somit auch weniger Geld.<\/p>\n\n\n\n<div class=\"wp-block-image\"><figure class=\"aligncenter size-large\"><img loading=\"lazy\" decoding=\"async\" width=\"1024\" height=\"703\" src=\"https:\/\/nackenheim-im-nationalsozialismus.de\/wp-content\/uploads\/2021\/10\/Bildschirmfoto-2021-10-31-um-17.51.06-1024x703.png\" alt=\"\" class=\"wp-image-1288\" srcset=\"https:\/\/nackenheim-im-nationalsozialismus.de\/wp-content\/uploads\/2021\/10\/Bildschirmfoto-2021-10-31-um-17.51.06-1024x703.png 1024w, https:\/\/nackenheim-im-nationalsozialismus.de\/wp-content\/uploads\/2021\/10\/Bildschirmfoto-2021-10-31-um-17.51.06-300x206.png 300w, https:\/\/nackenheim-im-nationalsozialismus.de\/wp-content\/uploads\/2021\/10\/Bildschirmfoto-2021-10-31-um-17.51.06-768x527.png 768w, https:\/\/nackenheim-im-nationalsozialismus.de\/wp-content\/uploads\/2021\/10\/Bildschirmfoto-2021-10-31-um-17.51.06-1536x1054.png 1536w, https:\/\/nackenheim-im-nationalsozialismus.de\/wp-content\/uploads\/2021\/10\/Bildschirmfoto-2021-10-31-um-17.51.06-500x343.png 500w, https:\/\/nackenheim-im-nationalsozialismus.de\/wp-content\/uploads\/2021\/10\/Bildschirmfoto-2021-10-31-um-17.51.06-800x549.png 800w, https:\/\/nackenheim-im-nationalsozialismus.de\/wp-content\/uploads\/2021\/10\/Bildschirmfoto-2021-10-31-um-17.51.06-1280x879.png 1280w, https:\/\/nackenheim-im-nationalsozialismus.de\/wp-content\/uploads\/2021\/10\/Bildschirmfoto-2021-10-31-um-17.51.06-1200x824.png 1200w, https:\/\/nackenheim-im-nationalsozialismus.de\/wp-content\/uploads\/2021\/10\/Bildschirmfoto-2021-10-31-um-17.51.06.png 1610w\" sizes=\"(max-width: 1024px) 100vw, 1024px\" \/><figcaption><strong>Quelle: <\/strong>LA Sp. Best. U199, 99.<\/figcaption><\/figure><\/div>\n\n\n\n<p>Die Gemeinde Nackenheim plante nun am 6. September 1936, ein Winzerfest zu veranstalten. Jedoch stellte sich schnell heraus, dass auch dieses Fest wegen eines katholischen Feiertags nicht stattfinden konnte. Das gro\u00dfe Rhein-Mainische Winzerfest war nun die letzte Chance f\u00fcr Nackenheim, um Werbung f\u00fcr Weine zu machen. Das Winzerfest fand statt am 30. August 1936 statt, H\u00f6hepunkt war ein gro\u00dfer Festzug, wie man ihn von den Fastnachtsumz\u00fcgen kannte. Nackenheims Ziel war es nun, mindestens einen Wagen zu stellen. Sie mussten alles zeigen und f\u00fcr Nackenheim und ihre Weine werben. Der Wagen sollte au\u00dferdem in der vordersten Reihe stehen. Doch auch das schaffte Nackenheim ohne finanzielle Unterst\u00fctzung und Helfer nicht.<\/p>\n\n\n\n<p><strong>Quellen: <\/strong>Briefverkehr der Gemeinde Nackenheim zu Fastnachts- und Festaktivit\u00e4ten in Nackenheim im Jahr 1935\/36 (LA Sp. U199,99)<\/p>\n\n\n\n<p class=\"has-secondary-color has-text-color\"><strong>Mehr zum Thema &#8222;Wein&#8220; im Nationalsozialismus findet sich auch unter folgendem <a rel=\"noreferrer noopener\" href=\"https:\/\/nackenheim-im-nationalsozialismus.de\/?page_id=251\" data-type=\"page\" data-id=\"251\" target=\"_blank\">Link<\/a>.<\/strong><\/p>\n\n\n\n<h4 class=\"wp-block-heading\"><strong>Das Jahr 1937: Fastnacht<\/strong> <strong>und andere Feste<\/strong><\/h4>\n\n\n\n<div class=\"wp-block-image\"><figure class=\"aligncenter size-large\"><img loading=\"lazy\" decoding=\"async\" width=\"752\" height=\"1024\" src=\"https:\/\/nackenheim-im-nationalsozialismus.de\/wp-content\/uploads\/2021\/10\/Bildschirmfoto-2021-10-31-um-18.20.48-752x1024.png\" alt=\"\" class=\"wp-image-1296\" srcset=\"https:\/\/nackenheim-im-nationalsozialismus.de\/wp-content\/uploads\/2021\/10\/Bildschirmfoto-2021-10-31-um-18.20.48-752x1024.png 752w, https:\/\/nackenheim-im-nationalsozialismus.de\/wp-content\/uploads\/2021\/10\/Bildschirmfoto-2021-10-31-um-18.20.48-220x300.png 220w, https:\/\/nackenheim-im-nationalsozialismus.de\/wp-content\/uploads\/2021\/10\/Bildschirmfoto-2021-10-31-um-18.20.48-768x1045.png 768w, https:\/\/nackenheim-im-nationalsozialismus.de\/wp-content\/uploads\/2021\/10\/Bildschirmfoto-2021-10-31-um-18.20.48-1129x1536.png 1129w, https:\/\/nackenheim-im-nationalsozialismus.de\/wp-content\/uploads\/2021\/10\/Bildschirmfoto-2021-10-31-um-18.20.48-500x681.png 500w, https:\/\/nackenheim-im-nationalsozialismus.de\/wp-content\/uploads\/2021\/10\/Bildschirmfoto-2021-10-31-um-18.20.48-800x1089.png 800w, https:\/\/nackenheim-im-nationalsozialismus.de\/wp-content\/uploads\/2021\/10\/Bildschirmfoto-2021-10-31-um-18.20.48-1200x1633.png 1200w, https:\/\/nackenheim-im-nationalsozialismus.de\/wp-content\/uploads\/2021\/10\/Bildschirmfoto-2021-10-31-um-18.20.48.png 1202w\" sizes=\"(max-width: 752px) 100vw, 752px\" \/><figcaption><strong>Quelle:<\/strong> LA Sp. Best. U199,99 (Schreiben vom 11. Juni 1937)<\/figcaption><\/figure><\/div>\n\n\n\n<div class=\"wp-block-image\"><figure class=\"aligncenter size-large\"><img loading=\"lazy\" decoding=\"async\" width=\"1024\" height=\"656\" src=\"https:\/\/nackenheim-im-nationalsozialismus.de\/wp-content\/uploads\/2021\/10\/Bildschirmfoto-2021-10-31-um-18.20.24-1024x656.png\" alt=\"\" class=\"wp-image-1297\" srcset=\"https:\/\/nackenheim-im-nationalsozialismus.de\/wp-content\/uploads\/2021\/10\/Bildschirmfoto-2021-10-31-um-18.20.24-1024x656.png 1024w, https:\/\/nackenheim-im-nationalsozialismus.de\/wp-content\/uploads\/2021\/10\/Bildschirmfoto-2021-10-31-um-18.20.24-300x192.png 300w, https:\/\/nackenheim-im-nationalsozialismus.de\/wp-content\/uploads\/2021\/10\/Bildschirmfoto-2021-10-31-um-18.20.24-768x492.png 768w, https:\/\/nackenheim-im-nationalsozialismus.de\/wp-content\/uploads\/2021\/10\/Bildschirmfoto-2021-10-31-um-18.20.24-500x320.png 500w, https:\/\/nackenheim-im-nationalsozialismus.de\/wp-content\/uploads\/2021\/10\/Bildschirmfoto-2021-10-31-um-18.20.24-800x512.png 800w, https:\/\/nackenheim-im-nationalsozialismus.de\/wp-content\/uploads\/2021\/10\/Bildschirmfoto-2021-10-31-um-18.20.24-1200x768.png 1200w, https:\/\/nackenheim-im-nationalsozialismus.de\/wp-content\/uploads\/2021\/10\/Bildschirmfoto-2021-10-31-um-18.20.24.png 1215w\" sizes=\"(max-width: 1024px) 100vw, 1024px\" \/><figcaption><strong>Quelle:<\/strong> LA Sp. Best. U199,99 (Schreiben vom 30. September 1937)<\/figcaption><\/figure><\/div>\n\n\n\n<p>Aus den Quellen geht hervor, wie das NS-Regime die Fastnachtszeit und andere Feste wie \u00f6ffentliche Wettbewerbe als Propagandamittel nutzte. Dadurch konnten den Menschen politische Einstellungen auch unterbewusst eingepr\u00e4gt werden.<\/p>\n\n\n\n<p>Die Gemeinde Nackenheim wurde durch den Verkehrsausschuss der Gemeinde dazu beauftragt, einen Blumenwettbewerb zu veranstalten. Dies geht aus einer Quelle vom 11. Juni 1937 hervor, in der auch der weitere Ablauf des Wettbewerbs beschrieben wird. Der Wettbewerb sah vor, dass die B\u00fcrger:innen ihre H\u00e4user schm\u00fcckten und somit insgesamt Nackenheim versch\u00f6nern sollten. Um zur Teilnahme anzuregen wurde versichert, dass durch die Teilnahme \u201ckeine versteckten Kosten\u201d anfallen und man sich nur in der Liste des B\u00fcrgermeisters eintragen m\u00fcsse. Es wurde sich eine m\u00f6glichst hohe Teilnahmequote von alt und jung gew\u00fcnscht, weiterhin wurde festgehalten, wer sich an dem Wettbewerb beteiligt hatte. Der Wettbewerb kam mit einer Preisverleihung am Erntedankfest zu seinem Ende. Die Teilnahme an der Preisverleihung war f\u00fcr die Mitglieder des Verkehrsausschusses verpflichtend.<\/p>\n\n\n\n<p>Die offensichtliche Folge des Blumenwettbewerbs war, dass die Gemeinde bunt geschm\u00fcckt war. Durch die Zusage, dass der Wettbewerb v\u00f6llig kostenfrei sei, bestand eine h\u00f6here Anregung zur Teilnahme am Wettbewerb, sodass Jede:r an diesem teilnehmen konnte und sollte.&nbsp;Dadurch sollte die sogenannte, nationalsozialistische \u201eVolksgemeinschaft\u201c gezielt gest\u00e4rkt werden.<\/p>\n\n\n\n<p>Jedoch wurden mit dem Wettbewerb auch Propagandazwecke verfolgt. Dies wird deutlich, wenn man bedenkt, dass die Teilnahme \u201c<em>empfohlen<\/em>\u201d wurde, was im Endeffekt nur eine h\u00f6fliche, nicht ablehnbare Aufforderung war. In der Quelle wird weiterhin deutlich, dass auch schon Kinder an dem Wettbewerb teilnehmen sollten, wodurch klar wird, dass alle Altersstufen der Bev\u00f6lkerung einbezogen, aber auch manipuliert und beeinflusst werden sollten.<\/p>\n\n\n\n<h4 class=\"wp-block-heading\"><strong>Das Jahr 1938: Fastnacht<\/strong><\/h4>\n\n\n\n<p><em>25.01.1938:<\/em><\/p>\n\n\n\n<p>Die erste Sitzung der Entenbr\u00fcder war ein Triumph der Narrheit. Es gab ein Er\u00f6ffnungsspiel, verschiedene Vortr\u00e4ge und ein Zwiegespr\u00e4ch. W\u00e4hrend der Unterhaltung waren die G\u00e4ste laut Zeitungsbericht hochgespannt, freudig und beschrieben den Verlauf als sehr gelungen.&nbsp;(Quelle: Zeitungsartikel der Oppenheimer Landskrone)<\/p>\n\n\n\n<p><em>05.02.1938:<\/em><\/p>\n\n\n\n<p>Es wird zu einer karnevalistischen Sitzung mit Tanz um 20:11 Uhr in W\u00f6rrstadt eingeladen. Geworben wird mit Rheinischem Frohsinn, B\u00fcttenreden und \u00dcberraschungen. Der Eintritt liegt bei 30 Rpf. (Quelle: Zeitungsartikel der Oppenheimer Landskrone)<\/p>\n\n\n\n<p><em>26.02.1938:<\/em><\/p>\n\n\n\n<p>Um 20:11 Uhr gibt es einen gro\u00dfen Preismaskenball, mit gro\u00dfartigen Preisen, wie eine Reise in den Schwarzwald, nach Heidelberg oder in den Odenwald (insg.: sechs Reisen). Im Vorverkauf kosten die Karten 60 Pfennig, beim Abendkaffee 80 Pfennige. Der Besitz einer Karte inkludiert das Tanzen in beiden S\u00e4len.&nbsp;(Quelle: Zeitungsartikel der Oppenheimer Landskrone)<\/p>\n\n\n\n<p><em>28.02.1938:<\/em><\/p>\n\n\n\n<p>Die Entenbr\u00fcder verabschieden die Fastnachtssaison in Nackenheim mit einem Umzug um 16:11 Uhr mit dem Komitee und den Mitgliedern. Hinzu kommt noch der Maskenball um 20:11 Uhr im \u201eSchiff\u201c. Es herrscht ein gro\u00dfes Maskentreiben und gute Stimmung, auch bei den Turnern. Au\u00dferdem gibt es auch f\u00fcr die Kleinen einen Kindermaskenball um 14:11 Uhr, f\u00fcr den in der Zeitung geworben wird. Die Tickets kosten 20 Pfennige und jeder Besucher erh\u00e4lt ein karnevalistisches Geschenk. (Quelle: Zeitungsartikel der Oppenheimer Landskrone)<\/p>\n\n\n\n<div class=\"wp-block-image\"><figure class=\"aligncenter size-large\"><img loading=\"lazy\" decoding=\"async\" width=\"1024\" height=\"463\" src=\"https:\/\/nackenheim-im-nationalsozialismus.de\/wp-content\/uploads\/2021\/10\/Landskrone-25.02.1938-fastnacht_1-1024x463.jpg\" alt=\"\" class=\"wp-image-1293\" srcset=\"https:\/\/nackenheim-im-nationalsozialismus.de\/wp-content\/uploads\/2021\/10\/Landskrone-25.02.1938-fastnacht_1-1024x463.jpg 1024w, https:\/\/nackenheim-im-nationalsozialismus.de\/wp-content\/uploads\/2021\/10\/Landskrone-25.02.1938-fastnacht_1-300x136.jpg 300w, https:\/\/nackenheim-im-nationalsozialismus.de\/wp-content\/uploads\/2021\/10\/Landskrone-25.02.1938-fastnacht_1-768x347.jpg 768w, https:\/\/nackenheim-im-nationalsozialismus.de\/wp-content\/uploads\/2021\/10\/Landskrone-25.02.1938-fastnacht_1-1536x694.jpg 1536w, https:\/\/nackenheim-im-nationalsozialismus.de\/wp-content\/uploads\/2021\/10\/Landskrone-25.02.1938-fastnacht_1-2048x925.jpg 2048w, https:\/\/nackenheim-im-nationalsozialismus.de\/wp-content\/uploads\/2021\/10\/Landskrone-25.02.1938-fastnacht_1-500x226.jpg 500w, https:\/\/nackenheim-im-nationalsozialismus.de\/wp-content\/uploads\/2021\/10\/Landskrone-25.02.1938-fastnacht_1-800x361.jpg 800w, https:\/\/nackenheim-im-nationalsozialismus.de\/wp-content\/uploads\/2021\/10\/Landskrone-25.02.1938-fastnacht_1-1280x578.jpg 1280w, https:\/\/nackenheim-im-nationalsozialismus.de\/wp-content\/uploads\/2021\/10\/Landskrone-25.02.1938-fastnacht_1-1920x868.jpg 1920w, https:\/\/nackenheim-im-nationalsozialismus.de\/wp-content\/uploads\/2021\/10\/Landskrone-25.02.1938-fastnacht_1-1200x542.jpg 1200w, https:\/\/nackenheim-im-nationalsozialismus.de\/wp-content\/uploads\/2021\/10\/Landskrone-25.02.1938-fastnacht_1-1980x895.jpg 1980w\" sizes=\"(max-width: 1024px) 100vw, 1024px\" \/><figcaption>Werbeanzeige in der &#8222;Oppenheimer Landskrone&#8220; vom 24. Februar 1938<\/figcaption><\/figure><\/div>\n\n\n\n<h4 class=\"wp-block-heading\"><strong>Unser Fazit<\/strong><\/h4>\n\n\n\n<blockquote class=\"wp-block-quote is-style-default is-layout-flow wp-block-quote-is-layout-flow\"><p>\u201c<em>Das Fest intensiviert, was im Alltag reduziert wird, der Alltag wiederum braucht, was im Fest suspendiert wird.<\/em>\u201c<\/p><cite><p>zit. n. Markus Raasch: &#8222;Grunds\u00e4tzliche \u00dcberlegungen&#8220;, in: Kissener, Michael; Janson, Felicitas (Hrsg.):<em> Die Fastnacht der nationalsozialistischen &#8222;Volksgemeinschaft&#8220;. Studien zu Mainz und anderen Regionen. <\/em>Oppenheim, 2020, S. 19. <\/p><\/cite><\/blockquote>\n\n\n\n<p>Zusammenfassend kann man sagen, dass Fastnacht damals sowie auch heute Jede:n erreichte, ob jung und alt, arm und reich. Alle sozialen Gruppen konnten bei diesem und anderen Festen zusammentreffen. Alleine dadurch, dass s\u00e4mtliche Veranstaltungen entweder kostenfrei oder sehr billig waren, wurde jedem\/ jeder die M\u00f6glichkeit geboten, an dem Fest teilzunehmen. Durch die Teilnahme von vielen Menschen auch aus verschiedenen Gesellschaftsgruppen, sorgte die Fastnacht f\u00fcr ein Gef\u00fchl der Gemeinschaft, da (fast) keiner ausgenommen war. Somit st\u00e4rkte die Fastnacht die sogenannte \u201eVolksgemeinschaft\u201c und brachte dem Regime gegen\u00fcber Sympathien und Vertrauen auf. Ebenfalls benutzen die Nationalsozialisten:innen damals auch \u201eVolkslieder\u201c etc., um unterbewusst den B\u00fcrger:innen jegliche Art von Diskriminierung zu lehren. Des Weiteren diente die Fastnacht auch zur \u201eLegitimation\u201c von Antisemitismus, Rassismus, Fremdenfeindlichkeit, Ableismus und weiteren Formen von Diskriminierungen. Die Diskriminierung von Menschen sollte in dem Fall als Witz oder Unterhaltung dienen, jedoch pr\u00e4gte man so B\u00fcrger:innen bewusst den eigentlichen Gedanken des Ausschlusses bestimmter Gruppen ein. Durch diese Herangehensweisen konnten auch schon Kinder und Jugendliche beeinflusst werden, die sich dieses Verhalten von den Erwachsenen abschauten und lernten, dass es v\u00f6llig in Ordung ist, Andere als vermeintlich \u201cminderwertig\u201d zu sehen.&nbsp;&nbsp;Au\u00dferdem entsteht durch eine solche \u201eLegitimation\u201c eine gewisse Gruppendynamik, das hei\u00dft, um es umgangssprachlich auszudr\u00fccken, \u201cwenn der sich dr\u00fcber lustig macht, dann darf ich das auch\u201d.<\/p>\n\n\n\n<p>Somit wurden junge und \u00e4ltere Menschen in ihrer politischen Urteilsbildung instrumentalisiert und manipuliert.<\/p>\n\n\n\n<p>Fastnacht ist kein Freifahrtschein f\u00fcr Antisemitismus, Rassismus, Fremdenfeindlichkeit, Ableismus, Homophobie oder sonst jegliche Art von Diskriminierung. Es war damals nicht legitim, genau so wie es heute nicht legitim ist und es auch nicht in der Zukunft sein wird.<\/p>\n\n\n\n<hr class=\"wp-block-separator is-style-default\"\/>\n\n\n\n<h4 class=\"wp-block-heading\">&#8230;Leerstellen in der Erinnerung?<\/h4>\n\n\n\n<blockquote class=\"wp-block-quote is-layout-flow wp-block-quote-is-layout-flow\"><p>Nach 1945, (&#8230;) sei die Zeit des Nationalsozialismus in Mainz \u201eentweder nur gestreift, oft sogar v\u00f6llig ausgeklammert\u201c worden. Auch f\u00fcr die D\u00f6rfer vor den Toren von Mainz wie Nackenheim gelte, dass die Jahre von 1933 bis 1945 \u201ein den Vereinschroniken und Festschriften nur selten oder \u00fcberhaupt nicht erw\u00e4hnt\u201c w\u00fcrden.<\/p><cite>zit. n. Scholtyseck, Joachim: &#8222;<strong>Eine gewisse Stille\u201c? Die Aufarbeitung der NS-Vergangenheit der Mainzer Fastnacht<\/strong>, in: Kissener, Michael; Janson, Felicitas (Hrsg.):<em> Die Fastnacht der nationalsozialistischen &#8222;Volksgemeinschaft&#8220;. Studien zu Mainz und anderen Regionen. <\/em>Oppenheim, 2020, S. 124.<\/cite><\/blockquote>\n\n\n\n<div class=\"wp-block-image\"><figure class=\"aligncenter size-large is-resized\"><img loading=\"lazy\" decoding=\"async\" src=\"https:\/\/nackenheim-im-nationalsozialismus.de\/wp-content\/uploads\/2021\/11\/Bildschirmfoto-2021-11-12-um-12.04.45-697x1024.png\" alt=\"\" class=\"wp-image-1694\" width=\"349\" height=\"512\" srcset=\"https:\/\/nackenheim-im-nationalsozialismus.de\/wp-content\/uploads\/2021\/11\/Bildschirmfoto-2021-11-12-um-12.04.45-697x1024.png 697w, https:\/\/nackenheim-im-nationalsozialismus.de\/wp-content\/uploads\/2021\/11\/Bildschirmfoto-2021-11-12-um-12.04.45-204x300.png 204w, https:\/\/nackenheim-im-nationalsozialismus.de\/wp-content\/uploads\/2021\/11\/Bildschirmfoto-2021-11-12-um-12.04.45-768x1128.png 768w, https:\/\/nackenheim-im-nationalsozialismus.de\/wp-content\/uploads\/2021\/11\/Bildschirmfoto-2021-11-12-um-12.04.45-500x734.png 500w, https:\/\/nackenheim-im-nationalsozialismus.de\/wp-content\/uploads\/2021\/11\/Bildschirmfoto-2021-11-12-um-12.04.45-800x1175.png 800w, https:\/\/nackenheim-im-nationalsozialismus.de\/wp-content\/uploads\/2021\/11\/Bildschirmfoto-2021-11-12-um-12.04.45.png 929w\" sizes=\"(max-width: 349px) 100vw, 349px\" \/><figcaption>Zeichnung einer Sch\u00fclerin der MSS11<\/figcaption><\/figure><\/div>\n\n\n\n<p><em>Die Maske ist nur eine Art Fassade f\u00fcr die Grausamkeit, die eigentlich hinter ihr steckt. Die Sch\u00f6nheit des Festes hat Makel, durch die das Regime zum Vorschein kommen kann, wenn man nur genauer darauf achtet. Das Auge zeigt eine Spiegelung der eigentlich offensichtlichen Realit\u00e4t, wof\u00fcr die Fastnacht im Nationalsozialismus ausgenutzt wurde.<\/em><\/p>\n\n\n\n<p class=\"has-secondary-color has-text-color\"><strong>Unsere Ideen zur F\u00fcllung von &#8222;Leerstellen&#8220; in der Erinnerung zum Thema Fastnacht finden sich unter folgendem <a rel=\"noreferrer noopener\" href=\"https:\/\/nackenheim-im-nationalsozialismus.de\/?page_id=143\" data-type=\"page\" data-id=\"143\" target=\"_blank\">Link<\/a>.<\/strong><\/p>\n\n\n\n<p><strong>Weiterf\u00fchrende Literatur:<\/strong><\/p>\n\n\n\n<ul><li>Kissener, Michael; Janson, Felicitas (Hrsg.):<em> Die Fastnacht der nationalsozialistischen &#8222;Volksgemeinschaft&#8220;. Studien zu Mainz und anderen Regionen. <\/em>Oppenheim, 2020.<\/li><li>Berkessel, Hans; Dold, Cornelia (Hrsg.):<em> \u201eWir waren zun\u00e4chst mal froh, dass wir noch lebten.\u201c<\/em>&nbsp;Die Erinnerungen Walter Gr\u00fcnfelds an seine Kindheit und&nbsp;Jugend in Mainz. Bad Schwalbach, 2021.<\/li><\/ul>\n","protected":false},"excerpt":{"rendered":"<p>Ein Beitrag von Sch\u00fcler:innen der MSS11 Das Jahr 1933: Fastnacht Dreizehn Jahre nach der Gr\u00fcndung der NSDAP (im Jahre 1920) kam Adolf Hitler 1933 an die Macht und verwandelt die Demokratie der Weimarer Republik in eine Diktatur. Schon seit dem Jahr der &#8222;Macht\u00fcbernahme&#8220; beeinflusst die Nationalsozialistische Deutsche Arbeiterpartei nahezu alle Bereiche der Politik, der Presse, [&hellip;]<\/p>\n","protected":false},"author":1,"featured_media":0,"parent":0,"menu_order":0,"comment_status":"closed","ping_status":"closed","template":"","meta":{"_vp_format_video_url":"","_vp_image_focal_point":[],"footnotes":""},"_links":{"self":[{"href":"https:\/\/nackenheim-im-nationalsozialismus.de\/index.php?rest_route=\/wp\/v2\/pages\/253"}],"collection":[{"href":"https:\/\/nackenheim-im-nationalsozialismus.de\/index.php?rest_route=\/wp\/v2\/pages"}],"about":[{"href":"https:\/\/nackenheim-im-nationalsozialismus.de\/index.php?rest_route=\/wp\/v2\/types\/page"}],"author":[{"embeddable":true,"href":"https:\/\/nackenheim-im-nationalsozialismus.de\/index.php?rest_route=\/wp\/v2\/users\/1"}],"replies":[{"embeddable":true,"href":"https:\/\/nackenheim-im-nationalsozialismus.de\/index.php?rest_route=%2Fwp%2Fv2%2Fcomments&post=253"}],"version-history":[{"count":28,"href":"https:\/\/nackenheim-im-nationalsozialismus.de\/index.php?rest_route=\/wp\/v2\/pages\/253\/revisions"}],"predecessor-version":[{"id":1700,"href":"https:\/\/nackenheim-im-nationalsozialismus.de\/index.php?rest_route=\/wp\/v2\/pages\/253\/revisions\/1700"}],"wp:attachment":[{"href":"https:\/\/nackenheim-im-nationalsozialismus.de\/index.php?rest_route=%2Fwp%2Fv2%2Fmedia&parent=253"}],"curies":[{"name":"wp","href":"https:\/\/api.w.org\/{rel}","templated":true}]}}